{"id":6068,"date":"2018-04-30T10:30:46","date_gmt":"2018-04-30T10:30:46","guid":{"rendered":"https:\/\/entrepueblos.org\/noticias\/"},"modified":"2018-08-15T10:46:51","modified_gmt":"2018-08-15T10:46:51","slug":"berriak","status":"publish","type":"page","link":"https:\/\/www.herriarte.org\/repositoriweb\/berriak\/","title":{"rendered":"BERRIAK"},"content":{"rendered":"<div id='av_section_1'  class='avia-section main_color avia-section-default avia-no-border-styling  avia-full-stretch av-parallax-section av-section-color-overlay-active avia-bg-style-parallax  avia-builder-el-0  el_before_av_section  avia-builder-el-first  header-section  av-small-hide av-mini-hide av-minimum-height av-minimum-height-custom  container_wrap sidebar_right' style=' '  data-section-bg-repeat='stretch'><div class='av-parallax' data-avia-parallax-ratio='0.3' ><div class='av-parallax-inner main_color  avia-full-stretch' style = 'background-repeat: no-repeat; background-image: url(https:\/\/www.herriarte.org\/repositoriweb\/wp-content\/uploads\/2018\/05\/marcha-angeles-contra-impunida0039.jpg);background-attachment: scroll; background-position: center center; ' ><\/div><\/div><div class='av-section-color-overlay-wrap'><div class='av-section-color-overlay' style='opacity: 0.7; background-color: #3f3f3f; '><\/div><div class='container' style='height:400px'><main  role=\"main\" itemprop=\"mainContentOfPage\"  class='template-page content  av-content-small alpha units'><div class='post-entry post-entry-type-page post-entry-6068'><div class='entry-content-wrapper clearfix'>\n<div class=\"flex_column av_one_full  flex_column_div av-zero-column-padding first  avia-builder-el-1  avia-builder-el-no-sibling  title-ot \" style='border-radius:0px; '><section class=\"av_textblock_section \"  itemscope=\"itemscope\" itemtype=\"https:\/\/schema.org\/CreativeWork\" ><div class='avia_textblock ot-title av_inherit_color '  style='color:#ffffff; '  itemprop=\"text\" ><h2 style=\"text-align: center;\">BERRIAK AMAITZEN DITUZU<\/h2>\n<\/div><\/section><\/div>\n\n<\/div><\/div><\/main><!-- close content main element --><\/div><\/div><\/div><div id='av_section_2'  class='avia-section main_color avia-section-default avia-no-border-styling  avia-full-stretch av-parallax-section av-section-color-overlay-active avia-bg-style-parallax  avia-builder-el-3  el_after_av_section  el_before_av_one_full  header-section-mobile  av-desktop-hide av-medium-hide av-minimum-height av-minimum-height-custom  container_wrap sidebar_right' style=' '  data-section-bg-repeat='stretch'><div class='av-parallax' data-avia-parallax-ratio='0.3' ><div class='av-parallax-inner main_color  avia-full-stretch' style = 'background-repeat: no-repeat; background-image: url(https:\/\/www.herriarte.org\/repositoriweb\/wp-content\/uploads\/2018\/05\/marcha-angeles-contra-impunida0039.jpg);background-attachment: scroll; background-position: center center; ' ><\/div><\/div><div class='av-section-color-overlay-wrap'><div class='av-section-color-overlay' style='opacity: 0.7; background-color: #3f3f3f; '><\/div><div class='container' style='height:350px'><div class='template-page content  av-content-small alpha units'><div class='post-entry post-entry-type-page post-entry-6068'><div class='entry-content-wrapper clearfix'>\n<div class=\"flex_column av_one_full  flex_column_div av-zero-column-padding first  avia-builder-el-4  avia-builder-el-no-sibling  title-ot-mobile \" style='border-radius:0px; '><section class=\"av_textblock_section \"  itemscope=\"itemscope\" itemtype=\"https:\/\/schema.org\/CreativeWork\" ><div class='avia_textblock text-title-mobile av_inherit_color '  style='color:#ffffff; '  itemprop=\"text\" ><h2 style=\"text-align: center;\">BERRIAK AMAITZEN DITUZU<\/h2>\n<\/div><\/section><\/div>\n<\/div><\/div><\/div><!-- close content main div --><\/div><\/div><\/div><div id='after_section_2'  class='main_color av_default_container_wrap container_wrap sidebar_right' style=' '  ><div class='container' ><div class='template-page content  av-content-small alpha units'><div class='post-entry post-entry-type-page post-entry-6068'><div class='entry-content-wrapper clearfix'>\n<div class=\"flex_column av_one_full  flex_column_div av-zero-column-padding first  avia-builder-el-6  el_after_av_section  avia-builder-el-no-sibling  \" style='border-radius:0px; '><p><br \/>\n<div  class='av-alb-blogposts template-blog  av-blog-meta-author-disabled av-blog-meta-comments-disabled first-news-page '  itemscope=\"itemscope\" itemtype=\"https:\/\/schema.org\/Blog\" ><article class='post-entry post-entry-type-standard post-entry-43497 post-loop-1 post-parity-odd post-entry-last single-big post with-slider post-43497 news type-news status-publish has-post-thumbnail hentry category-berriak'  itemscope=\"itemscope\" itemtype=\"https:\/\/schema.org\/CreativeWork\" ><div class=\"big-preview single-big\"><a href=\"https:\/\/www.herriarte.org\/repositoriweb\/news\/gracias-chon-por-este-caminar-compartido-la-verdadera-grandeza-no-hace-ruido-solo-deja-huella\/\" title=\"Gracias Chon por este caminar compartido: La verdadera grandeza no hace ruido, s\u00f3lo deja huella.\"><img loading=\"lazy\" decoding=\"async\" width=\"445\" height=\"375\" src=\"https:\/\/www.herriarte.org\/repositoriweb\/wp-content\/uploads\/2025\/08\/photo_2025-08-05-16.46.52-445x375.jpeg\" class=\"wp-image-43493 avia-img-lazy-loading-43493 attachment-noticia_grande size-noticia_grande wp-post-image\" alt=\"\" \/><\/a><\/div><div class='blog-meta'><\/div><div class='entry-content-wrapper clearfix standard-content'><header class=\"entry-content-header\"><h2 class='post-title entry-title '  itemprop=\"headline\" >\t<a href='https:\/\/www.herriarte.org\/repositoriweb\/news\/gracias-chon-por-este-caminar-compartido-la-verdadera-grandeza-no-hace-ruido-solo-deja-huella\/' rel='bookmark' title='Permanent Link: Gracias Chon por este caminar compartido: La verdadera grandeza no hace ruido, s\u00f3lo deja huella.'>Gracias Chon por este caminar compartido: La verdadera grandeza no hace ruido, s\u00f3lo deja huella.\t\t\t<span class='post-format-icon minor-meta'><\/span>\t<\/a><\/h2><span class='post-meta-infos'><time class='date-container minor-meta updated'  itemprop=\"datePublished\" datetime=\"2025-08-05T14:49:47+00:00\" >5 Abuztua, 2025<\/time><span class='text-sep text-sep-date'>\/<\/span><span class=\"blog-categories minor-meta\"><a href=\"https:\/\/www.herriarte.org\/repositoriweb\/category\/berriak\/\" rel=\"tag\">Berriak<\/a> <\/span><span class=\"text-sep text-sep-cat\">\/<\/span><span class=\"blog-author minor-meta\">by <span class=\"entry-author-link\"  itemprop=\"author\" ><span class=\"vcard author\"><span class=\"fn\"><a href=\"https:\/\/www.herriarte.org\/repositoriweb\/author\/edita\/\" title=\"Posts by Edita\" rel=\"author\">Edita<\/a><\/span><\/span><\/span><\/span><\/span><\/header><div class=\"entry-content\"  itemprop=\"text\" ><p>El 3 de agosto nos ha dejado nuestra compa\u00f1era y amiga, Ascensi\u00f3n Redondo, Chon, que nos ha acompa\u00f1ado desde la creaci\u00f3n de Entrepueblos \u2013 Entrepobles\u2026<\/p>\n<div class=\"read-more-link\"><a href=\"https:\/\/www.herriarte.org\/repositoriweb\/news\/gracias-chon-por-este-caminar-compartido-la-verdadera-grandeza-no-hace-ruido-solo-deja-huella\/\" class=\"more-link\">Jarraitu irakurtzen<span class=\"more-link-arrow\">  &rarr;<\/span><\/a><\/div>\n<\/div><footer class=\"entry-footer\"><\/footer><div class='post_delimiter'><\/div><\/div><div class='post_author_timeline'><\/div><\/article><\/div><br \/>\n<div  data-autoplay=''  data-interval='5'  data-animation='fade'  data-show_slide_delay='90'  class='avia-content-slider avia-content-grid-active avia-content-slider1 avia-content-slider-even  news-page news-second section_load_ajax '  itemscope=\"itemscope\" itemtype=\"https:\/\/schema.org\/Blog\" ><div class='avia-content-slider-inner'><div class='slide-entry-wrap'><article class='slide-entry flex_column  post-entry post-entry-43086 slide-entry-overview slide-loop-1 slide-parity-odd  av_one_half first real-thumbnail'  itemscope=\"itemscope\" itemtype=\"https:\/\/schema.org\/CreativeWork\" ><a href='https:\/\/www.herriarte.org\/repositoriweb\/news\/temps-daccio-transicions-ecosocials-feministes\/' data-rel='slide-1' class='slide-image' title=''><img loading=\"lazy\" decoding=\"async\" width=\"440\" height=\"250\" src=\"https:\/\/www.herriarte.org\/repositoriweb\/wp-content\/uploads\/2025\/06\/transicionsecosocials-440x250.png\" class=\"wp-image-43095 avia-img-lazy-loading-43095 attachment-noticia size-noticia wp-post-image\" alt=\"\" srcset=\"https:\/\/www.herriarte.org\/repositoriweb\/wp-content\/uploads\/2025\/06\/transicionsecosocials-440x250.png 440w, https:\/\/www.herriarte.org\/repositoriweb\/wp-content\/uploads\/2025\/06\/transicionsecosocials-300x169.png 300w\" sizes=\"auto, (max-width: 440px) 100vw, 440px\" \/><\/a><div class='slide-content'><header class=\"entry-content-header\"><h3 class='slide-entry-title entry-title'  itemprop=\"headline\" ><a href='https:\/\/www.herriarte.org\/repositoriweb\/news\/temps-daccio-transicions-ecosocials-feministes\/' title='Temps d\u2019acci\u00f3 social: construint una transici\u00f3 ecosocial justa i feminista'>Temps d\u2019acci\u00f3 social: construint una transici\u00f3 ecosocial justa i feminista<\/a><\/h3><span class=\"av-vertical-delimiter\"><\/span><\/header><div class='slide-meta'><time class='slide-meta-time updated'  itemprop=\"datePublished\" datetime=\"2025-06-05T11:07:44+00:00\" >5 Ekaina, 2025<\/time><\/div><div class='slide-entry-excerpt entry-content'  itemprop=\"text\" ><div class=\"read-more-link\"><a href=\"https:\/\/www.herriarte.org\/repositoriweb\/news\/temps-daccio-transicions-ecosocials-feministes\/\" class=\"more-link\">Jarraitu irakurtzen<span class=\"more-link-arrow\"><\/span><\/a><\/div><\/div><\/div><footer class=\"entry-footer\"><\/footer><span class='hidden'>\n\t\t\t\t<span class='av-structured-data'  itemprop=\"image\" itemscope=\"itemscope\" itemtype=\"https:\/\/schema.org\/ImageObject\" >\n\t\t\t\t\t\t<span itemprop='url'>https:\/\/www.herriarte.org\/repositoriweb\/wp-content\/uploads\/2025\/06\/transicionsecosocials.png<\/span>\n\t\t\t\t\t\t<span itemprop='height'>900<\/span>\n\t\t\t\t\t\t<span itemprop='width'>1600<\/span>\n\t\t\t\t<\/span>\n\t\t\t\t<span class='av-structured-data'  itemprop=\"publisher\" itemtype=\"https:\/\/schema.org\/Organization\" itemscope=\"itemscope\" >\n\t\t\t\t\t\t<span itemprop='name'>Edita<\/span>\n\t\t\t\t\t\t<span itemprop='logo' itemscope itemtype='https:\/\/schema.org\/ImageObject'>\n\t\t\t\t\t\t\t<span itemprop='url'>https:\/\/entrepueblos.org\/wp-content\/uploads\/2018\/04\/Logo-entrepueblos-white156x136.png<\/span>\n\t\t\t\t\t\t <\/span>\n\t\t\t\t<\/span><span class='av-structured-data'  itemprop=\"author\" itemscope=\"itemscope\" itemtype=\"https:\/\/schema.org\/Person\" ><span itemprop='name'>Edita<\/span><\/span><span class='av-structured-data'  itemprop=\"datePublished\" datetime=\"2025-03-24T12:59:30+00:00\" >2025-06-05 11:07:44<\/span><span class='av-structured-data'  itemprop=\"dateModified\" itemtype=\"https:\/\/schema.org\/dateModified\" >2025-07-28 09:14:28<\/span><span class='av-structured-data'  itemprop=\"mainEntityOfPage\" itemtype=\"https:\/\/schema.org\/mainEntityOfPage\" ><span itemprop='name'>Temps d\u2019acci\u00f3 social: construint una transici\u00f3 ecosocial justa i feminista<\/span><\/span><\/span><\/article><article class='slide-entry flex_column  post-entry post-entry-42189 slide-entry-overview slide-loop-2 slide-parity-even  av_one_half  real-thumbnail'  itemscope=\"itemscope\" itemtype=\"https:\/\/schema.org\/CreativeWork\" ><a href='https:\/\/www.herriarte.org\/repositoriweb\/news\/estreno-en-abierto-las-caminantas-un-documental\/' data-rel='slide-1' class='slide-image' title=''><img loading=\"lazy\" decoding=\"async\" width=\"440\" height=\"250\" src=\"https:\/\/www.herriarte.org\/repositoriweb\/wp-content\/uploads\/2025\/03\/Lascaminantas_documental_entrepueblos-440x250.png\" class=\"wp-image-42161 avia-img-lazy-loading-42161 attachment-noticia size-noticia wp-post-image\" alt=\"\" srcset=\"https:\/\/www.herriarte.org\/repositoriweb\/wp-content\/uploads\/2025\/03\/Lascaminantas_documental_entrepueblos-440x250.png 440w, https:\/\/www.herriarte.org\/repositoriweb\/wp-content\/uploads\/2025\/03\/Lascaminantas_documental_entrepueblos-300x169.png 300w\" sizes=\"auto, (max-width: 440px) 100vw, 440px\" \/><\/a><div class='slide-content'><header class=\"entry-content-header\"><h3 class='slide-entry-title entry-title'  itemprop=\"headline\" ><a href='https:\/\/www.herriarte.org\/repositoriweb\/news\/estreno-en-abierto-las-caminantas-un-documental\/' title='Estreno en abierto: &quot;Las Caminantas&quot;, un documental sobre las trabajadoras del hogar y los cuidados'>Estreno en abierto: \"Las Caminantas\", un documental sobre las trabajadoras del hogar y los cuidados<\/a><\/h3><span class=\"av-vertical-delimiter\"><\/span><\/header><div class='slide-meta'><time class='slide-meta-time updated'  itemprop=\"datePublished\" datetime=\"2025-03-30T07:00:14+00:00\" >30 Martxoa, 2025<\/time><\/div><div class='slide-entry-excerpt entry-content'  itemprop=\"text\" ><div class=\"read-more-link\"><a href=\"https:\/\/www.herriarte.org\/repositoriweb\/news\/estreno-en-abierto-las-caminantas-un-documental\/\" class=\"more-link\">Jarraitu irakurtzen<span class=\"more-link-arrow\"><\/span><\/a><\/div><\/div><\/div><footer class=\"entry-footer\"><\/footer><span class='hidden'>\n\t\t\t\t<span class='av-structured-data'  itemprop=\"image\" itemscope=\"itemscope\" itemtype=\"https:\/\/schema.org\/ImageObject\" >\n\t\t\t\t\t\t<span itemprop='url'>https:\/\/www.herriarte.org\/repositoriweb\/wp-content\/uploads\/2025\/03\/Lascaminantas_documental_entrepueblos.png<\/span>\n\t\t\t\t\t\t<span itemprop='height'>621<\/span>\n\t\t\t\t\t\t<span itemprop='width'>1101<\/span>\n\t\t\t\t<\/span>\n\t\t\t\t<span class='av-structured-data'  itemprop=\"publisher\" itemtype=\"https:\/\/schema.org\/Organization\" itemscope=\"itemscope\" >\n\t\t\t\t\t\t<span itemprop='name'>Edita<\/span>\n\t\t\t\t\t\t<span itemprop='logo' itemscope itemtype='https:\/\/schema.org\/ImageObject'>\n\t\t\t\t\t\t\t<span itemprop='url'>https:\/\/entrepueblos.org\/wp-content\/uploads\/2018\/04\/Logo-entrepueblos-white156x136.png<\/span>\n\t\t\t\t\t\t <\/span>\n\t\t\t\t<\/span><span class='av-structured-data'  itemprop=\"author\" itemscope=\"itemscope\" itemtype=\"https:\/\/schema.org\/Person\" ><span itemprop='name'>Edita<\/span><\/span><span class='av-structured-data'  itemprop=\"datePublished\" datetime=\"2025-03-24T12:59:30+00:00\" >2025-03-30 07:00:14<\/span><span class='av-structured-data'  itemprop=\"dateModified\" itemtype=\"https:\/\/schema.org\/dateModified\" >2025-03-30 07:00:15<\/span><span class='av-structured-data'  itemprop=\"mainEntityOfPage\" itemtype=\"https:\/\/schema.org\/mainEntityOfPage\" ><span itemprop='name'>Estreno en abierto: &#8220;Las Caminantas&#8221;, un documental sobre las trabajadoras del hogar y los cuidados<\/span><\/span><\/span><\/article><\/div><div class='slide-entry-wrap'><article class='slide-entry flex_column  post-entry post-entry-42150 slide-entry-overview slide-loop-3 slide-parity-odd  av_one_half first real-thumbnail'  itemscope=\"itemscope\" itemtype=\"https:\/\/schema.org\/CreativeWork\" ><a href='https:\/\/www.herriarte.org\/repositoriweb\/news\/manifiesto-no-nos-resignamos-al-rearme-y-a-la-guerra-en-europa\/' data-rel='slide-1' class='slide-image' title=''><img loading=\"lazy\" decoding=\"async\" width=\"440\" height=\"250\" src=\"https:\/\/www.herriarte.org\/repositoriweb\/wp-content\/uploads\/2025\/03\/0257840ebea440fc92e3b36c5be3e479-440x250.jpg\" class=\"wp-image-42146 avia-img-lazy-loading-42146 attachment-noticia size-noticia wp-post-image\" alt=\"manifiesto\nrearme\ntrump\" \/><\/a><div class='slide-content'><header class=\"entry-content-header\"><h3 class='slide-entry-title entry-title'  itemprop=\"headline\" ><a href='https:\/\/www.herriarte.org\/repositoriweb\/news\/manifiesto-no-nos-resignamos-al-rearme-y-a-la-guerra-en-europa\/' title='Manifiesto &#039;No nos resignamos al rearme y a la guerra en Europa&#039;'>Manifiesto 'No nos resignamos al rearme y a la guerra en Europa'<\/a><\/h3><span class=\"av-vertical-delimiter\"><\/span><\/header><div class='slide-meta'><time class='slide-meta-time updated'  itemprop=\"datePublished\" datetime=\"2025-03-26T07:47:52+00:00\" >26 Martxoa, 2025<\/time><\/div><div class='slide-entry-excerpt entry-content'  itemprop=\"text\" ><div class=\"read-more-link\"><a href=\"https:\/\/www.herriarte.org\/repositoriweb\/news\/manifiesto-no-nos-resignamos-al-rearme-y-a-la-guerra-en-europa\/\" class=\"more-link\">Jarraitu irakurtzen<span class=\"more-link-arrow\"><\/span><\/a><\/div><\/div><\/div><footer class=\"entry-footer\"><\/footer><span class='hidden'>\n\t\t\t\t<span class='av-structured-data'  itemprop=\"image\" itemscope=\"itemscope\" itemtype=\"https:\/\/schema.org\/ImageObject\" >\n\t\t\t\t\t\t<span itemprop='url'>https:\/\/www.herriarte.org\/repositoriweb\/wp-content\/uploads\/2025\/03\/0257840ebea440fc92e3b36c5be3e479.jpg<\/span>\n\t\t\t\t\t\t<span itemprop='height'>279<\/span>\n\t\t\t\t\t\t<span itemprop='width'>512<\/span>\n\t\t\t\t<\/span>\n\t\t\t\t<span class='av-structured-data'  itemprop=\"publisher\" itemtype=\"https:\/\/schema.org\/Organization\" itemscope=\"itemscope\" >\n\t\t\t\t\t\t<span itemprop='name'>Edita<\/span>\n\t\t\t\t\t\t<span itemprop='logo' itemscope itemtype='https:\/\/schema.org\/ImageObject'>\n\t\t\t\t\t\t\t<span itemprop='url'>https:\/\/entrepueblos.org\/wp-content\/uploads\/2018\/04\/Logo-entrepueblos-white156x136.png<\/span>\n\t\t\t\t\t\t <\/span>\n\t\t\t\t<\/span><span class='av-structured-data'  itemprop=\"author\" itemscope=\"itemscope\" itemtype=\"https:\/\/schema.org\/Person\" ><span itemprop='name'>Edita<\/span><\/span><span class='av-structured-data'  itemprop=\"datePublished\" datetime=\"2025-03-24T12:59:30+00:00\" >2025-03-26 07:47:52<\/span><span class='av-structured-data'  itemprop=\"dateModified\" itemtype=\"https:\/\/schema.org\/dateModified\" >2025-03-26 13:53:01<\/span><span class='av-structured-data'  itemprop=\"mainEntityOfPage\" itemtype=\"https:\/\/schema.org\/mainEntityOfPage\" ><span itemprop='name'>Manifiesto &#8216;No nos resignamos al rearme y a la guerra en Europa&#8217;<\/span><\/span><\/span><\/article><article class='slide-entry flex_column  post-entry post-entry-42098 slide-entry-overview slide-loop-4 slide-parity-even  post-entry-last  av_one_half  real-thumbnail'  itemscope=\"itemscope\" itemtype=\"https:\/\/schema.org\/CreativeWork\" ><a href='https:\/\/www.herriarte.org\/repositoriweb\/news\/comunicado-el-sistema-de-cooperacion-internacional-peruano-en-peligro\/' data-rel='slide-1' class='slide-image' title=''><img loading=\"lazy\" decoding=\"async\" width=\"440\" height=\"250\" src=\"https:\/\/www.herriarte.org\/repositoriweb\/wp-content\/uploads\/2025\/03\/COMUNICADO-WEB-440x250.png\" class=\"wp-image-42094 avia-img-lazy-loading-42094 attachment-noticia size-noticia wp-post-image\" alt=\"\" srcset=\"https:\/\/www.herriarte.org\/repositoriweb\/wp-content\/uploads\/2025\/03\/COMUNICADO-WEB-440x250.png 440w, https:\/\/www.herriarte.org\/repositoriweb\/wp-content\/uploads\/2025\/03\/COMUNICADO-WEB-300x169.png 300w\" sizes=\"auto, (max-width: 440px) 100vw, 440px\" \/><\/a><div class='slide-content'><header class=\"entry-content-header\"><h3 class='slide-entry-title entry-title'  itemprop=\"headline\" ><a href='https:\/\/www.herriarte.org\/repositoriweb\/news\/comunicado-el-sistema-de-cooperacion-internacional-peruano-en-peligro\/' title='Comunicado: Alerta. El sistema de cooperaci\u00f3n internacional peruano, en peligro'>Comunicado: Alerta. El sistema de cooperaci\u00f3n internacional peruano, en peligro<\/a><\/h3><span class=\"av-vertical-delimiter\"><\/span><\/header><div class='slide-meta'><time class='slide-meta-time updated'  itemprop=\"datePublished\" datetime=\"2025-03-24T12:59:30+00:00\" >24 Martxoa, 2025<\/time><\/div><div class='slide-entry-excerpt entry-content'  itemprop=\"text\" ><div class=\"read-more-link\"><a href=\"https:\/\/www.herriarte.org\/repositoriweb\/news\/comunicado-el-sistema-de-cooperacion-internacional-peruano-en-peligro\/\" class=\"more-link\">Jarraitu irakurtzen<span class=\"more-link-arrow\"><\/span><\/a><\/div><\/div><\/div><footer class=\"entry-footer\"><\/footer><span class='hidden'>\n\t\t\t\t<span class='av-structured-data'  itemprop=\"image\" itemscope=\"itemscope\" itemtype=\"https:\/\/schema.org\/ImageObject\" >\n\t\t\t\t\t\t<span itemprop='url'>https:\/\/www.herriarte.org\/repositoriweb\/wp-content\/uploads\/2025\/03\/COMUNICADO-WEB.png<\/span>\n\t\t\t\t\t\t<span itemprop='height'>900<\/span>\n\t\t\t\t\t\t<span itemprop='width'>1600<\/span>\n\t\t\t\t<\/span>\n\t\t\t\t<span class='av-structured-data'  itemprop=\"publisher\" itemtype=\"https:\/\/schema.org\/Organization\" itemscope=\"itemscope\" >\n\t\t\t\t\t\t<span itemprop='name'>Edita<\/span>\n\t\t\t\t\t\t<span itemprop='logo' itemscope itemtype='https:\/\/schema.org\/ImageObject'>\n\t\t\t\t\t\t\t<span itemprop='url'>https:\/\/entrepueblos.org\/wp-content\/uploads\/2018\/04\/Logo-entrepueblos-white156x136.png<\/span>\n\t\t\t\t\t\t <\/span>\n\t\t\t\t<\/span><span class='av-structured-data'  itemprop=\"author\" itemscope=\"itemscope\" itemtype=\"https:\/\/schema.org\/Person\" ><span itemprop='name'>Edita<\/span><\/span><span class='av-structured-data'  itemprop=\"datePublished\" datetime=\"2025-03-24T12:59:30+00:00\" >2025-03-24 12:59:30<\/span><span class='av-structured-data'  itemprop=\"dateModified\" itemtype=\"https:\/\/schema.org\/dateModified\" >2025-03-24 13:02:52<\/span><span class='av-structured-data'  itemprop=\"mainEntityOfPage\" itemtype=\"https:\/\/schema.org\/mainEntityOfPage\" ><span itemprop='name'>Comunicado: Alerta. El sistema de cooperaci\u00f3n internacional peruano, en peligro<\/span><\/span><\/span><\/article><\/div><\/div><div class='pagination-wrap pagination-slider'><div><a href='https:\/\/www.herriarte.org\/repositoriweb\/wp-json\/wp\/v2\/pages\/6068\/page\/2\/' class='load-more'>GEHIAGO ERAKUSTEA<\/a><\/div><\/div><\/div><\/p><\/div>\n","protected":false},"excerpt":{"rendered":"","protected":false},"author":9,"featured_media":0,"parent":0,"menu_order":0,"comment_status":"closed","ping_status":"closed","template":"","meta":{"_acf_changed":false,"_price":"","_stock":"","_tribe_ticket_header":"","_tribe_default_ticket_provider":"","_tribe_ticket_capacity":"0","_ticket_start_date":"","_ticket_end_date":"","_tribe_ticket_show_description":"","_tribe_ticket_show_not_going":false,"_tribe_ticket_use_global_stock":"","_tribe_ticket_global_stock_level":"","_global_stock_mode":"","_global_stock_cap":"","_tribe_rsvp_for_event":"","_tribe_ticket_going_count":"","_tribe_ticket_not_going_count":"","_tribe_tickets_list":"[]","_tribe_ticket_has_attendee_info_fields":false,"footnotes":"","_tec_slr_enabled":"","_tec_slr_layout":""},"class_list":["post-6068","page","type-page","status-publish","hentry"],"acf":[],"yoast_head":"<!-- This site is optimized with the Yoast SEO plugin v25.0 - https:\/\/yoast.com\/wordpress\/plugins\/seo\/ -->\n<title>BERRIAK - Entrepueblos<\/title>\n<meta name=\"robots\" content=\"index, follow, max-snippet:-1, max-image-preview:large, max-video-preview:-1\" \/>\n<link rel=\"canonical\" href=\"https:\/\/www.herriarte.org\/repositoriweb\/berriak\/\" \/>\n<meta property=\"og:locale\" content=\"eu_ES\" \/>\n<meta property=\"og:type\" content=\"article\" \/>\n<meta property=\"og:title\" content=\"BERRIAK - Entrepueblos\" \/>\n<meta property=\"og:url\" content=\"https:\/\/www.herriarte.org\/repositoriweb\/berriak\/\" \/>\n<meta property=\"og:site_name\" content=\"Entrepueblos\" \/>\n<meta property=\"article:modified_time\" content=\"2018-08-15T10:46:51+00:00\" \/>\n<meta name=\"twitter:card\" content=\"summary_large_image\" \/>\n<meta name=\"twitter:label1\" content=\"Est. reading time\" \/>\n\t<meta name=\"twitter:data1\" content=\"3 minutes\" \/>\n<script type=\"application\/ld+json\" class=\"yoast-schema-graph\">{\"@context\":\"https:\/\/schema.org\",\"@graph\":[{\"@type\":\"WebPage\",\"@id\":\"https:\/\/www.herriarte.org\/repositoriweb\/berriak\/\",\"url\":\"https:\/\/www.herriarte.org\/repositoriweb\/berriak\/\",\"name\":\"BERRIAK - Entrepueblos\",\"isPartOf\":{\"@id\":\"https:\/\/www.entrepueblos.org\/repositoriweb\/#website\"},\"datePublished\":\"2018-04-30T10:30:46+00:00\",\"dateModified\":\"2018-08-15T10:46:51+00:00\",\"breadcrumb\":{\"@id\":\"https:\/\/www.herriarte.org\/repositoriweb\/berriak\/#breadcrumb\"},\"inLanguage\":\"eu-ES\",\"potentialAction\":[{\"@type\":\"ReadAction\",\"target\":[\"https:\/\/www.herriarte.org\/repositoriweb\/berriak\/\"]}]},{\"@type\":\"BreadcrumbList\",\"@id\":\"https:\/\/www.herriarte.org\/repositoriweb\/berriak\/#breadcrumb\",\"itemListElement\":[{\"@type\":\"ListItem\",\"position\":1,\"name\":\"Portada\",\"item\":\"https:\/\/www.herriarte.org\/repositoriweb\/\"},{\"@type\":\"ListItem\",\"position\":2,\"name\":\"BERRIAK\"}]},{\"@type\":\"WebSite\",\"@id\":\"https:\/\/www.entrepueblos.org\/repositoriweb\/#website\",\"url\":\"https:\/\/www.entrepueblos.org\/repositoriweb\/\",\"name\":\"Entrepueblos\",\"description\":\"Cooperaci\u00f3n pueblo a pueblo\",\"potentialAction\":[{\"@type\":\"SearchAction\",\"target\":{\"@type\":\"EntryPoint\",\"urlTemplate\":\"https:\/\/www.entrepueblos.org\/repositoriweb\/?s={search_term_string}\"},\"query-input\":{\"@type\":\"PropertyValueSpecification\",\"valueRequired\":true,\"valueName\":\"search_term_string\"}}],\"inLanguage\":\"eu-ES\"}]}<\/script>\n<!-- \/ Yoast SEO plugin. -->","yoast_head_json":{"title":"BERRIAK - Entrepueblos","robots":{"index":"index","follow":"follow","max-snippet":"max-snippet:-1","max-image-preview":"max-image-preview:large","max-video-preview":"max-video-preview:-1"},"canonical":"https:\/\/www.herriarte.org\/repositoriweb\/berriak\/","og_locale":"eu_ES","og_type":"article","og_title":"BERRIAK - Entrepueblos","og_url":"https:\/\/www.herriarte.org\/repositoriweb\/berriak\/","og_site_name":"Entrepueblos","article_modified_time":"2018-08-15T10:46:51+00:00","twitter_card":"summary_large_image","twitter_misc":{"Est. reading time":"3 minutes"},"schema":{"@context":"https:\/\/schema.org","@graph":[{"@type":"WebPage","@id":"https:\/\/www.herriarte.org\/repositoriweb\/berriak\/","url":"https:\/\/www.herriarte.org\/repositoriweb\/berriak\/","name":"BERRIAK - Entrepueblos","isPartOf":{"@id":"https:\/\/www.entrepueblos.org\/repositoriweb\/#website"},"datePublished":"2018-04-30T10:30:46+00:00","dateModified":"2018-08-15T10:46:51+00:00","breadcrumb":{"@id":"https:\/\/www.herriarte.org\/repositoriweb\/berriak\/#breadcrumb"},"inLanguage":"eu-ES","potentialAction":[{"@type":"ReadAction","target":["https:\/\/www.herriarte.org\/repositoriweb\/berriak\/"]}]},{"@type":"BreadcrumbList","@id":"https:\/\/www.herriarte.org\/repositoriweb\/berriak\/#breadcrumb","itemListElement":[{"@type":"ListItem","position":1,"name":"Portada","item":"https:\/\/www.herriarte.org\/repositoriweb\/"},{"@type":"ListItem","position":2,"name":"BERRIAK"}]},{"@type":"WebSite","@id":"https:\/\/www.entrepueblos.org\/repositoriweb\/#website","url":"https:\/\/www.entrepueblos.org\/repositoriweb\/","name":"Entrepueblos","description":"Cooperaci\u00f3n pueblo a pueblo","potentialAction":[{"@type":"SearchAction","target":{"@type":"EntryPoint","urlTemplate":"https:\/\/www.entrepueblos.org\/repositoriweb\/?s={search_term_string}"},"query-input":{"@type":"PropertyValueSpecification","valueRequired":true,"valueName":"search_term_string"}}],"inLanguage":"eu-ES"}]}},"ticketed":false,"_links":{"self":[{"href":"https:\/\/www.herriarte.org\/repositoriweb\/wp-json\/wp\/v2\/pages\/6068","targetHints":{"allow":["GET"]}}],"collection":[{"href":"https:\/\/www.herriarte.org\/repositoriweb\/wp-json\/wp\/v2\/pages"}],"about":[{"href":"https:\/\/www.herriarte.org\/repositoriweb\/wp-json\/wp\/v2\/types\/page"}],"author":[{"embeddable":true,"href":"https:\/\/www.herriarte.org\/repositoriweb\/wp-json\/wp\/v2\/users\/9"}],"replies":[{"embeddable":true,"href":"https:\/\/www.herriarte.org\/repositoriweb\/wp-json\/wp\/v2\/comments?post=6068"}],"version-history":[{"count":3,"href":"https:\/\/www.herriarte.org\/repositoriweb\/wp-json\/wp\/v2\/pages\/6068\/revisions"}],"predecessor-version":[{"id":6070,"href":"https:\/\/www.herriarte.org\/repositoriweb\/wp-json\/wp\/v2\/pages\/6068\/revisions\/6070"}],"wp:attachment":[{"href":"https:\/\/www.herriarte.org\/repositoriweb\/wp-json\/wp\/v2\/media?parent=6068"}],"curies":[{"name":"wp","href":"https:\/\/api.w.org\/{rel}","templated":true}]}}