{"id":6111,"date":"2018-05-02T18:26:56","date_gmt":"2018-05-02T18:26:56","guid":{"rendered":"https:\/\/entrepueblos.org\/cooperacion-solidaria\/"},"modified":"2018-10-18T10:25:22","modified_gmt":"2018-10-18T10:25:22","slug":"kooperazio-proiektuak","status":"publish","type":"page","link":"https:\/\/www.herriarte.org\/repositoriweb\/kooperazio-proiektuak\/","title":{"rendered":"KOOPERAZIO PROIEKTUAK"},"content":{"rendered":"<div id='av_section_1'  class='avia-section main_color avia-section-default avia-no-border-styling  avia-full-stretch av-parallax-section av-section-color-overlay-active avia-bg-style-parallax  avia-builder-el-0  el_before_av_section  avia-builder-el-first  header-section  av-small-hide av-mini-hide av-minimum-height av-minimum-height-50  container_wrap sidebar_right' style=' '  data-section-bg-repeat='stretch' data-av_minimum_height_pc='50'><div class='av-parallax' data-avia-parallax-ratio='0.3' ><div class='av-parallax-inner main_color  avia-full-stretch' style = 'background-repeat: no-repeat; background-image: url(https:\/\/www.herriarte.org\/repositoriweb\/wp-content\/uploads\/2018\/05\/proyectos.jpg);background-attachment: scroll; background-position: center center; ' ><\/div><\/div><div class='av-section-color-overlay-wrap'><div class='av-section-color-overlay' style='opacity: 0.7; background-color: #3f3f3f; '><\/div><div class='container' ><main  role=\"main\" itemprop=\"mainContentOfPage\"  class='template-page content  av-content-small alpha units'><div class='post-entry post-entry-type-page post-entry-6111'><div class='entry-content-wrapper clearfix'>\n<div class=\"flex_column av_one_full  flex_column_div av-zero-column-padding first  avia-builder-el-1  avia-builder-el-no-sibling  title-ot \" style='border-radius:0px; '><section class=\"av_textblock_section \"  itemscope=\"itemscope\" itemtype=\"https:\/\/schema.org\/CreativeWork\" ><div class='avia_textblock ot-title av_inherit_color '  style='color:#ffffff; '  itemprop=\"text\" ><h2 style=\"text-align: center;\">Nikaragua, El Salvador, Guatemala, Kuba, Ekuador, Peru, Maroko eta Honduraseko erakunde eta mugimendu sozialekin eta Brasileko MST-arekin, kooperatzen degu, bere prozesu emantzipatzailei sostengu emanez.<\/h2>\n<\/div><\/section><\/div>\n\n<\/div><\/div><\/main><!-- close content main element --><\/div><\/div><\/div><div id='av_section_2'  class='avia-section main_color avia-section-default avia-no-border-styling  avia-full-stretch av-parallax-section av-section-color-overlay-active avia-bg-style-parallax  avia-builder-el-3  el_after_av_section  el_before_av_one_full  header-section-mobile  av-desktop-hide av-medium-hide av-minimum-height av-minimum-height-75  container_wrap sidebar_right' style=' '  data-section-bg-repeat='stretch' data-av_minimum_height_pc='75'><div class='av-parallax' data-avia-parallax-ratio='0.3' ><div class='av-parallax-inner main_color  avia-full-stretch' style = 'background-repeat: no-repeat; background-image: url(https:\/\/www.herriarte.org\/repositoriweb\/wp-content\/uploads\/2018\/05\/proyectos.jpg);background-attachment: scroll; background-position: center center; ' ><\/div><\/div><div class='av-section-color-overlay-wrap'><div class='av-section-color-overlay' style='opacity: 0.7; background-color: #3f3f3f; '><\/div><div class='container' ><div class='template-page content  av-content-small alpha units'><div class='post-entry post-entry-type-page post-entry-6111'><div class='entry-content-wrapper clearfix'>\n<div class=\"flex_column av_one_full  flex_column_div av-zero-column-padding first  avia-builder-el-4  avia-builder-el-no-sibling  title-ot-mobile \" style='border-radius:0px; '><section class=\"av_textblock_section \"  itemscope=\"itemscope\" itemtype=\"https:\/\/schema.org\/CreativeWork\" ><div class='avia_textblock text-title-mobile av_inherit_color '  style='color:#ffffff; '  itemprop=\"text\" ><h2 style=\"text-align: center;\">Kooperatzen degu, bere prozesu emantzipatzailei sostengu emanez.<\/h2>\n<\/div><\/section><\/div>\n<\/div><\/div><\/div><!-- close content main div --><\/div><\/div><\/div><div id='after_section_2'  class='main_color av_default_container_wrap container_wrap sidebar_right' style=' '  ><div class='container' ><div class='template-page content  av-content-small alpha units'><div class='post-entry post-entry-type-page post-entry-6111'><div class='entry-content-wrapper clearfix'>\n<div class=\"flex_column av_one_full  flex_column_div av-zero-column-padding first  avia-builder-el-6  el_after_av_section  avia-builder-el-no-sibling  project-list \" style='border-radius:0px; '><section class=\"av_textblock_section \"  itemscope=\"itemscope\" itemtype=\"https:\/\/schema.org\/CreativeWork\" ><div class='avia_textblock filtros-mobile-block '   itemprop=\"text\" ><div class=\"temas-filtro mobile\">\n<h3 class=\"widgettitle title-filtro\">GAIENGATIK IRAGAZTEA<\/h3>\n<div class='category_filter'><ul>\t<li class=\"cat-item cat-item-157\"><a href=\"https:\/\/www.herriarte.org\/repositoriweb\/category\/gaiak\/beste-batzuk-eu\/\">Beste batzuk<\/a>\n<\/li>\n\t<li class=\"cat-item cat-item-158\"><a href=\"https:\/\/www.herriarte.org\/repositoriweb\/category\/gaiak\/dd-hh-defendatzaileentzako-babesa\/\">DD.HH. defendatzaileentzako babesa<\/a>\n<\/li>\n\t<li class=\"cat-item cat-item-150\"><a href=\"https:\/\/www.herriarte.org\/repositoriweb\/category\/gaiak\/ekologismo-soziala\/\">Ekologismo soziala<\/a>\n<\/li>\n\t<li class=\"cat-item cat-item-151\"><a href=\"https:\/\/www.herriarte.org\/repositoriweb\/category\/gaiak\/ekonomia-sozial-eta-solidarioa\/\">Ekonomia sozial eta solidarioa<\/a>\n<\/li>\n\t<li class=\"cat-item cat-item-160\"><a href=\"https:\/\/www.herriarte.org\/repositoriweb\/category\/gaiak\/elikadura-subiranotasuna\/\">Elikadura-subiranotasuna<\/a>\n<\/li>\n\t<li class=\"cat-item cat-item-153\"><a href=\"https:\/\/www.herriarte.org\/repositoriweb\/category\/gaiak\/feminismoak\/\">Feminismoak<\/a>\n<\/li>\n\t<li class=\"cat-item cat-item-159\"><a href=\"https:\/\/www.herriarte.org\/repositoriweb\/category\/gaiak\/herri-indigenak\/\">Herri indigenak<\/a>\n<\/li>\n\t<li class=\"cat-item cat-item-152\"><a href=\"https:\/\/www.herriarte.org\/repositoriweb\/category\/gaiak\/heziketa-emantzipatzailea\/\">Heziketa emantzipatzailea<\/a>\n<\/li>\n\t<li class=\"cat-item cat-item-149\"><a href=\"https:\/\/www.herriarte.org\/repositoriweb\/category\/gaiak\/lurraldearen-defentsa\/\">Lurraldearen defentsa<\/a>\n<\/li>\n\t<li class=\"cat-item cat-item-154\"><a href=\"https:\/\/www.herriarte.org\/repositoriweb\/category\/gaiak\/memoria-historikoa\/\">Mem\u00f3ria historikoa<\/a>\n<\/li>\n\t<li class=\"cat-item cat-item-155\"><a href=\"https:\/\/www.herriarte.org\/repositoriweb\/category\/gaiak\/migrazioak-eta-aterpea\/\">Migrazioak eta aterpea<\/a>\n<\/li>\n\t<li class=\"cat-item cat-item-156\"><a href=\"https:\/\/www.herriarte.org\/repositoriweb\/category\/gaiak\/multinazionalak-eta-hitzarmenak\/\">Multinazionalak eta hitzarmenak<\/a>\n<\/li>\n<\/ul><\/div><\/div>\n<div class=\"country-filter\">\n<h3 class=\"widgettitle title-filtro\">HERRIETATIK IRAGAZTEA<\/h3>\n<div class='category_filter'><ul>\t<li class=\"cat-item cat-item-162\"><a href=\"https:\/\/www.herriarte.org\/repositoriweb\/category\/lurraldeak\/brasil-eu\/\">Brasil<\/a>\n<\/li>\n\t<li class=\"cat-item cat-item-163\"><a href=\"https:\/\/www.herriarte.org\/repositoriweb\/category\/lurraldeak\/chiapas-eu\/\">Chiapas<\/a>\n<\/li>\n\t<li class=\"cat-item cat-item-164\"><a href=\"https:\/\/www.herriarte.org\/repositoriweb\/category\/lurraldeak\/cuba-eu\/\">Cuba<\/a>\n<\/li>\n\t<li class=\"cat-item cat-item-165\"><a href=\"https:\/\/www.herriarte.org\/repositoriweb\/category\/lurraldeak\/ecuador-eu\/\">Ecuador<\/a>\n<\/li>\n\t<li class=\"cat-item cat-item-166\"><a href=\"https:\/\/www.herriarte.org\/repositoriweb\/category\/lurraldeak\/el-salvador-eu\/\">El salvador<\/a>\n<\/li>\n\t<li class=\"cat-item cat-item-167\"><a href=\"https:\/\/www.herriarte.org\/repositoriweb\/category\/lurraldeak\/guatemala-eu\/\">Guatemala<\/a>\n<\/li>\n\t<li class=\"cat-item cat-item-168\"><a href=\"https:\/\/www.herriarte.org\/repositoriweb\/category\/lurraldeak\/honduras-eu\/\">Honduras<\/a>\n<\/li>\n\t<li class=\"cat-item cat-item-169\"><a href=\"https:\/\/www.herriarte.org\/repositoriweb\/category\/lurraldeak\/marruecos-eu\/\">Marruecos<\/a>\n<\/li>\n\t<li class=\"cat-item cat-item-170\"><a href=\"https:\/\/www.herriarte.org\/repositoriweb\/category\/lurraldeak\/nicaragua-eu\/\">Nicaragua<\/a>\n<\/li>\n\t<li class=\"cat-item cat-item-171\"><a href=\"https:\/\/www.herriarte.org\/repositoriweb\/category\/lurraldeak\/peru-eu\/\">Per\u00fa<\/a>\n<\/li>\n<\/ul><\/div><\/div>\n<div class='filter_clean'><a>Limpiar filtros<\/a><\/div>\n<\/div><\/section><br \/>\n<section class=\"av_textblock_section  av-medium-hide av-small-hide av-mini-hide\"  itemscope=\"itemscope\" itemtype=\"https:\/\/schema.org\/CreativeWork\" ><div class='avia_textblock title-filtro '   itemprop=\"text\" ><h3>HERRIETATIK IRAGAZTEA<\/h3>\n<\/div><\/section><br \/>\n<section class=\"av_textblock_section \"  itemscope=\"itemscope\" itemtype=\"https:\/\/schema.org\/CreativeWork\" ><div class='avia_textblock coop-mapa '   itemprop=\"text\" ><div class=\"map-section\"><div id=\"mapplic1\"><\/div><\/div>\n<\/div><\/section><br \/>\n<br \/>\n<div  class='av-alb-blogposts template-blog  av-blog-meta-author-disabled av-blog-meta-comments-disabled pr_cooperativos section_load_ajax '  itemscope=\"itemscope\" itemtype=\"https:\/\/schema.org\/Blog\" ><article class='post-entry post-entry-type-standard post-entry-43770 post-loop-1 post-parity-odd single-small post proyecto proyecto-cooperativo section_load_ajax with-slider post-43770 pr_cooperativos type-pr_cooperativos status-publish has-post-thumbnail hentry category-feminismoak category-lurraldearen-defentsa category-proiektuak'  itemscope=\"itemscope\" itemtype=\"https:\/\/schema.org\/CreativeWork\" ><div class='blog-meta'><a href='https:\/\/www.herriarte.org\/repositoriweb\/pr_cooperativos\/las-guardianas-de-la-tierra-abya-ayala-y-pais-valen\/' class='small-preview' title='Las guardianas de la Tierra II.  Sociedad civil valenciana comprometida con la defensa de los bienes comunes, y sensibilizada con los derechos de quienes los defienden en el Abya Ayala y el Pa\u00eds Valenci\u00e1.'><img loading=\"lazy\" decoding=\"async\" width=\"300\" height=\"300\" src=\"https:\/\/www.herriarte.org\/repositoriweb\/wp-content\/uploads\/2025\/09\/fotolrv2-300x300.jpg\" class=\"wp-image-43766 avia-img-lazy-loading-43766 attachment-proyecto size-proyecto wp-post-image\" alt=\"\" srcset=\"https:\/\/www.herriarte.org\/repositoriweb\/wp-content\/uploads\/2025\/09\/fotolrv2-300x300.jpg 300w, https:\/\/www.herriarte.org\/repositoriweb\/wp-content\/uploads\/2025\/09\/fotolrv2-80x80.jpg 80w, https:\/\/www.herriarte.org\/repositoriweb\/wp-content\/uploads\/2025\/09\/fotolrv2-36x36.jpg 36w, https:\/\/www.herriarte.org\/repositoriweb\/wp-content\/uploads\/2025\/09\/fotolrv2-180x180.jpg 180w\" sizes=\"auto, (max-width: 300px) 100vw, 300px\" \/><span class=\"iconfont\" aria-hidden='true' data-av_icon='\ue836' data-av_iconfont='entypo-fontello'><\/span><\/a><\/div><div class='entry-content-wrapper clearfix standard-content'><header class=\"entry-content-header\"><div class='estado'>En ejecuci\u00f3n<\/div><div class=\"temas\"><div class=\"Feminismoak term-153\">Feminismoak<\/div><div class=\"Lurraldearendefentsa term-149\">Lurraldearen defentsa<\/div><div class=\"clearfix\"><\/div><\/div><div class=\"clearfix\"><\/div><\/span><h2 class='post-title entry-title '  itemprop=\"headline\" >\t<a href='https:\/\/www.herriarte.org\/repositoriweb\/pr_cooperativos\/las-guardianas-de-la-tierra-abya-ayala-y-pais-valen\/' rel='bookmark' title='Permanent Link: Las guardianas de la Tierra II.  Sociedad civil valenciana comprometida con la defensa de los bienes comunes, y sensibilizada con los derechos de quienes los defienden en el Abya Ayala y el Pa\u00eds Valenci\u00e1.'>Las guardianas de la Tierra II.  Sociedad civil valenciana comprometida con la defensa de los bienes comunes, y sensibilizada con los derechos de quienes los defienden en el Abya Ayala y el Pa\u00eds Valenci\u00e1.\t\t\t<span class='post-format-icon minor-meta'><\/span>\t<\/a><\/h2><\/header><div class=\"entry-content\"  itemprop=\"text\" ><p>La intervenci\u00f3n, responde por un lado a la necesidad de dar continuidad al proyecto anterior subvencionado por el Ayuntamiento de Valencia (Guardianas\u2026<\/p>\n<div class=\"read-more-link\"><a href=\"https:\/\/www.herriarte.org\/repositoriweb\/pr_cooperativos\/las-guardianas-de-la-tierra-abya-ayala-y-pais-valen\/\" class=\"more-link\">Jarraitu irakurtzen<span class=\"more-link-arrow\">  &rarr;<\/span><\/a><\/div>\n<\/div><footer class=\"entry-footer\"><\/footer><div class='post_delimiter'><\/div><\/div><div class='post_author_timeline'><\/div><\/article><article class='post-entry post-entry-type-standard post-entry-34858 post-loop-2 post-parity-even single-small post proyecto proyecto-cooperativo section_load_ajax proyecto-terminado with-slider post-34858 pr_cooperativos type-pr_cooperativos status-publish has-post-thumbnail hentry category-ecuador-eu category-feminismoak'  itemscope=\"itemscope\" itemtype=\"https:\/\/schema.org\/CreativeWork\" ><div class='blog-meta'><a href='https:\/\/www.herriarte.org\/repositoriweb\/pr_cooperativos\/vivas-y-libres\/' class='small-preview' title='Vivas y Libres Nos Queremos: acompa\u00f1amiento feminista para favorecer el acceso a la justicia y a los derechos reproductivos de mujeres y ni\u00f1as en Ecuador'><img loading=\"lazy\" decoding=\"async\" width=\"300\" height=\"300\" src=\"https:\/\/www.herriarte.org\/repositoriweb\/wp-content\/uploads\/2023\/05\/IMG_0112-300x300.jpg\" class=\"wp-image-34883 avia-img-lazy-loading-34883 attachment-proyecto size-proyecto wp-post-image\" alt=\"\" srcset=\"https:\/\/www.herriarte.org\/repositoriweb\/wp-content\/uploads\/2023\/05\/IMG_0112-300x300.jpg 300w, https:\/\/www.herriarte.org\/repositoriweb\/wp-content\/uploads\/2023\/05\/IMG_0112-80x80.jpg 80w, https:\/\/www.herriarte.org\/repositoriweb\/wp-content\/uploads\/2023\/05\/IMG_0112-36x36.jpg 36w, https:\/\/www.herriarte.org\/repositoriweb\/wp-content\/uploads\/2023\/05\/IMG_0112-180x180.jpg 180w\" sizes=\"auto, (max-width: 300px) 100vw, 300px\" \/><span class=\"iconfont\" aria-hidden='true' data-av_icon='\ue836' data-av_iconfont='entypo-fontello'><\/span><\/a><\/div><div class='entry-content-wrapper clearfix standard-content'><header class=\"entry-content-header\"><div class='estado'>Terminado<\/div><div class=\"pais\"><div class=\"Ecuador\">Ecuador<\/div><div class=\"clearfix\"><\/div><\/div><div class=\"clearfix\"><\/div><div class=\"temas\"><div class=\"Feminismoak term-153\">Feminismoak<\/div><div class=\"clearfix\"><\/div><\/div><div class=\"clearfix\"><\/div><\/span><h2 class='post-title entry-title '  itemprop=\"headline\" >\t<a href='https:\/\/www.herriarte.org\/repositoriweb\/pr_cooperativos\/vivas-y-libres\/' rel='bookmark' title='Permanent Link: Vivas y Libres Nos Queremos: acompa\u00f1amiento feminista para favorecer el acceso a la justicia y a los derechos reproductivos de mujeres y ni\u00f1as en Ecuador'>Vivas y Libres Nos Queremos: acompa\u00f1amiento feminista para favorecer el acceso a la justicia y a los derechos reproductivos de mujeres y ni\u00f1as en Ecuador\t\t\t<span class='post-format-icon minor-meta'><\/span>\t<\/a><\/h2><\/header><div class=\"entry-content\"  itemprop=\"text\" ><p>Entrepueblos y Surkuna inician su colaboraci\u00f3n a finales del a\u00f1o 2019, compartiendo experiencias y reflexiones sobre la situaci\u00f3n de las mujeres en\u2026<\/p>\n<div class=\"read-more-link\"><a href=\"https:\/\/www.herriarte.org\/repositoriweb\/pr_cooperativos\/vivas-y-libres\/\" class=\"more-link\">Jarraitu irakurtzen<span class=\"more-link-arrow\">  &rarr;<\/span><\/a><\/div>\n<\/div><footer class=\"entry-footer\"><\/footer><div class='post_delimiter'><\/div><\/div><div class='post_author_timeline'><\/div><\/article><article class='post-entry post-entry-type-standard post-entry-34225 post-loop-3 post-parity-odd single-small post proyecto proyecto-cooperativo section_load_ajax proyecto-terminado with-slider post-34225 pr_cooperativos type-pr_cooperativos status-publish has-post-thumbnail hentry category-feminismoak category-peru-eu category-proiektuak'  itemscope=\"itemscope\" itemtype=\"https:\/\/schema.org\/CreativeWork\" ><div class='blog-meta'><a href='https:\/\/www.herriarte.org\/repositoriweb\/pr_cooperativos\/ltgbi-peru\/' class='small-preview' title='Mujeres y personas LTGBI tejiendo redes para una justicia de g\u00e9nero en Per\u00fa'><img loading=\"lazy\" decoding=\"async\" width=\"300\" height=\"300\" src=\"https:\/\/www.herriarte.org\/repositoriweb\/wp-content\/uploads\/2023\/04\/JUSTICIA-ARCO-IRIS-300x300.jpg\" class=\"wp-image-34221 avia-img-lazy-loading-34221 attachment-proyecto size-proyecto wp-post-image\" alt=\"\" srcset=\"https:\/\/www.herriarte.org\/repositoriweb\/wp-content\/uploads\/2023\/04\/JUSTICIA-ARCO-IRIS-300x300.jpg 300w, https:\/\/www.herriarte.org\/repositoriweb\/wp-content\/uploads\/2023\/04\/JUSTICIA-ARCO-IRIS-80x80.jpg 80w, https:\/\/www.herriarte.org\/repositoriweb\/wp-content\/uploads\/2023\/04\/JUSTICIA-ARCO-IRIS-36x36.jpg 36w, https:\/\/www.herriarte.org\/repositoriweb\/wp-content\/uploads\/2023\/04\/JUSTICIA-ARCO-IRIS-180x180.jpg 180w\" sizes=\"auto, (max-width: 300px) 100vw, 300px\" \/><span class=\"iconfont\" aria-hidden='true' data-av_icon='\ue836' data-av_iconfont='entypo-fontello'><\/span><\/a><\/div><div class='entry-content-wrapper clearfix standard-content'><header class=\"entry-content-header\"><div class='estado'>Terminado<\/div><div class=\"pais\"><div class=\"Per\">Per\u00fa<\/div><div class=\"clearfix\"><\/div><\/div><div class=\"clearfix\"><\/div><div class=\"temas\"><div class=\"Feminismoak term-153\">Feminismoak<\/div><div class=\"clearfix\"><\/div><\/div><div class=\"clearfix\"><\/div><\/span><h2 class='post-title entry-title '  itemprop=\"headline\" >\t<a href='https:\/\/www.herriarte.org\/repositoriweb\/pr_cooperativos\/ltgbi-peru\/' rel='bookmark' title='Permanent Link: Mujeres y personas LTGBI tejiendo redes para una justicia de g\u00e9nero en Per\u00fa'>Mujeres y personas LTGBI tejiendo redes para una justicia de g\u00e9nero en Per\u00fa\t\t\t<span class='post-format-icon minor-meta'><\/span>\t<\/a><\/h2><\/header><div class=\"entry-content\"  itemprop=\"text\" ><p>Este proyecto busca hacer frente a\u00a0la impunidad en casos de discriminaci\u00f3n y violencia de g\u00e9nero que afecta hist\u00f3rica y cotidianamente a mujeres y\u2026<\/p>\n<div class=\"read-more-link\"><a href=\"https:\/\/www.herriarte.org\/repositoriweb\/pr_cooperativos\/ltgbi-peru\/\" class=\"more-link\">Jarraitu irakurtzen<span class=\"more-link-arrow\">  &rarr;<\/span><\/a><\/div>\n<\/div><footer class=\"entry-footer\"><\/footer><div class='post_delimiter'><\/div><\/div><div class='post_author_timeline'><\/div><\/article><article class='post-entry post-entry-type-standard post-entry-34179 post-loop-4 post-parity-even single-small post proyecto proyecto-cooperativo section_load_ajax with-slider post-34179 pr_cooperativos type-pr_cooperativos status-publish has-post-thumbnail hentry category-ecuador-eu category-feminismoak category-herri-indigenak category-lurraldearen-defentsa category-proiektuak'  itemscope=\"itemscope\" itemtype=\"https:\/\/schema.org\/CreativeWork\" ><div class='blog-meta'><a href='https:\/\/www.herriarte.org\/repositoriweb\/pr_cooperativos\/sumak-kawsay-ecuador\/' class='small-preview' title='Actividad del Movimiento Ind\u00edgena y Campesino de Cotopaxi, MICC'><img loading=\"lazy\" decoding=\"async\" width=\"300\" height=\"300\" src=\"https:\/\/www.herriarte.org\/repositoriweb\/wp-content\/uploads\/2023\/04\/conaie-300x300.jpg\" class=\"wp-image-34241 avia-img-lazy-loading-34241 attachment-proyecto size-proyecto wp-post-image\" alt=\"Actividad del Movimiento Ind\u00edgena y Campesino de Cotopaxi, MICC\" srcset=\"https:\/\/www.herriarte.org\/repositoriweb\/wp-content\/uploads\/2023\/04\/conaie-300x300.jpg 300w, https:\/\/www.herriarte.org\/repositoriweb\/wp-content\/uploads\/2023\/04\/conaie-80x80.jpg 80w, https:\/\/www.herriarte.org\/repositoriweb\/wp-content\/uploads\/2023\/04\/conaie-36x36.jpg 36w, https:\/\/www.herriarte.org\/repositoriweb\/wp-content\/uploads\/2023\/04\/conaie-180x180.jpg 180w\" sizes=\"auto, (max-width: 300px) 100vw, 300px\" \/><span class=\"iconfont\" aria-hidden='true' data-av_icon='\ue836' data-av_iconfont='entypo-fontello'><\/span><\/a><\/div><div class='entry-content-wrapper clearfix standard-content'><header class=\"entry-content-header\"><div class='estado'>En ejecuci\u00f3n<\/div><div class=\"pais\"><div class=\"Ecuador\">Ecuador<\/div><div class=\"clearfix\"><\/div><\/div><div class=\"clearfix\"><\/div><div class=\"temas\"><div class=\"Feminismoak term-153\">Feminismoak<\/div><div class=\"Herriindigenak term-159\">Herri indigenak<\/div><div class=\"Lurraldearendefentsa term-149\">Lurraldearen defentsa<\/div><div class=\"clearfix\"><\/div><\/div><div class=\"clearfix\"><\/div><\/span><h2 class='post-title entry-title '  itemprop=\"headline\" >\t<a href='https:\/\/www.herriarte.org\/repositoriweb\/pr_cooperativos\/sumak-kawsay-ecuador\/' rel='bookmark' title='Permanent Link: Pueblos ind\u00edgenas del Ecuador construyen el &#8216;Sumak Kawsay&#8217; desde el empoderamiento de las mujeres ind\u00edgenas y la defensa de los derechos colectivos'>Pueblos ind\u00edgenas del Ecuador construyen el &#8216;Sumak Kawsay&#8217; desde el empoderamiento de las mujeres ind\u00edgenas y la defensa de los derechos colectivos\t\t\t<span class='post-format-icon minor-meta'><\/span>\t<\/a><\/h2><\/header><div class=\"entry-content\"  itemprop=\"text\" ><p>El proyecto pretende contribuir al fortalecimiento de los procesos de autodeterminaci\u00f3n de los pueblos ind\u00edgenas, liderado por mujeres y j\u00f3venes, en\u2026<\/p>\n<div class=\"read-more-link\"><a href=\"https:\/\/www.herriarte.org\/repositoriweb\/pr_cooperativos\/sumak-kawsay-ecuador\/\" class=\"more-link\">Jarraitu irakurtzen<span class=\"more-link-arrow\">  &rarr;<\/span><\/a><\/div>\n<\/div><footer class=\"entry-footer\"><\/footer><div class='post_delimiter'><\/div><\/div><div class='post_author_timeline'><\/div><\/article><article class='post-entry post-entry-type-standard post-entry-34174 post-loop-5 post-parity-odd single-small post proyecto proyecto-cooperativo section_load_ajax proyecto-terminado with-slider post-34174 pr_cooperativos type-pr_cooperativos status-publish has-post-thumbnail hentry category-ecuador-eu category-feminismoak category-proiektuak'  itemscope=\"itemscope\" itemtype=\"https:\/\/schema.org\/CreativeWork\" ><div class='blog-meta'><a href='https:\/\/www.herriarte.org\/repositoriweb\/pr_cooperativos\/iniciativas-colectivas-mujeres-de-frente\/' class='small-preview' title='Una actividad de la Escuela Feminista de Mujeres de Frente.'><img loading=\"lazy\" decoding=\"async\" width=\"300\" height=\"300\" src=\"https:\/\/www.herriarte.org\/repositoriweb\/wp-content\/uploads\/2023\/04\/mujeres-de-frente-300x300.jpg\" class=\"wp-image-34246 avia-img-lazy-loading-34246 attachment-proyecto size-proyecto wp-post-image\" alt=\"Una actividad de la Escuela Feminista de Mujeres de Frente.\" srcset=\"https:\/\/www.herriarte.org\/repositoriweb\/wp-content\/uploads\/2023\/04\/mujeres-de-frente-300x300.jpg 300w, https:\/\/www.herriarte.org\/repositoriweb\/wp-content\/uploads\/2023\/04\/mujeres-de-frente-80x80.jpg 80w, https:\/\/www.herriarte.org\/repositoriweb\/wp-content\/uploads\/2023\/04\/mujeres-de-frente-36x36.jpg 36w, https:\/\/www.herriarte.org\/repositoriweb\/wp-content\/uploads\/2023\/04\/mujeres-de-frente-180x180.jpg 180w\" sizes=\"auto, (max-width: 300px) 100vw, 300px\" \/><span class=\"iconfont\" aria-hidden='true' data-av_icon='\ue836' data-av_iconfont='entypo-fontello'><\/span><\/a><\/div><div class='entry-content-wrapper clearfix standard-content'><header class=\"entry-content-header\"><div class='estado'>Terminado<\/div><div class=\"pais\"><div class=\"Ecuador\">Ecuador<\/div><div class=\"clearfix\"><\/div><\/div><div class=\"clearfix\"><\/div><div class=\"temas\"><div class=\"Feminismoak term-153\">Feminismoak<\/div><div class=\"clearfix\"><\/div><\/div><div class=\"clearfix\"><\/div><\/span><h2 class='post-title entry-title '  itemprop=\"headline\" >\t<a href='https:\/\/www.herriarte.org\/repositoriweb\/pr_cooperativos\/iniciativas-colectivas-mujeres-de-frente\/' rel='bookmark' title='Permanent Link: Sostenimiento de iniciativas colectivas con mujeres de la organizaci\u00f3n Mujeres de Frente'>Sostenimiento de iniciativas colectivas con mujeres de la organizaci\u00f3n Mujeres de Frente\t\t\t<span class='post-format-icon minor-meta'><\/span>\t<\/a><\/h2><\/header><div class=\"entry-content\"  itemprop=\"text\" ><p>Este proyecto busca el empoderamiento social, pol\u00edtico y econ\u00f3mico de mujeres en contextos urbanos precarizados y mujeres privadas de libertad o excarceladas,\u2026<\/p>\n<div class=\"read-more-link\"><a href=\"https:\/\/www.herriarte.org\/repositoriweb\/pr_cooperativos\/iniciativas-colectivas-mujeres-de-frente\/\" class=\"more-link\">Jarraitu irakurtzen<span class=\"more-link-arrow\">  &rarr;<\/span><\/a><\/div>\n<\/div><footer class=\"entry-footer\"><\/footer><div class='post_delimiter'><\/div><\/div><div class='post_author_timeline'><\/div><\/article><article class='post-entry post-entry-type-standard post-entry-34167 post-loop-6 post-parity-even single-small post proyecto proyecto-cooperativo section_load_ajax proyecto-terminado with-slider post-34167 pr_cooperativos type-pr_cooperativos status-publish has-post-thumbnail hentry category-ecuador-eu category-herri-indigenak category-lurraldearen-defentsa category-proiektuak'  itemscope=\"itemscope\" itemtype=\"https:\/\/schema.org\/CreativeWork\" ><div class='blog-meta'><a href='https:\/\/www.herriarte.org\/repositoriweb\/pr_cooperativos\/ddhh-udapt\/' class='small-preview' title='Pablo Fajardo, en una reuni\u00f3n de la UDAPT el pasado mes de noviembre.'><img loading=\"lazy\" decoding=\"async\" width=\"300\" height=\"300\" src=\"https:\/\/www.herriarte.org\/repositoriweb\/wp-content\/uploads\/2023\/01\/fajardo-web-300x300.jpg\" class=\"wp-image-32559 avia-img-lazy-loading-32559 attachment-proyecto size-proyecto wp-post-image\" alt=\"Pablo Fajardo, en una reuni\u00f3n de la UDAPT el pasado mes de noviembre.\" srcset=\"https:\/\/www.herriarte.org\/repositoriweb\/wp-content\/uploads\/2023\/01\/fajardo-web-300x300.jpg 300w, https:\/\/www.herriarte.org\/repositoriweb\/wp-content\/uploads\/2023\/01\/fajardo-web-80x80.jpg 80w, https:\/\/www.herriarte.org\/repositoriweb\/wp-content\/uploads\/2023\/01\/fajardo-web-36x36.jpg 36w, https:\/\/www.herriarte.org\/repositoriweb\/wp-content\/uploads\/2023\/01\/fajardo-web-180x180.jpg 180w\" sizes=\"auto, (max-width: 300px) 100vw, 300px\" \/><span class=\"iconfont\" aria-hidden='true' data-av_icon='\ue836' data-av_iconfont='entypo-fontello'><\/span><\/a><\/div><div class='entry-content-wrapper clearfix standard-content'><header class=\"entry-content-header\"><div class='estado'>Terminado<\/div><div class=\"pais\"><div class=\"Ecuador\">Ecuador<\/div><div class=\"clearfix\"><\/div><\/div><div class=\"clearfix\"><\/div><div class=\"temas\"><div class=\"Herriindigenak term-159\">Herri indigenak<\/div><div class=\"Lurraldearendefentsa term-149\">Lurraldearen defentsa<\/div><div class=\"clearfix\"><\/div><\/div><div class=\"clearfix\"><\/div><\/span><h2 class='post-title entry-title '  itemprop=\"headline\" >\t<a href='https:\/\/www.herriarte.org\/repositoriweb\/pr_cooperativos\/ddhh-udapt\/' rel='bookmark' title='Permanent Link: Defensa de derechos de la naturaleza y de los pueblos originarios afectados por la actividad petrolera en la Amazon\u00eda ecuatoriana'>Defensa de derechos de la naturaleza y de los pueblos originarios afectados por la actividad petrolera en la Amazon\u00eda ecuatoriana\t\t\t<span class='post-format-icon minor-meta'><\/span>\t<\/a><\/h2><\/header><div class=\"entry-content\"  itemprop=\"text\" ><p>Proyecto para fortalecer las capacidades en la defensa y exigencia de los DDHH y Derechos de la Naturaleza de la Uni\u00f3n de Afectados\/as por Texaco (UDAPT)\u2026<\/p>\n<div class=\"read-more-link\"><a href=\"https:\/\/www.herriarte.org\/repositoriweb\/pr_cooperativos\/ddhh-udapt\/\" class=\"more-link\">Jarraitu irakurtzen<span class=\"more-link-arrow\">  &rarr;<\/span><\/a><\/div>\n<\/div><footer class=\"entry-footer\"><\/footer><div class='post_delimiter'><\/div><\/div><div class='post_author_timeline'><\/div><\/article><article class='post-entry post-entry-type-standard post-entry-34155 post-loop-7 post-parity-odd single-small post proyecto proyecto-cooperativo section_load_ajax proyecto-terminado with-slider post-34155 pr_cooperativos type-pr_cooperativos status-publish has-post-thumbnail hentry category-dd-hh-defendatzaileentzako-babesa category-guatemala-eu category-honduras-eu category-proiektuak'  itemscope=\"itemscope\" itemtype=\"https:\/\/schema.org\/CreativeWork\" ><div class='blog-meta'><a href='https:\/\/www.herriarte.org\/repositoriweb\/pr_cooperativos\/defensoras-centroamerica\/' class='small-preview' title='Fortalecimiento organizativo y protecci\u00f3n a las personas defensoras de DDHH en Centroam\u00e9rica'><img loading=\"lazy\" decoding=\"async\" width=\"300\" height=\"300\" src=\"https:\/\/www.herriarte.org\/repositoriweb\/wp-content\/uploads\/2023\/04\/Defensoras-centroamerica-1-300x300.jpg\" class=\"wp-image-34361 avia-img-lazy-loading-34361 attachment-proyecto size-proyecto wp-post-image\" alt=\"\" srcset=\"https:\/\/www.herriarte.org\/repositoriweb\/wp-content\/uploads\/2023\/04\/Defensoras-centroamerica-1-300x300.jpg 300w, https:\/\/www.herriarte.org\/repositoriweb\/wp-content\/uploads\/2023\/04\/Defensoras-centroamerica-1-80x80.jpg 80w, https:\/\/www.herriarte.org\/repositoriweb\/wp-content\/uploads\/2023\/04\/Defensoras-centroamerica-1-36x36.jpg 36w, https:\/\/www.herriarte.org\/repositoriweb\/wp-content\/uploads\/2023\/04\/Defensoras-centroamerica-1-180x180.jpg 180w\" sizes=\"auto, (max-width: 300px) 100vw, 300px\" \/><span class=\"iconfont\" aria-hidden='true' data-av_icon='\ue836' data-av_iconfont='entypo-fontello'><\/span><\/a><\/div><div class='entry-content-wrapper clearfix standard-content'><header class=\"entry-content-header\"><div class='estado'>Terminado<\/div><div class=\"pais paises\"><div class=\"Guatemala\">Guatemala<\/div><div class=\"Honduras\">Honduras<\/div><div class=\"clearfix\"><\/div><\/div><div class=\"clearfix\"><\/div><div class=\"temas\"><div class=\"DDHHdefendatzaileentzakobabesa term-158\">DD.HH. defendatzaileentzako babesa<\/div><div class=\"clearfix\"><\/div><\/div><div class=\"clearfix\"><\/div><\/span><h2 class='post-title entry-title '  itemprop=\"headline\" >\t<a href='https:\/\/www.herriarte.org\/repositoriweb\/pr_cooperativos\/defensoras-centroamerica\/' rel='bookmark' title='Permanent Link: Fortalecimiento organizativo y protecci\u00f3n a las personas defensoras de DDHH en Centroam\u00e9rica'>Fortalecimiento organizativo y protecci\u00f3n a las personas defensoras de DDHH en Centroam\u00e9rica\t\t\t<span class='post-format-icon minor-meta'><\/span>\t<\/a><\/h2><\/header><div class=\"entry-content\"  itemprop=\"text\" ><p>Fortalecimiento organizativo, protecci\u00f3n integral y cuidados a las personas defensoras de DDHH, en especial a las mujeres, en contextos de creciente criminalizaci\u00f3n\u2026<\/p>\n<div class=\"read-more-link\"><a href=\"https:\/\/www.herriarte.org\/repositoriweb\/pr_cooperativos\/defensoras-centroamerica\/\" class=\"more-link\">Jarraitu irakurtzen<span class=\"more-link-arrow\">  &rarr;<\/span><\/a><\/div>\n<\/div><footer class=\"entry-footer\"><\/footer><div class='post_delimiter'><\/div><\/div><div class='post_author_timeline'><\/div><\/article><article class='post-entry post-entry-type-standard post-entry-33985 post-loop-8 post-parity-even single-small post proyecto proyecto-cooperativo section_load_ajax proyecto-terminado with-slider post-33985 pr_cooperativos type-pr_cooperativos status-publish has-post-thumbnail hentry category-feminismoak category-guatemala-eu category-herri-indigenak category-proiektuak'  itemscope=\"itemscope\" itemtype=\"https:\/\/schema.org\/CreativeWork\" ><div class='blog-meta'><a href='https:\/\/www.herriarte.org\/repositoriweb\/pr_cooperativos\/fortalecimiento-mayas-qeqchies\/' class='small-preview' title='Fortalecimiento organizativo de 86 comunidades mayas q\u00b4eqch\u00edes para la defensa de sus derechos ambientales'><img loading=\"lazy\" decoding=\"async\" width=\"300\" height=\"300\" src=\"https:\/\/www.herriarte.org\/repositoriweb\/wp-content\/uploads\/2023\/03\/Fortalecimiento-comunidades-mayas-2-300x300.jpg\" class=\"wp-image-34366 avia-img-lazy-loading-34366 attachment-proyecto size-proyecto wp-post-image\" alt=\"\" srcset=\"https:\/\/www.herriarte.org\/repositoriweb\/wp-content\/uploads\/2023\/03\/Fortalecimiento-comunidades-mayas-2-300x300.jpg 300w, https:\/\/www.herriarte.org\/repositoriweb\/wp-content\/uploads\/2023\/03\/Fortalecimiento-comunidades-mayas-2-80x80.jpg 80w, https:\/\/www.herriarte.org\/repositoriweb\/wp-content\/uploads\/2023\/03\/Fortalecimiento-comunidades-mayas-2-36x36.jpg 36w, https:\/\/www.herriarte.org\/repositoriweb\/wp-content\/uploads\/2023\/03\/Fortalecimiento-comunidades-mayas-2-180x180.jpg 180w\" sizes=\"auto, (max-width: 300px) 100vw, 300px\" \/><span class=\"iconfont\" aria-hidden='true' data-av_icon='\ue836' data-av_iconfont='entypo-fontello'><\/span><\/a><\/div><div class='entry-content-wrapper clearfix standard-content'><header class=\"entry-content-header\"><div class='estado'>Terminado<\/div><div class=\"pais\"><div class=\"Guatemala\">Guatemala<\/div><div class=\"clearfix\"><\/div><\/div><div class=\"clearfix\"><\/div><div class=\"temas\"><div class=\"Feminismoak term-153\">Feminismoak<\/div><div class=\"Herriindigenak term-159\">Herri indigenak<\/div><div class=\"clearfix\"><\/div><\/div><div class=\"clearfix\"><\/div><\/span><h2 class='post-title entry-title '  itemprop=\"headline\" >\t<a href='https:\/\/www.herriarte.org\/repositoriweb\/pr_cooperativos\/fortalecimiento-mayas-qeqchies\/' rel='bookmark' title='Permanent Link: Fortalecimiento organizativo de 86 comunidades mayas q\u00b4eqch\u00edes para la defensa de sus derechos ambientales'>Fortalecimiento organizativo de 86 comunidades mayas q\u00b4eqch\u00edes para la defensa de sus derechos ambientales\t\t\t<span class='post-format-icon minor-meta'><\/span>\t<\/a><\/h2><\/header><div class=\"entry-content\"  itemprop=\"text\" ><p>Este proyecto tiene como objetivo promover el fortalecimiento organizativo de 86 comunidades mayas q\u2019eqchies para la defensa de sus derechos ambientales\u2026<\/p>\n<div class=\"read-more-link\"><a href=\"https:\/\/www.herriarte.org\/repositoriweb\/pr_cooperativos\/fortalecimiento-mayas-qeqchies\/\" class=\"more-link\">Jarraitu irakurtzen<span class=\"more-link-arrow\">  &rarr;<\/span><\/a><\/div>\n<\/div><footer class=\"entry-footer\"><\/footer><div class='post_delimiter'><\/div><\/div><div class='post_author_timeline'><\/div><\/article><article class='post-entry post-entry-type-standard post-entry-33980 post-loop-9 post-parity-odd single-small post proyecto proyecto-cooperativo section_load_ajax proyecto-terminado with-slider post-33980 pr_cooperativos type-pr_cooperativos status-publish has-post-thumbnail hentry category-ekologismo-soziala category-guatemala-eu category-herri-indigenak category-lurraldearen-defentsa category-proiektuak'  itemscope=\"itemscope\" itemtype=\"https:\/\/schema.org\/CreativeWork\" ><div class='blog-meta'><a href='https:\/\/www.herriarte.org\/repositoriweb\/pr_cooperativos\/comunidades-mayas-qeqchies\/' class='small-preview' title='Fortalecimiento de 86 comunidades mayas q&#8217;eqchies para defender sus bienes naturales en Guatemala'><img loading=\"lazy\" decoding=\"async\" width=\"300\" height=\"300\" src=\"https:\/\/www.herriarte.org\/repositoriweb\/wp-content\/uploads\/2023\/03\/Fortalecimiento-comunidades-mayas-300x300.jpg\" class=\"wp-image-34370 avia-img-lazy-loading-34370 attachment-proyecto size-proyecto wp-post-image\" alt=\"\" srcset=\"https:\/\/www.herriarte.org\/repositoriweb\/wp-content\/uploads\/2023\/03\/Fortalecimiento-comunidades-mayas-300x300.jpg 300w, https:\/\/www.herriarte.org\/repositoriweb\/wp-content\/uploads\/2023\/03\/Fortalecimiento-comunidades-mayas-80x80.jpg 80w, https:\/\/www.herriarte.org\/repositoriweb\/wp-content\/uploads\/2023\/03\/Fortalecimiento-comunidades-mayas-36x36.jpg 36w, https:\/\/www.herriarte.org\/repositoriweb\/wp-content\/uploads\/2023\/03\/Fortalecimiento-comunidades-mayas-180x180.jpg 180w\" sizes=\"auto, (max-width: 300px) 100vw, 300px\" \/><span class=\"iconfont\" aria-hidden='true' data-av_icon='\ue836' data-av_iconfont='entypo-fontello'><\/span><\/a><\/div><div class='entry-content-wrapper clearfix standard-content'><header class=\"entry-content-header\"><div class='estado'>Terminado<\/div><div class=\"pais\"><div class=\"Guatemala\">Guatemala<\/div><div class=\"clearfix\"><\/div><\/div><div class=\"clearfix\"><\/div><div class=\"temas\"><div class=\"Ekologismosoziala term-150\">Ekologismo soziala<\/div><div class=\"Herriindigenak term-159\">Herri indigenak<\/div><div class=\"Lurraldearendefentsa term-149\">Lurraldearen defentsa<\/div><div class=\"clearfix\"><\/div><\/div><div class=\"clearfix\"><\/div><\/span><h2 class='post-title entry-title '  itemprop=\"headline\" >\t<a href='https:\/\/www.herriarte.org\/repositoriweb\/pr_cooperativos\/comunidades-mayas-qeqchies\/' rel='bookmark' title='Permanent Link: Fortalecimiento de 86 comunidades mayas q&#8217;eqchies para defender sus bienes naturales en Guatemala'>Fortalecimiento de 86 comunidades mayas q&#8217;eqchies para defender sus bienes naturales en Guatemala\t\t\t<span class='post-format-icon minor-meta'><\/span>\t<\/a><\/h2><\/header><div class=\"entry-content\"  itemprop=\"text\" ><p>Este proyecto tiene como objetivo promover el fortalecimiento organizativo de 86 comunidades mayas q\u2019eqchies para la defensa de sus derechos ambientales\u2026<\/p>\n<div class=\"read-more-link\"><a href=\"https:\/\/www.herriarte.org\/repositoriweb\/pr_cooperativos\/comunidades-mayas-qeqchies\/\" class=\"more-link\">Jarraitu irakurtzen<span class=\"more-link-arrow\">  &rarr;<\/span><\/a><\/div>\n<\/div><footer class=\"entry-footer\"><\/footer><div class='post_delimiter'><\/div><\/div><div class='post_author_timeline'><\/div><\/article><article class='post-entry post-entry-type-standard post-entry-34379 post-loop-10 post-parity-even post-entry-last single-small post proyecto proyecto-cooperativo section_load_ajax proyecto-terminado with-slider post-34379 pr_cooperativos type-pr_cooperativos status-publish has-post-thumbnail hentry category-el-salvador-eu category-guatemala-eu category-honduras-eu category-proiektuak'  itemscope=\"itemscope\" itemtype=\"https:\/\/schema.org\/CreativeWork\" ><div class='blog-meta'><a href='https:\/\/www.herriarte.org\/repositoriweb\/pr_cooperativos\/consolidacion-red-centroamericana-comunicacion\/' class='small-preview' title='Consolidaci\u00f3n de la Red Centroamericana de Comunicaci\u00f3n como un espacio de informaci\u00f3n comunitaria en la regi\u00f3n'><img loading=\"lazy\" decoding=\"async\" width=\"300\" height=\"300\" src=\"https:\/\/www.herriarte.org\/repositoriweb\/wp-content\/uploads\/2023\/03\/Taller-Seg-Digital-GUATEMALA-1-300x300.jpg\" class=\"wp-image-37929 avia-img-lazy-loading-37929 attachment-proyecto size-proyecto wp-post-image\" alt=\"\" srcset=\"https:\/\/www.herriarte.org\/repositoriweb\/wp-content\/uploads\/2023\/03\/Taller-Seg-Digital-GUATEMALA-1-300x300.jpg 300w, https:\/\/www.herriarte.org\/repositoriweb\/wp-content\/uploads\/2023\/03\/Taller-Seg-Digital-GUATEMALA-1-80x80.jpg 80w, https:\/\/www.herriarte.org\/repositoriweb\/wp-content\/uploads\/2023\/03\/Taller-Seg-Digital-GUATEMALA-1-36x36.jpg 36w, https:\/\/www.herriarte.org\/repositoriweb\/wp-content\/uploads\/2023\/03\/Taller-Seg-Digital-GUATEMALA-1-180x180.jpg 180w\" sizes=\"auto, (max-width: 300px) 100vw, 300px\" \/><span class=\"iconfont\" aria-hidden='true' data-av_icon='\ue836' data-av_iconfont='entypo-fontello'><\/span><\/a><\/div><div class='entry-content-wrapper clearfix standard-content'><header class=\"entry-content-header\"><div class='estado'>Terminado<\/div><div class=\"pais paises\"><div class=\"Elsalvador\">El salvador<\/div><div class=\"Guatemala\">Guatemala<\/div><div class=\"Honduras\">Honduras<\/div><div class=\"clearfix\"><\/div><\/div><div class=\"clearfix\"><\/div><\/span><h2 class='post-title entry-title '  itemprop=\"headline\" >\t<a href='https:\/\/www.herriarte.org\/repositoriweb\/pr_cooperativos\/consolidacion-red-centroamericana-comunicacion\/' rel='bookmark' title='Permanent Link: Consolidaci\u00f3n de la Red Centroamericana de Comunicaci\u00f3n como un espacio de informaci\u00f3n comunitaria en la regi\u00f3n'>Consolidaci\u00f3n de la Red Centroamericana de Comunicaci\u00f3n como un espacio de informaci\u00f3n comunitaria en la regi\u00f3n\t\t\t<span class='post-format-icon minor-meta'><\/span>\t<\/a><\/h2><\/header><div class=\"entry-content\"  itemprop=\"text\" ><p>El objetivo del proyecto es promover la participaci\u00f3n ciudadana y la capacidad de incidencia, consolidando las alianzas de organizaciones de base comunitaria\u2026<\/p>\n<div class=\"read-more-link\"><a href=\"https:\/\/www.herriarte.org\/repositoriweb\/pr_cooperativos\/consolidacion-red-centroamericana-comunicacion\/\" class=\"more-link\">Jarraitu irakurtzen<span class=\"more-link-arrow\">  &rarr;<\/span><\/a><\/div>\n<\/div><footer class=\"entry-footer\"><\/footer><div class='post_delimiter'><\/div><\/div><div class='post_author_timeline'><\/div><\/article><div><a href='https:\/\/www.herriarte.org\/repositoriweb\/wp-json\/wp\/v2\/pages\/6111\/page\/2\/' class='load-more'>GEHIAGO ERAKUSTEA<\/a><\/div><\/div><\/p><\/div>\n","protected":false},"excerpt":{"rendered":"","protected":false},"author":9,"featured_media":0,"parent":0,"menu_order":0,"comment_status":"closed","ping_status":"closed","template":"","meta":{"_acf_changed":false,"_price":"","_stock":"","_tribe_ticket_header":"","_tribe_default_ticket_provider":"","_tribe_ticket_capacity":"0","_ticket_start_date":"","_ticket_end_date":"","_tribe_ticket_show_description":"","_tribe_ticket_show_not_going":false,"_tribe_ticket_use_global_stock":"","_tribe_ticket_global_stock_level":"","_global_stock_mode":"","_global_stock_cap":"","_tribe_rsvp_for_event":"","_tribe_ticket_going_count":"","_tribe_ticket_not_going_count":"","_tribe_tickets_list":"[]","_tribe_ticket_has_attendee_info_fields":false,"footnotes":"","_tec_slr_enabled":"","_tec_slr_layout":""},"class_list":["post-6111","page","type-page","status-publish","hentry"],"acf":[],"yoast_head":"<!-- This site is optimized with the Yoast SEO plugin v25.0 - https:\/\/yoast.com\/wordpress\/plugins\/seo\/ -->\n<title>KOOPERAZIO PROIEKTUAK - Entrepueblos<\/title>\n<meta name=\"robots\" content=\"index, follow, max-snippet:-1, max-image-preview:large, max-video-preview:-1\" \/>\n<link rel=\"canonical\" href=\"https:\/\/www.herriarte.org\/repositoriweb\/kooperazio-proiektuak\/\" \/>\n<meta property=\"og:locale\" content=\"eu_ES\" \/>\n<meta property=\"og:type\" content=\"article\" \/>\n<meta property=\"og:title\" content=\"KOOPERAZIO PROIEKTUAK - Entrepueblos\" \/>\n<meta property=\"og:url\" content=\"https:\/\/www.herriarte.org\/repositoriweb\/kooperazio-proiektuak\/\" \/>\n<meta property=\"og:site_name\" content=\"Entrepueblos\" \/>\n<meta property=\"article:modified_time\" content=\"2018-10-18T10:25:22+00:00\" \/>\n<meta name=\"twitter:card\" content=\"summary_large_image\" \/>\n<meta name=\"twitter:label1\" content=\"Est. reading time\" \/>\n\t<meta name=\"twitter:data1\" content=\"4 minutes\" \/>\n<script type=\"application\/ld+json\" class=\"yoast-schema-graph\">{\"@context\":\"https:\/\/schema.org\",\"@graph\":[{\"@type\":\"WebPage\",\"@id\":\"https:\/\/www.herriarte.org\/repositoriweb\/kooperazio-proiektuak\/\",\"url\":\"https:\/\/www.herriarte.org\/repositoriweb\/kooperazio-proiektuak\/\",\"name\":\"KOOPERAZIO PROIEKTUAK - Entrepueblos\",\"isPartOf\":{\"@id\":\"https:\/\/www.entrepueblos.org\/repositoriweb\/#website\"},\"datePublished\":\"2018-05-02T18:26:56+00:00\",\"dateModified\":\"2018-10-18T10:25:22+00:00\",\"breadcrumb\":{\"@id\":\"https:\/\/www.herriarte.org\/repositoriweb\/kooperazio-proiektuak\/#breadcrumb\"},\"inLanguage\":\"eu-ES\",\"potentialAction\":[{\"@type\":\"ReadAction\",\"target\":[\"https:\/\/www.herriarte.org\/repositoriweb\/kooperazio-proiektuak\/\"]}]},{\"@type\":\"BreadcrumbList\",\"@id\":\"https:\/\/www.herriarte.org\/repositoriweb\/kooperazio-proiektuak\/#breadcrumb\",\"itemListElement\":[{\"@type\":\"ListItem\",\"position\":1,\"name\":\"Portada\",\"item\":\"https:\/\/www.herriarte.org\/repositoriweb\/\"},{\"@type\":\"ListItem\",\"position\":2,\"name\":\"KOOPERAZIO PROIEKTUAK\"}]},{\"@type\":\"WebSite\",\"@id\":\"https:\/\/www.entrepueblos.org\/repositoriweb\/#website\",\"url\":\"https:\/\/www.entrepueblos.org\/repositoriweb\/\",\"name\":\"Entrepueblos\",\"description\":\"Cooperaci\u00f3n pueblo a pueblo\",\"potentialAction\":[{\"@type\":\"SearchAction\",\"target\":{\"@type\":\"EntryPoint\",\"urlTemplate\":\"https:\/\/www.entrepueblos.org\/repositoriweb\/?s={search_term_string}\"},\"query-input\":{\"@type\":\"PropertyValueSpecification\",\"valueRequired\":true,\"valueName\":\"search_term_string\"}}],\"inLanguage\":\"eu-ES\"}]}<\/script>\n<!-- \/ Yoast SEO plugin. -->","yoast_head_json":{"title":"KOOPERAZIO PROIEKTUAK - Entrepueblos","robots":{"index":"index","follow":"follow","max-snippet":"max-snippet:-1","max-image-preview":"max-image-preview:large","max-video-preview":"max-video-preview:-1"},"canonical":"https:\/\/www.herriarte.org\/repositoriweb\/kooperazio-proiektuak\/","og_locale":"eu_ES","og_type":"article","og_title":"KOOPERAZIO PROIEKTUAK - Entrepueblos","og_url":"https:\/\/www.herriarte.org\/repositoriweb\/kooperazio-proiektuak\/","og_site_name":"Entrepueblos","article_modified_time":"2018-10-18T10:25:22+00:00","twitter_card":"summary_large_image","twitter_misc":{"Est. reading time":"4 minutes"},"schema":{"@context":"https:\/\/schema.org","@graph":[{"@type":"WebPage","@id":"https:\/\/www.herriarte.org\/repositoriweb\/kooperazio-proiektuak\/","url":"https:\/\/www.herriarte.org\/repositoriweb\/kooperazio-proiektuak\/","name":"KOOPERAZIO PROIEKTUAK - Entrepueblos","isPartOf":{"@id":"https:\/\/www.entrepueblos.org\/repositoriweb\/#website"},"datePublished":"2018-05-02T18:26:56+00:00","dateModified":"2018-10-18T10:25:22+00:00","breadcrumb":{"@id":"https:\/\/www.herriarte.org\/repositoriweb\/kooperazio-proiektuak\/#breadcrumb"},"inLanguage":"eu-ES","potentialAction":[{"@type":"ReadAction","target":["https:\/\/www.herriarte.org\/repositoriweb\/kooperazio-proiektuak\/"]}]},{"@type":"BreadcrumbList","@id":"https:\/\/www.herriarte.org\/repositoriweb\/kooperazio-proiektuak\/#breadcrumb","itemListElement":[{"@type":"ListItem","position":1,"name":"Portada","item":"https:\/\/www.herriarte.org\/repositoriweb\/"},{"@type":"ListItem","position":2,"name":"KOOPERAZIO PROIEKTUAK"}]},{"@type":"WebSite","@id":"https:\/\/www.entrepueblos.org\/repositoriweb\/#website","url":"https:\/\/www.entrepueblos.org\/repositoriweb\/","name":"Entrepueblos","description":"Cooperaci\u00f3n pueblo a pueblo","potentialAction":[{"@type":"SearchAction","target":{"@type":"EntryPoint","urlTemplate":"https:\/\/www.entrepueblos.org\/repositoriweb\/?s={search_term_string}"},"query-input":{"@type":"PropertyValueSpecification","valueRequired":true,"valueName":"search_term_string"}}],"inLanguage":"eu-ES"}]}},"ticketed":false,"_links":{"self":[{"href":"https:\/\/www.herriarte.org\/repositoriweb\/wp-json\/wp\/v2\/pages\/6111","targetHints":{"allow":["GET"]}}],"collection":[{"href":"https:\/\/www.herriarte.org\/repositoriweb\/wp-json\/wp\/v2\/pages"}],"about":[{"href":"https:\/\/www.herriarte.org\/repositoriweb\/wp-json\/wp\/v2\/types\/page"}],"author":[{"embeddable":true,"href":"https:\/\/www.herriarte.org\/repositoriweb\/wp-json\/wp\/v2\/users\/9"}],"replies":[{"embeddable":true,"href":"https:\/\/www.herriarte.org\/repositoriweb\/wp-json\/wp\/v2\/comments?post=6111"}],"version-history":[{"count":4,"href":"https:\/\/www.herriarte.org\/repositoriweb\/wp-json\/wp\/v2\/pages\/6111\/revisions"}],"predecessor-version":[{"id":8091,"href":"https:\/\/www.herriarte.org\/repositoriweb\/wp-json\/wp\/v2\/pages\/6111\/revisions\/8091"}],"wp:attachment":[{"href":"https:\/\/www.herriarte.org\/repositoriweb\/wp-json\/wp\/v2\/media?parent=6111"}],"curies":[{"name":"wp","href":"https:\/\/api.w.org\/{rel}","templated":true}]}}