{"id":6117,"date":"2018-05-08T16:24:56","date_gmt":"2018-05-08T16:24:56","guid":{"rendered":"https:\/\/entrepueblos.org\/educacion-emancipatoria\/"},"modified":"2018-08-16T16:51:08","modified_gmt":"2018-08-16T16:51:08","slug":"hezkuntza-emantzipatzaile-proiektuak","status":"publish","type":"page","link":"https:\/\/www.herriarte.org\/repositoriweb\/hezkuntza-emantzipatzaile-proiektuak\/","title":{"rendered":"HEZKUNTZA EMANTZIPATZAILE PROIEKTUAK"},"content":{"rendered":"<div id='av_section_1'  class='avia-section main_color avia-section-default avia-no-border-styling  avia-full-stretch av-parallax-section av-section-color-overlay-active avia-bg-style-parallax  avia-builder-el-0  el_before_av_section  avia-builder-el-first  header-section  av-small-hide av-mini-hide av-minimum-height av-minimum-height-50  container_wrap sidebar_right' style=' '  data-section-bg-repeat='stretch' data-av_minimum_height_pc='50'><div class='av-parallax' data-avia-parallax-ratio='0.3' ><div class='av-parallax-inner main_color  avia-full-stretch' style = 'background-repeat: no-repeat; background-image: url(https:\/\/www.herriarte.org\/repositoriweb\/wp-content\/uploads\/2018\/05\/proyectos.jpg);background-attachment: scroll; background-position: center center; ' ><\/div><\/div><div class='av-section-color-overlay-wrap'><div class='av-section-color-overlay' style='opacity: 0.7; background-color: #3f3f3f; '><\/div><div class='container' ><main  role=\"main\" itemprop=\"mainContentOfPage\"  class='template-page content  av-content-small alpha units'><div class='post-entry post-entry-type-page post-entry-6117'><div class='entry-content-wrapper clearfix'>\n<div class=\"flex_column av_one_full  flex_column_div av-zero-column-padding first  avia-builder-el-1  avia-builder-el-no-sibling  title-ot \" style='border-radius:0px; '><section class=\"av_textblock_section \"  itemscope=\"itemscope\" itemtype=\"https:\/\/schema.org\/CreativeWork\" ><div class='avia_textblock ot-title av_inherit_color '  style='color:#ffffff; '  itemprop=\"text\" ><h2 style=\"text-align: center;\">Ahalduntze sozialerako prozesu bezala herri hezikuntza emantzipatzailea defendatzen degu. Egungo eredu sozial eta politikoa eraldatzeko tresnak sortzen ditugu.<\/h2>\n<\/div><\/section><\/div><\/div><\/div><\/main><!-- close content main element --><\/div><\/div><\/div><div id='av_section_2'  class='avia-section main_color avia-section-default avia-no-border-styling  avia-full-stretch av-parallax-section av-section-color-overlay-active avia-bg-style-parallax  avia-builder-el-3  el_after_av_section  el_before_av_codeblock  header-section-mobile  av-desktop-hide av-medium-hide av-minimum-height av-minimum-height-75  container_wrap sidebar_right' style=' '  data-section-bg-repeat='stretch' data-av_minimum_height_pc='75'><div class='av-parallax' data-avia-parallax-ratio='0.3' ><div class='av-parallax-inner main_color  avia-full-stretch' style = 'background-repeat: no-repeat; background-image: url(https:\/\/www.herriarte.org\/repositoriweb\/wp-content\/uploads\/2018\/05\/proyectos.jpg);background-attachment: scroll; background-position: center center; ' ><\/div><\/div><div class='av-section-color-overlay-wrap'><div class='av-section-color-overlay' style='opacity: 0.7; background-color: #3f3f3f; '><\/div><div class='container' ><div class='template-page content  av-content-small alpha units'><div class='post-entry post-entry-type-page post-entry-6117'><div class='entry-content-wrapper clearfix'>\n<div class=\"flex_column av_one_full  flex_column_div av-zero-column-padding first  avia-builder-el-4  avia-builder-el-no-sibling  title-ot-mobile \" style='border-radius:0px; '><section class=\"av_textblock_section \"  itemscope=\"itemscope\" itemtype=\"https:\/\/schema.org\/CreativeWork\" ><div class='avia_textblock text-title-mobile av_inherit_color '  style='color:#ffffff; '  itemprop=\"text\" ><h2 style=\"text-align: center;\">Egungo eredu sozial eta politikoa eraldatzeko tresnak sortzen ditugu.<\/h2>\n<\/div><\/section><\/div><\/div><\/div><\/div><!-- close content main div --><\/div><\/div><\/div><div id='after_section_2'  class='main_color av_default_container_wrap container_wrap sidebar_right' style=' '  ><div class='container' ><div class='template-page content  av-content-small alpha units'><div class='post-entry post-entry-type-page post-entry-6117'><div class='entry-content-wrapper clearfix'><\/p>\n<div class=\"flex_column av_one_full  flex_column_div av-zero-column-padding first  avia-builder-el-7  el_after_av_codeblock  avia-builder-el-last  \" style='border-radius:0px; '><section class=\"av_textblock_section \"  itemscope=\"itemscope\" itemtype=\"https:\/\/schema.org\/CreativeWork\" ><div class='avia_textblock filtros-mobile-block '   itemprop=\"text\" ><div class=\"temas-filtro mobile\">\n<h3 class=\"widgettitle title-filtro\">HERRIETATIK IRAGAZTEA<\/h3>\n<div class='category_filter'><ul>\t<li class=\"cat-item cat-item-157\"><a href=\"https:\/\/www.herriarte.org\/repositoriweb\/category\/gaiak\/beste-batzuk-eu\/\">Beste batzuk<\/a>\n<\/li>\n\t<li class=\"cat-item cat-item-158\"><a href=\"https:\/\/www.herriarte.org\/repositoriweb\/category\/gaiak\/dd-hh-defendatzaileentzako-babesa\/\">DD.HH. defendatzaileentzako babesa<\/a>\n<\/li>\n\t<li class=\"cat-item cat-item-150\"><a href=\"https:\/\/www.herriarte.org\/repositoriweb\/category\/gaiak\/ekologismo-soziala\/\">Ekologismo soziala<\/a>\n<\/li>\n\t<li class=\"cat-item cat-item-151\"><a href=\"https:\/\/www.herriarte.org\/repositoriweb\/category\/gaiak\/ekonomia-sozial-eta-solidarioa\/\">Ekonomia sozial eta solidarioa<\/a>\n<\/li>\n\t<li class=\"cat-item cat-item-160\"><a href=\"https:\/\/www.herriarte.org\/repositoriweb\/category\/gaiak\/elikadura-subiranotasuna\/\">Elikadura-subiranotasuna<\/a>\n<\/li>\n\t<li class=\"cat-item cat-item-153\"><a href=\"https:\/\/www.herriarte.org\/repositoriweb\/category\/gaiak\/feminismoak\/\">Feminismoak<\/a>\n<\/li>\n\t<li class=\"cat-item cat-item-159\"><a href=\"https:\/\/www.herriarte.org\/repositoriweb\/category\/gaiak\/herri-indigenak\/\">Herri indigenak<\/a>\n<\/li>\n\t<li class=\"cat-item cat-item-152\"><a href=\"https:\/\/www.herriarte.org\/repositoriweb\/category\/gaiak\/heziketa-emantzipatzailea\/\">Heziketa emantzipatzailea<\/a>\n<\/li>\n\t<li class=\"cat-item cat-item-149\"><a href=\"https:\/\/www.herriarte.org\/repositoriweb\/category\/gaiak\/lurraldearen-defentsa\/\">Lurraldearen defentsa<\/a>\n<\/li>\n\t<li class=\"cat-item cat-item-154\"><a href=\"https:\/\/www.herriarte.org\/repositoriweb\/category\/gaiak\/memoria-historikoa\/\">Mem\u00f3ria historikoa<\/a>\n<\/li>\n\t<li class=\"cat-item cat-item-155\"><a href=\"https:\/\/www.herriarte.org\/repositoriweb\/category\/gaiak\/migrazioak-eta-aterpea\/\">Migrazioak eta aterpea<\/a>\n<\/li>\n\t<li class=\"cat-item cat-item-156\"><a href=\"https:\/\/www.herriarte.org\/repositoriweb\/category\/gaiak\/multinazionalak-eta-hitzarmenak\/\">Multinazionalak eta hitzarmenak<\/a>\n<\/li>\n<\/ul><\/div><\/div>\n<div class=\"formato-filtro mobile\">\n<h3 class=\"widgettitle title-filtro\">GAIENGATIK IRAGAZTEA<\/h3>\n<div class='category_filter'><ul>\t<li class=\"cat-item cat-item-148\"><a href=\"https:\/\/www.herriarte.org\/repositoriweb\/category\/formatuak\/aldizkariak-eta-buletinak\/\">Aldizkariak eta buletinak<\/a>\n<\/li>\n\t<li class=\"cat-item cat-item-147\"><a href=\"https:\/\/www.herriarte.org\/repositoriweb\/category\/formatuak\/beste-batzuk\/\">Beste batzuk<\/a>\n<\/li>\n\t<li class=\"cat-item cat-item-140\"><a href=\"https:\/\/www.herriarte.org\/repositoriweb\/category\/formatuak\/blogak\/\">Blogak<\/a>\n<\/li>\n\t<li class=\"cat-item cat-item-142\"><a href=\"https:\/\/www.herriarte.org\/repositoriweb\/category\/formatuak\/dokumentalak\/\">Dokumentalak<\/a>\n<\/li>\n\t<li class=\"cat-item cat-item-143\"><a href=\"https:\/\/www.herriarte.org\/repositoriweb\/category\/formatuak\/erakusketak\/\">Erakusketak<\/a>\n<\/li>\n\t<li class=\"cat-item cat-item-144\"><a href=\"https:\/\/www.herriarte.org\/repositoriweb\/category\/formatuak\/guias-didaktikoak\/\">Guias didaktikoak<\/a>\n<\/li>\n\t<li class=\"cat-item cat-item-145\"><a href=\"https:\/\/www.herriarte.org\/repositoriweb\/category\/formatuak\/liburuak\/\">Liburuak<\/a>\n<\/li>\n<\/ul><\/div><\/div>\n<div class='filter_clean'><a>Limpiar filtros<\/a><\/div>\n<\/div><\/section><br \/>\n<div  class='av-alb-blogposts template-blog  av-blog-meta-author-disabled av-blog-meta-comments-disabled section_load_ajax '  itemscope=\"itemscope\" itemtype=\"https:\/\/schema.org\/Blog\" ><article class='post-entry post-entry-type-standard post-entry-43357 post-loop-1 post-parity-odd single-small post proyecto proyecto-educativo section_load_ajax with-slider post-43357 pr_educativos type-pr_educativos status-publish has-post-thumbnail hentry category-dd-hh-defendatzaileentzako-babesa category-lurraldearen-defentsa'  itemscope=\"itemscope\" itemtype=\"https:\/\/schema.org\/CreativeWork\" ><div class='blog-meta'><a href='https:\/\/www.herriarte.org\/repositoriweb\/pr_educativos\/cuidando-el-planeta-justicia-ambiental-transicion-ecosocial\/' class='small-preview' title='Cuidando el planeta: Juventud y ciudadan\u00eda valenciana movilizadas por la justicia ambiental y la transici\u00f3n ecosocial'><img loading=\"lazy\" decoding=\"async\" width=\"180\" height=\"180\" src=\"https:\/\/www.herriarte.org\/repositoriweb\/wp-content\/uploads\/2025\/07\/POST-XARXES-CUIDANT-EL-PLANETA-1-180x180.png\" class=\"wp-image-43370 avia-img-lazy-loading-43370 attachment-square size-square wp-post-image\" alt=\"\" srcset=\"https:\/\/www.herriarte.org\/repositoriweb\/wp-content\/uploads\/2025\/07\/POST-XARXES-CUIDANT-EL-PLANETA-1-180x180.png 180w, https:\/\/www.herriarte.org\/repositoriweb\/wp-content\/uploads\/2025\/07\/POST-XARXES-CUIDANT-EL-PLANETA-1-300x300.png 300w, https:\/\/www.herriarte.org\/repositoriweb\/wp-content\/uploads\/2025\/07\/POST-XARXES-CUIDANT-EL-PLANETA-1-1030x1030.png 1030w, https:\/\/www.herriarte.org\/repositoriweb\/wp-content\/uploads\/2025\/07\/POST-XARXES-CUIDANT-EL-PLANETA-1-80x80.png 80w, https:\/\/www.herriarte.org\/repositoriweb\/wp-content\/uploads\/2025\/07\/POST-XARXES-CUIDANT-EL-PLANETA-1-768x768.png 768w, https:\/\/www.herriarte.org\/repositoriweb\/wp-content\/uploads\/2025\/07\/POST-XARXES-CUIDANT-EL-PLANETA-1-36x36.png 36w, https:\/\/www.herriarte.org\/repositoriweb\/wp-content\/uploads\/2025\/07\/POST-XARXES-CUIDANT-EL-PLANETA-1-705x705.png 705w, https:\/\/www.herriarte.org\/repositoriweb\/wp-content\/uploads\/2025\/07\/POST-XARXES-CUIDANT-EL-PLANETA-1.png 1080w\" sizes=\"auto, (max-width: 180px) 100vw, 180px\" \/><span class=\"iconfont\" aria-hidden='true' data-av_icon='\ue836' data-av_iconfont='entypo-fontello'><\/span><\/a><\/div><div class='entry-content-wrapper clearfix standard-content'><header class=\"entry-content-header\"><div class='estado'>En ejecuci\u00f3n<\/div><div class=\"temas\"><div class=\"DDHHdefendatzaileentzakobabesa term-158\">DD.HH. defendatzaileentzako babesa<\/div><div class=\"Lurraldearendefentsa term-149\">Lurraldearen defentsa<\/div><div class=\"clearfix\"><\/div><\/div><div class=\"clearfix\"><\/div><\/span><h2 class='post-title entry-title '  itemprop=\"headline\" >\t<a href='https:\/\/www.herriarte.org\/repositoriweb\/pr_educativos\/cuidando-el-planeta-justicia-ambiental-transicion-ecosocial\/' rel='bookmark' title='Permanent Link: Cuidando el planeta: Juventud y ciudadan\u00eda valenciana movilizadas por la justicia ambiental y la transici\u00f3n ecosocial'>Cuidando el planeta: Juventud y ciudadan\u00eda valenciana movilizadas por la justicia ambiental y la transici\u00f3n ecosocial\t\t\t<span class='post-format-icon minor-meta'><\/span>\t<\/a><\/h2><\/header><div class=\"entry-content\"  itemprop=\"text\" ><p>La emergencia clim\u00e1tica supone el mayor desaf\u00edo global al que se enfrenta el conjunto de la humanidad y esta tiene consecuencias potencialmente devastadoras\u2026<\/p>\n<div class=\"read-more-link\"><a href=\"https:\/\/www.herriarte.org\/repositoriweb\/pr_educativos\/cuidando-el-planeta-justicia-ambiental-transicion-ecosocial\/\" class=\"more-link\">Jarraitu irakurtzen<span class=\"more-link-arrow\">  &rarr;<\/span><\/a><\/div>\n<\/div><footer class=\"entry-footer\"><\/footer><div class='post_delimiter'><\/div><\/div><div class='post_author_timeline'><\/div><\/article><article class='post-entry post-entry-type-standard post-entry-43352 post-loop-2 post-parity-even single-small post proyecto proyecto-educativo section_load_ajax  post-43352 pr_educativos type-pr_educativos status-publish hentry category-dd-hh-defendatzaileentzako-babesa category-lurraldearen-defentsa category-proiektuak'  itemscope=\"itemscope\" itemtype=\"https:\/\/schema.org\/CreativeWork\" ><div class='blog-meta'><a href='https:\/\/www.herriarte.org\/repositoriweb\/pr_educativos\/enredando-resistencias-defensa-bienes-comunes\/' class='small-preview' title='Enredando resistencias por la defensa de los bienes comunes que pongan la vida en el centro.'><span class=\"iconfont\" aria-hidden='true' data-av_icon='\ue836' data-av_iconfont='entypo-fontello'><\/span><\/a><\/div><div class='entry-content-wrapper clearfix standard-content'><header class=\"entry-content-header\"><div class='estado'>En ejecuci\u00f3n<\/div><div class=\"temas\"><div class=\"DDHHdefendatzaileentzakobabesa term-158\">DD.HH. defendatzaileentzako babesa<\/div><div class=\"Lurraldearendefentsa term-149\">Lurraldearen defentsa<\/div><div class=\"clearfix\"><\/div><\/div><div class=\"clearfix\"><\/div><\/span><h2 class='post-title entry-title '  itemprop=\"headline\" >\t<a href='https:\/\/www.herriarte.org\/repositoriweb\/pr_educativos\/enredando-resistencias-defensa-bienes-comunes\/' rel='bookmark' title='Permanent Link: Enredando resistencias por la defensa de los bienes comunes que pongan la vida en el centro.'>Enredando resistencias por la defensa de los bienes comunes que pongan la vida en el centro.\t\t\t<span class='post-format-icon minor-meta'><\/span>\t<\/a><\/h2><\/header><div class=\"entry-content\"  itemprop=\"text\" ><p>El aumento en la violencia, los ataques y la criminalizaci\u00f3n hacia las personas defensoras est\u00e1 favoreciendo el retroceso en el cumplimiento efectivo\u2026<\/p>\n<div class=\"read-more-link\"><a href=\"https:\/\/www.herriarte.org\/repositoriweb\/pr_educativos\/enredando-resistencias-defensa-bienes-comunes\/\" class=\"more-link\">Jarraitu irakurtzen<span class=\"more-link-arrow\">  &rarr;<\/span><\/a><\/div>\n<\/div><footer class=\"entry-footer\"><\/footer><div class='post_delimiter'><\/div><\/div><div class='post_author_timeline'><\/div><\/article><article class='post-entry post-entry-type-standard post-entry-43346 post-loop-3 post-parity-odd single-small post proyecto proyecto-educativo section_load_ajax  post-43346 pr_educativos type-pr_educativos status-publish hentry category-dd-hh-defendatzaileentzako-babesa category-lurraldearen-defentsa'  itemscope=\"itemscope\" itemtype=\"https:\/\/schema.org\/CreativeWork\" ><div class='blog-meta'><a href='https:\/\/www.herriarte.org\/repositoriweb\/pr_educativos\/tejiendo-redes-defensa-ddhh-tierra\/' class='small-preview' title='Tejiendo redes desde Elche para la defensa de los DDHH y de la tierra'><span class=\"iconfont\" aria-hidden='true' data-av_icon='\ue836' data-av_iconfont='entypo-fontello'><\/span><\/a><\/div><div class='entry-content-wrapper clearfix standard-content'><header class=\"entry-content-header\"><div class='estado'>En ejecuci\u00f3n<\/div><div class=\"temas\"><div class=\"DDHHdefendatzaileentzakobabesa term-158\">DD.HH. defendatzaileentzako babesa<\/div><div class=\"Lurraldearendefentsa term-149\">Lurraldearen defentsa<\/div><div class=\"clearfix\"><\/div><\/div><div class=\"clearfix\"><\/div><\/span><h2 class='post-title entry-title '  itemprop=\"headline\" >\t<a href='https:\/\/www.herriarte.org\/repositoriweb\/pr_educativos\/tejiendo-redes-defensa-ddhh-tierra\/' rel='bookmark' title='Permanent Link: Tejiendo redes desde Elche para la defensa de los DDHH y de la tierra'>Tejiendo redes desde Elche para la defensa de los DDHH y de la tierra\t\t\t<span class='post-format-icon minor-meta'><\/span>\t<\/a><\/h2><\/header><div class=\"entry-content\"  itemprop=\"text\" ><p>Este proyecto quiere visibilizar la labor de las defensoras de los DDHH y sus luchas, los modelos de desarrollo que defienden, a la vez que visibilizar\u2026<\/p>\n<div class=\"read-more-link\"><a href=\"https:\/\/www.herriarte.org\/repositoriweb\/pr_educativos\/tejiendo-redes-defensa-ddhh-tierra\/\" class=\"more-link\">Jarraitu irakurtzen<span class=\"more-link-arrow\">  &rarr;<\/span><\/a><\/div>\n<\/div><footer class=\"entry-footer\"><\/footer><div class='post_delimiter'><\/div><\/div><div class='post_author_timeline'><\/div><\/article><article class='post-entry post-entry-type-standard post-entry-24234 post-loop-4 post-parity-even single-small post proyecto proyecto-educativo section_load_ajax with-slider post-24234 pr_educativos type-pr_educativos status-publish has-post-thumbnail hentry category-dd-hh-defendatzaileentzako-babesa category-ekologismo-soziala category-feminismoak category-gaiak category-lurraldeak category-proiektuak'  itemscope=\"itemscope\" itemtype=\"https:\/\/schema.org\/CreativeWork\" ><div class='blog-meta'><a href='https:\/\/www.herriarte.org\/repositoriweb\/pr_educativos\/proteger-el-derecho-a-defender-un-futuro-en-un-mundo-en-emergencia-climatica-y-ecologica\/' class='small-preview' title='Proteger el derecho a defender un futuro en un mundo en emergencia clim\u00e1tica y ecol\u00f3gica'><img loading=\"lazy\" decoding=\"async\" width=\"180\" height=\"180\" src=\"https:\/\/www.herriarte.org\/repositoriweb\/wp-content\/uploads\/2021\/01\/teixint-resistencias-180x180.jpeg\" class=\"wp-image-24231 avia-img-lazy-loading-24231 attachment-square size-square wp-post-image\" alt=\"\" srcset=\"https:\/\/www.herriarte.org\/repositoriweb\/wp-content\/uploads\/2021\/01\/teixint-resistencias-180x180.jpeg 180w, https:\/\/www.herriarte.org\/repositoriweb\/wp-content\/uploads\/2021\/01\/teixint-resistencias-80x80.jpeg 80w, https:\/\/www.herriarte.org\/repositoriweb\/wp-content\/uploads\/2021\/01\/teixint-resistencias-36x36.jpeg 36w, https:\/\/www.herriarte.org\/repositoriweb\/wp-content\/uploads\/2021\/01\/teixint-resistencias-300x300.jpeg 300w\" sizes=\"auto, (max-width: 180px) 100vw, 180px\" \/><span class=\"iconfont\" aria-hidden='true' data-av_icon='\ue836' data-av_iconfont='entypo-fontello'><\/span><\/a><\/div><div class='entry-content-wrapper clearfix standard-content'><header class=\"entry-content-header\"><div class='estado'>En ejecuci\u00f3n<\/div><div class=\"temas\"><div class=\"DDHHdefendatzaileentzakobabesa term-158\">DD.HH. defendatzaileentzako babesa<\/div><div class=\"Ekologismosoziala term-150\">Ekologismo soziala<\/div><div class=\"Feminismoak term-153\">Feminismoak<\/div><div class=\"clearfix\"><\/div><\/div><div class=\"clearfix\"><\/div><\/span><h2 class='post-title entry-title '  itemprop=\"headline\" >\t<a href='https:\/\/www.herriarte.org\/repositoriweb\/pr_educativos\/proteger-el-derecho-a-defender-un-futuro-en-un-mundo-en-emergencia-climatica-y-ecologica\/' rel='bookmark' title='Permanent Link: Proteger el derecho a defender un futuro en un mundo en emergencia clim\u00e1tica y ecol\u00f3gica'>Proteger el derecho a defender un futuro en un mundo en emergencia clim\u00e1tica y ecol\u00f3gica\t\t\t<span class='post-format-icon minor-meta'><\/span>\t<\/a><\/h2><\/header><div class=\"entry-content\"  itemprop=\"text\" ><p>El programa que presentamos Entrepueblos y IDHC es continuidad del aprobado en convocatoria 2017 \u00a0actualmente en curso. En la descripci\u00f3n del programa\u2026<\/p>\n<div class=\"read-more-link\"><a href=\"https:\/\/www.herriarte.org\/repositoriweb\/pr_educativos\/proteger-el-derecho-a-defender-un-futuro-en-un-mundo-en-emergencia-climatica-y-ecologica\/\" class=\"more-link\">Jarraitu irakurtzen<span class=\"more-link-arrow\">  &rarr;<\/span><\/a><\/div>\n<\/div><footer class=\"entry-footer\"><\/footer><div class='post_delimiter'><\/div><\/div><div class='post_author_timeline'><\/div><\/article><article class='post-entry post-entry-type-standard post-entry-24147 post-loop-5 post-parity-odd single-small post proyecto proyecto-educativo section_load_ajax with-slider post-24147 pr_educativos type-pr_educativos status-publish has-post-thumbnail hentry category-blogak category-proiektuak'  itemscope=\"itemscope\" itemtype=\"https:\/\/schema.org\/CreativeWork\" ><div class='blog-meta'><a href='https:\/\/www.herriarte.org\/repositoriweb\/pr_educativos\/cultopias-iniciativas-culturales-para-transformar-el-mundo\/' class='small-preview' title='Cultop\u00edas: Iniciativas culturales para transformar el mundo'><img loading=\"lazy\" decoding=\"async\" width=\"180\" height=\"180\" src=\"https:\/\/www.herriarte.org\/repositoriweb\/wp-content\/uploads\/2021\/01\/Cultopias_Gral_2-180x180.jpg\" class=\"wp-image-24144 avia-img-lazy-loading-24144 attachment-square size-square wp-post-image\" alt=\"\" srcset=\"https:\/\/www.herriarte.org\/repositoriweb\/wp-content\/uploads\/2021\/01\/Cultopias_Gral_2-180x180.jpg 180w, https:\/\/www.herriarte.org\/repositoriweb\/wp-content\/uploads\/2021\/01\/Cultopias_Gral_2-80x80.jpg 80w, https:\/\/www.herriarte.org\/repositoriweb\/wp-content\/uploads\/2021\/01\/Cultopias_Gral_2-36x36.jpg 36w, https:\/\/www.herriarte.org\/repositoriweb\/wp-content\/uploads\/2021\/01\/Cultopias_Gral_2-300x300.jpg 300w\" sizes=\"auto, (max-width: 180px) 100vw, 180px\" \/><span class=\"iconfont\" aria-hidden='true' data-av_icon='\ue836' data-av_iconfont='entypo-fontello'><\/span><\/a><\/div><div class='entry-content-wrapper clearfix standard-content'><header class=\"entry-content-header\"><div class='estado'>En ejecuci\u00f3n<\/div><div class=\"formato\"><div class=\"Blogak\">Blogak<\/div><div class=\"clearfix\"><\/div><\/div><div class=\"clearfix\"><\/div><\/span><h2 class='post-title entry-title '  itemprop=\"headline\" >\t<a href='https:\/\/www.herriarte.org\/repositoriweb\/pr_educativos\/cultopias-iniciativas-culturales-para-transformar-el-mundo\/' rel='bookmark' title='Permanent Link: Cultop\u00edas: Iniciativas culturales para transformar el mundo'>Cultop\u00edas: Iniciativas culturales para transformar el mundo\t\t\t<span class='post-format-icon minor-meta'><\/span>\t<\/a><\/h2><\/header><div class=\"entry-content\"  itemprop=\"text\" ><p>Con el presente proyecto se pretende crear un &#8220;contenedor cultural&#8221; web con las creaciones de colectivos que ponen sus diferentes artes en\u2026<\/p>\n<div class=\"read-more-link\"><a href=\"https:\/\/www.herriarte.org\/repositoriweb\/pr_educativos\/cultopias-iniciativas-culturales-para-transformar-el-mundo\/\" class=\"more-link\">Jarraitu irakurtzen<span class=\"more-link-arrow\">  &rarr;<\/span><\/a><\/div>\n<\/div><footer class=\"entry-footer\"><\/footer><div class='post_delimiter'><\/div><\/div><div class='post_author_timeline'><\/div><\/article><article class='post-entry post-entry-type-standard post-entry-5797 post-loop-6 post-parity-even single-small post proyecto proyecto-educativo section_load_ajax proyecto-terminado with-slider post-5797 pr_educativos type-pr_educativos status-publish has-post-thumbnail hentry category-feminismoak category-proiektuak'  itemscope=\"itemscope\" itemtype=\"https:\/\/schema.org\/CreativeWork\" ><div class='blog-meta'><a href='https:\/\/www.herriarte.org\/repositoriweb\/pr_educativos\/ciutats-i-pobles-vivibles-per-a-totes-i-tots-catalunya-des-de-la-diversitat-que-lhabita\/' class='small-preview' title='Ciutats i pobles vivibles per a totes i tots: Catalunya des de la diversitat que l\u2019habita'><img loading=\"lazy\" decoding=\"async\" width=\"180\" height=\"180\" src=\"https:\/\/www.herriarte.org\/repositoriweb\/wp-content\/uploads\/2018\/08\/5.-Catalunya-_Ciutats-i-pobles-vivibles-per-180x180.jpg\" class=\"wp-image-9421 avia-img-lazy-loading-9421 attachment-square size-square wp-post-image\" alt=\"\" srcset=\"https:\/\/www.herriarte.org\/repositoriweb\/wp-content\/uploads\/2018\/08\/5.-Catalunya-_Ciutats-i-pobles-vivibles-per-180x180.jpg 180w, https:\/\/www.herriarte.org\/repositoriweb\/wp-content\/uploads\/2018\/08\/5.-Catalunya-_Ciutats-i-pobles-vivibles-per-80x80.jpg 80w, https:\/\/www.herriarte.org\/repositoriweb\/wp-content\/uploads\/2018\/08\/5.-Catalunya-_Ciutats-i-pobles-vivibles-per-36x36.jpg 36w, https:\/\/www.herriarte.org\/repositoriweb\/wp-content\/uploads\/2018\/08\/5.-Catalunya-_Ciutats-i-pobles-vivibles-per-120x120.jpg 120w, https:\/\/www.herriarte.org\/repositoriweb\/wp-content\/uploads\/2018\/08\/5.-Catalunya-_Ciutats-i-pobles-vivibles-per-300x300.jpg 300w, https:\/\/www.herriarte.org\/repositoriweb\/wp-content\/uploads\/2018\/08\/5.-Catalunya-_Ciutats-i-pobles-vivibles-per-450x450.jpg 450w\" sizes=\"auto, (max-width: 180px) 100vw, 180px\" \/><span class=\"iconfont\" aria-hidden='true' data-av_icon='\ue836' data-av_iconfont='entypo-fontello'><\/span><\/a><\/div><div class='entry-content-wrapper clearfix standard-content'><header class=\"entry-content-header\"><div class='estado'>Terminado<\/div><div class=\"temas\"><div class=\"Feminismoak term-153\">Feminismoak<\/div><div class=\"clearfix\"><\/div><\/div><div class=\"clearfix\"><\/div><\/span><h2 class='post-title entry-title '  itemprop=\"headline\" >\t<a href='https:\/\/www.herriarte.org\/repositoriweb\/pr_educativos\/ciutats-i-pobles-vivibles-per-a-totes-i-tots-catalunya-des-de-la-diversitat-que-lhabita\/' rel='bookmark' title='Permanent Link: Ciutats i pobles vivibles per a totes i tots: Catalunya des de la diversitat que l\u2019habita'>Ciutats i pobles vivibles per a totes i tots: Catalunya des de la diversitat que l\u2019habita\t\t\t<span class='post-format-icon minor-meta'><\/span>\t<\/a><\/h2><\/header><div class=\"entry-content\"  itemprop=\"text\" ><p>Empoderar a les colectivos de mujeres catalanas y otras personas implicadas, construyendo alianzas para mejorar la calidad de su acci\u00f3n individual, comunitaria\u2026<\/p>\n<div class=\"read-more-link\"><a href=\"https:\/\/www.herriarte.org\/repositoriweb\/pr_educativos\/ciutats-i-pobles-vivibles-per-a-totes-i-tots-catalunya-des-de-la-diversitat-que-lhabita\/\" class=\"more-link\">Jarraitu irakurtzen<span class=\"more-link-arrow\">  &rarr;<\/span><\/a><\/div>\n<\/div><footer class=\"entry-footer\"><\/footer><div class='post_delimiter'><\/div><\/div><div class='post_author_timeline'><\/div><\/article><article class='post-entry post-entry-type-standard post-entry-5773 post-loop-7 post-parity-odd single-small post proyecto proyecto-educativo section_load_ajax proyecto-terminado with-slider post-5773 pr_educativos type-pr_educativos status-publish has-post-thumbnail hentry category-ekologismo-soziala category-elikadura-subiranotasuna category-feminismoak category-gaiak'  itemscope=\"itemscope\" itemtype=\"https:\/\/schema.org\/CreativeWork\" ><div class='blog-meta'><a href='https:\/\/www.herriarte.org\/repositoriweb\/pr_educativos\/las-personas-y-el-planeta-primero-defender-a-quienes-defienden\/' class='small-preview' title='Las personas y el planeta primero: defender a quienes defienden.'><img loading=\"lazy\" decoding=\"async\" width=\"180\" height=\"180\" src=\"https:\/\/www.herriarte.org\/repositoriweb\/wp-content\/uploads\/2018\/07\/Las-personas-y-el-planeta-180x180.jpg\" class=\"wp-image-9415 avia-img-lazy-loading-9415 attachment-square size-square wp-post-image\" alt=\"\" srcset=\"https:\/\/www.herriarte.org\/repositoriweb\/wp-content\/uploads\/2018\/07\/Las-personas-y-el-planeta-180x180.jpg 180w, https:\/\/www.herriarte.org\/repositoriweb\/wp-content\/uploads\/2018\/07\/Las-personas-y-el-planeta-80x80.jpg 80w, https:\/\/www.herriarte.org\/repositoriweb\/wp-content\/uploads\/2018\/07\/Las-personas-y-el-planeta-36x36.jpg 36w, https:\/\/www.herriarte.org\/repositoriweb\/wp-content\/uploads\/2018\/07\/Las-personas-y-el-planeta-120x120.jpg 120w, https:\/\/www.herriarte.org\/repositoriweb\/wp-content\/uploads\/2018\/07\/Las-personas-y-el-planeta-450x450.jpg 450w, https:\/\/www.herriarte.org\/repositoriweb\/wp-content\/uploads\/2018\/07\/Las-personas-y-el-planeta-300x300.jpg 300w\" sizes=\"auto, (max-width: 180px) 100vw, 180px\" \/><span class=\"iconfont\" aria-hidden='true' data-av_icon='\ue836' data-av_iconfont='entypo-fontello'><\/span><\/a><\/div><div class='entry-content-wrapper clearfix standard-content'><header class=\"entry-content-header\"><div class='estado'>Terminado<\/div><div class=\"temas\"><div class=\"Ekologismosoziala term-150\">Ekologismo soziala<\/div><div class=\"Elikadurasubiranotasuna term-160\">Elikadura-subiranotasuna<\/div><div class=\"Feminismoak term-153\">Feminismoak<\/div><div class=\"clearfix\"><\/div><\/div><div class=\"clearfix\"><\/div><\/span><h2 class='post-title entry-title '  itemprop=\"headline\" >\t<a href='https:\/\/www.herriarte.org\/repositoriweb\/pr_educativos\/las-personas-y-el-planeta-primero-defender-a-quienes-defienden\/' rel='bookmark' title='Permanent Link: Las personas y el planeta primero: defender a quienes defienden.'>Las personas y el planeta primero: defender a quienes defienden.\t\t\t<span class='post-format-icon minor-meta'><\/span>\t<\/a><\/h2><\/header><div class=\"entry-content\"  itemprop=\"text\" ><p>Impulsar un debate ciudadano entorno a la defensa del planeta, los l\u00edmites del crecimiento, generando recursos y espacios de trabajo en red, que tengan\u2026<\/p>\n<div class=\"read-more-link\"><a href=\"https:\/\/www.herriarte.org\/repositoriweb\/pr_educativos\/las-personas-y-el-planeta-primero-defender-a-quienes-defienden\/\" class=\"more-link\">Jarraitu irakurtzen<span class=\"more-link-arrow\">  &rarr;<\/span><\/a><\/div>\n<\/div><footer class=\"entry-footer\"><\/footer><div class='post_delimiter'><\/div><\/div><div class='post_author_timeline'><\/div><\/article><article class='post-entry post-entry-type-standard post-entry-5763 post-loop-8 post-parity-even single-small post proyecto proyecto-educativo section_load_ajax proyecto-terminado with-slider post-5763 pr_educativos type-pr_educativos status-publish has-post-thumbnail hentry category-dd-hh-defendatzaileentzako-babesa category-feminismoak category-gaiak category-multinazionalak-eta-hitzarmenak'  itemscope=\"itemscope\" itemtype=\"https:\/\/schema.org\/CreativeWork\" ><div class='blog-meta'><a href='https:\/\/www.herriarte.org\/repositoriweb\/pr_educativos\/tejiendo-redes-de-complicidad-con-america-latina-por-el-cuidado-de-los-derechos-de-todas-y-todos\/' class='small-preview' title='Tejiendo redes de complicidad con Am\u00e9rica Latina por el cuidado de los derechos de todas y todos.'><img loading=\"lazy\" decoding=\"async\" width=\"180\" height=\"180\" src=\"https:\/\/www.herriarte.org\/repositoriweb\/wp-content\/uploads\/2018\/07\/Actua-y-participa-180x180.jpg\" class=\"wp-image-9412 avia-img-lazy-loading-9412 attachment-square size-square wp-post-image\" alt=\"\" srcset=\"https:\/\/www.herriarte.org\/repositoriweb\/wp-content\/uploads\/2018\/07\/Actua-y-participa-180x180.jpg 180w, https:\/\/www.herriarte.org\/repositoriweb\/wp-content\/uploads\/2018\/07\/Actua-y-participa-80x80.jpg 80w, https:\/\/www.herriarte.org\/repositoriweb\/wp-content\/uploads\/2018\/07\/Actua-y-participa-36x36.jpg 36w, https:\/\/www.herriarte.org\/repositoriweb\/wp-content\/uploads\/2018\/07\/Actua-y-participa-120x120.jpg 120w, https:\/\/www.herriarte.org\/repositoriweb\/wp-content\/uploads\/2018\/07\/Actua-y-participa-450x450.jpg 450w, https:\/\/www.herriarte.org\/repositoriweb\/wp-content\/uploads\/2018\/07\/Actua-y-participa-300x300.jpg 300w\" sizes=\"auto, (max-width: 180px) 100vw, 180px\" \/><span class=\"iconfont\" aria-hidden='true' data-av_icon='\ue836' data-av_iconfont='entypo-fontello'><\/span><\/a><\/div><div class='entry-content-wrapper clearfix standard-content'><header class=\"entry-content-header\"><div class='estado'>Terminado<\/div><div class=\"temas\"><div class=\"DDHHdefendatzaileentzakobabesa term-158\">DD.HH. defendatzaileentzako babesa<\/div><div class=\"Feminismoak term-153\">Feminismoak<\/div><div class=\"Multinazionalaketahitzarmenak term-156\">Multinazionalak eta hitzarmenak<\/div><div class=\"clearfix\"><\/div><\/div><div class=\"clearfix\"><\/div><\/span><h2 class='post-title entry-title '  itemprop=\"headline\" >\t<a href='https:\/\/www.herriarte.org\/repositoriweb\/pr_educativos\/tejiendo-redes-de-complicidad-con-america-latina-por-el-cuidado-de-los-derechos-de-todas-y-todos\/' rel='bookmark' title='Permanent Link: Tejiendo redes de complicidad con Am\u00e9rica Latina por el cuidado de los derechos de todas y todos.'>Tejiendo redes de complicidad con Am\u00e9rica Latina por el cuidado de los derechos de todas y todos.\t\t\t<span class='post-format-icon minor-meta'><\/span>\t<\/a><\/h2><\/header><div class=\"entry-content\"  itemprop=\"text\" ><p>Promover la concertaci\u00f3n entre el conjunto de actores p\u00fablicos y privados de Barcelona implicados en la Educaci\u00f3n para el Desarrollo, la Educaci\u00f3n\u2026<\/p>\n<div class=\"read-more-link\"><a href=\"https:\/\/www.herriarte.org\/repositoriweb\/pr_educativos\/tejiendo-redes-de-complicidad-con-america-latina-por-el-cuidado-de-los-derechos-de-todas-y-todos\/\" class=\"more-link\">Jarraitu irakurtzen<span class=\"more-link-arrow\">  &rarr;<\/span><\/a><\/div>\n<\/div><footer class=\"entry-footer\"><\/footer><div class='post_delimiter'><\/div><\/div><div class='post_author_timeline'><\/div><\/article><article class='post-entry post-entry-type-standard post-entry-5745 post-loop-9 post-parity-odd single-small post proyecto proyecto-educativo section_load_ajax proyecto-terminado with-slider post-5745 pr_educativos type-pr_educativos status-publish has-post-thumbnail hentry category-ekonomia-sozial-eta-solidarioa category-elikadura-subiranotasuna category-gaiak'  itemscope=\"itemscope\" itemtype=\"https:\/\/schema.org\/CreativeWork\" ><div class='blog-meta'><a href='https:\/\/www.herriarte.org\/repositoriweb\/pr_educativos\/educacion-en-el-consumo-responsable-en-los-comedores-escolares-de-barcelona\/' class='small-preview' title='Educaci\u00f3n en el consumo responsable en los comedores escolares de Barcelona'><img loading=\"lazy\" decoding=\"async\" width=\"180\" height=\"180\" src=\"https:\/\/www.herriarte.org\/repositoriweb\/wp-content\/uploads\/2018\/07\/Educacion-en-el-consumo-responsable-180x180.jpg\" class=\"wp-image-9409 avia-img-lazy-loading-9409 attachment-square size-square wp-post-image\" alt=\"\" srcset=\"https:\/\/www.herriarte.org\/repositoriweb\/wp-content\/uploads\/2018\/07\/Educacion-en-el-consumo-responsable-180x180.jpg 180w, https:\/\/www.herriarte.org\/repositoriweb\/wp-content\/uploads\/2018\/07\/Educacion-en-el-consumo-responsable-80x80.jpg 80w, https:\/\/www.herriarte.org\/repositoriweb\/wp-content\/uploads\/2018\/07\/Educacion-en-el-consumo-responsable-36x36.jpg 36w, https:\/\/www.herriarte.org\/repositoriweb\/wp-content\/uploads\/2018\/07\/Educacion-en-el-consumo-responsable-120x120.jpg 120w, https:\/\/www.herriarte.org\/repositoriweb\/wp-content\/uploads\/2018\/07\/Educacion-en-el-consumo-responsable-450x450.jpg 450w, https:\/\/www.herriarte.org\/repositoriweb\/wp-content\/uploads\/2018\/07\/Educacion-en-el-consumo-responsable-300x300.jpg 300w\" sizes=\"auto, (max-width: 180px) 100vw, 180px\" \/><span class=\"iconfont\" aria-hidden='true' data-av_icon='\ue836' data-av_iconfont='entypo-fontello'><\/span><\/a><\/div><div class='entry-content-wrapper clearfix standard-content'><header class=\"entry-content-header\"><div class='estado'>Terminado<\/div><div class=\"temas\"><div class=\"Ekonomiasozialetasolidarioa term-151\">Ekonomia sozial eta solidarioa<\/div><div class=\"Elikadurasubiranotasuna term-160\">Elikadura-subiranotasuna<\/div><div class=\"clearfix\"><\/div><\/div><div class=\"clearfix\"><\/div><\/span><h2 class='post-title entry-title '  itemprop=\"headline\" >\t<a href='https:\/\/www.herriarte.org\/repositoriweb\/pr_educativos\/educacion-en-el-consumo-responsable-en-los-comedores-escolares-de-barcelona\/' rel='bookmark' title='Permanent Link: Educaci\u00f3n en el consumo responsable en los comedores escolares de Barcelona'>Educaci\u00f3n en el consumo responsable en los comedores escolares de Barcelona\t\t\t<span class='post-format-icon minor-meta'><\/span>\t<\/a><\/h2><\/header><div class=\"entry-content\"  itemprop=\"text\" ><p>Establecer las bases para incidir e incrementar el consumo responsable en los comedores escolares de Barcelona en basa a criterios ecol\u00f3gicos, de proximidad\u2026<\/p>\n<div class=\"read-more-link\"><a href=\"https:\/\/www.herriarte.org\/repositoriweb\/pr_educativos\/educacion-en-el-consumo-responsable-en-los-comedores-escolares-de-barcelona\/\" class=\"more-link\">Jarraitu irakurtzen<span class=\"more-link-arrow\">  &rarr;<\/span><\/a><\/div>\n<\/div><footer class=\"entry-footer\"><\/footer><div class='post_delimiter'><\/div><\/div><div class='post_author_timeline'><\/div><\/article><article class='post-entry post-entry-type-standard post-entry-5736 post-loop-10 post-parity-even single-small post proyecto proyecto-educativo section_load_ajax proyecto-terminado with-slider post-5736 pr_educativos type-pr_educativos status-publish has-post-thumbnail hentry category-gaiak category-migrazioak-eta-aterpea'  itemscope=\"itemscope\" itemtype=\"https:\/\/schema.org\/CreativeWork\" ><div class='blog-meta'><a href='https:\/\/www.herriarte.org\/repositoriweb\/pr_educativos\/hacia-el-tribunal-permanente-de-los-pueblos-tpp-sobre-la-violacion-con-impunidad-de-los-derechos-humanos-de-las-personas-migrantes-y-refugiadas\/' class='small-preview' title='Hacia el Tribunal Permanente de los Pueblos (TPP)  sobre la violaci\u00f3n con impunidad de los derechos humanos de las personas migrantes y refugiadas'><img loading=\"lazy\" decoding=\"async\" width=\"180\" height=\"180\" src=\"https:\/\/www.herriarte.org\/repositoriweb\/wp-content\/uploads\/2018\/08\/10.-Catalunya-Hacia-el-Tribunal-1-180x180.jpg\" class=\"wp-image-9407 avia-img-lazy-loading-9407 attachment-square size-square wp-post-image\" alt=\"\" srcset=\"https:\/\/www.herriarte.org\/repositoriweb\/wp-content\/uploads\/2018\/08\/10.-Catalunya-Hacia-el-Tribunal-1-180x180.jpg 180w, https:\/\/www.herriarte.org\/repositoriweb\/wp-content\/uploads\/2018\/08\/10.-Catalunya-Hacia-el-Tribunal-1-80x80.jpg 80w, https:\/\/www.herriarte.org\/repositoriweb\/wp-content\/uploads\/2018\/08\/10.-Catalunya-Hacia-el-Tribunal-1-36x36.jpg 36w, https:\/\/www.herriarte.org\/repositoriweb\/wp-content\/uploads\/2018\/08\/10.-Catalunya-Hacia-el-Tribunal-1-120x120.jpg 120w, https:\/\/www.herriarte.org\/repositoriweb\/wp-content\/uploads\/2018\/08\/10.-Catalunya-Hacia-el-Tribunal-1-450x450.jpg 450w, https:\/\/www.herriarte.org\/repositoriweb\/wp-content\/uploads\/2018\/08\/10.-Catalunya-Hacia-el-Tribunal-1-300x300.jpg 300w\" sizes=\"auto, (max-width: 180px) 100vw, 180px\" \/><span class=\"iconfont\" aria-hidden='true' data-av_icon='\ue836' data-av_iconfont='entypo-fontello'><\/span><\/a><\/div><div class='entry-content-wrapper clearfix standard-content'><header class=\"entry-content-header\"><div class='estado'>Terminado<\/div><div class=\"temas\"><div class=\"Migrazioaketaaterpea term-155\">Migrazioak eta aterpea<\/div><div class=\"clearfix\"><\/div><\/div><div class=\"clearfix\"><\/div><\/span><h2 class='post-title entry-title '  itemprop=\"headline\" >\t<a href='https:\/\/www.herriarte.org\/repositoriweb\/pr_educativos\/hacia-el-tribunal-permanente-de-los-pueblos-tpp-sobre-la-violacion-con-impunidad-de-los-derechos-humanos-de-las-personas-migrantes-y-refugiadas\/' rel='bookmark' title='Permanent Link: Hacia el Tribunal Permanente de los Pueblos (TPP)  sobre la violaci\u00f3n con impunidad de los derechos humanos de las personas migrantes y refugiadas'>Hacia el Tribunal Permanente de los Pueblos (TPP)  sobre la violaci\u00f3n con impunidad de los derechos humanos de las personas migrantes y refugiadas\t\t\t<span class='post-format-icon minor-meta'><\/span>\t<\/a><\/h2><\/header><div class=\"entry-content\"  itemprop=\"text\" ><p>Celebrar una sesi\u00f3n espec\u00edfica del Tribunal Permanente de los Pueblos (TPP) con el objetivo de identificar y juzgar la cadena de corresponsabilidad en\u2026<\/p>\n<div class=\"read-more-link\"><a href=\"https:\/\/www.herriarte.org\/repositoriweb\/pr_educativos\/hacia-el-tribunal-permanente-de-los-pueblos-tpp-sobre-la-violacion-con-impunidad-de-los-derechos-humanos-de-las-personas-migrantes-y-refugiadas\/\" class=\"more-link\">Jarraitu irakurtzen<span class=\"more-link-arrow\">  &rarr;<\/span><\/a><\/div>\n<\/div><footer class=\"entry-footer\"><\/footer><div class='post_delimiter'><\/div><\/div><div class='post_author_timeline'><\/div><\/article><article class='post-entry post-entry-type-standard post-entry-5732 post-loop-11 post-parity-odd single-small post proyecto proyecto-educativo section_load_ajax proyecto-terminado with-slider post-5732 pr_educativos type-pr_educativos status-publish has-post-thumbnail hentry category-dd-hh-defendatzaileentzako-babesa category-gaiak category-heziketa-emantzipatzailea category-proiektuak'  itemscope=\"itemscope\" itemtype=\"https:\/\/schema.org\/CreativeWork\" ><div class='blog-meta'><a href='https:\/\/www.herriarte.org\/repositoriweb\/pr_educativos\/idear-herramientas-de-apoyo-a-personas-perseguidas-por-defender-los-derechos-humanos-y-la-naturaleza\/' class='small-preview' title='&#8220;Germinando rebeld\u00edas&#8221; Idear herramientas de apoyo a personas perseguidas por defender los Derechos Humanos y la Naturaleza'><img loading=\"lazy\" decoding=\"async\" width=\"180\" height=\"180\" src=\"https:\/\/www.herriarte.org\/repositoriweb\/wp-content\/uploads\/2018\/07\/Idear-herramientas-180x180.jpg\" class=\"wp-image-9404 avia-img-lazy-loading-9404 attachment-square size-square wp-post-image\" alt=\"\" srcset=\"https:\/\/www.herriarte.org\/repositoriweb\/wp-content\/uploads\/2018\/07\/Idear-herramientas-180x180.jpg 180w, https:\/\/www.herriarte.org\/repositoriweb\/wp-content\/uploads\/2018\/07\/Idear-herramientas-80x80.jpg 80w, https:\/\/www.herriarte.org\/repositoriweb\/wp-content\/uploads\/2018\/07\/Idear-herramientas-36x36.jpg 36w, https:\/\/www.herriarte.org\/repositoriweb\/wp-content\/uploads\/2018\/07\/Idear-herramientas-120x120.jpg 120w, https:\/\/www.herriarte.org\/repositoriweb\/wp-content\/uploads\/2018\/07\/Idear-herramientas-450x450.jpg 450w, https:\/\/www.herriarte.org\/repositoriweb\/wp-content\/uploads\/2018\/07\/Idear-herramientas-300x300.jpg 300w\" sizes=\"auto, (max-width: 180px) 100vw, 180px\" \/><span class=\"iconfont\" aria-hidden='true' data-av_icon='\ue836' data-av_iconfont='entypo-fontello'><\/span><\/a><\/div><div class='entry-content-wrapper clearfix standard-content'><header class=\"entry-content-header\"><div class='estado'>Terminado<\/div><div class=\"temas\"><div class=\"DDHHdefendatzaileentzakobabesa term-158\">DD.HH. defendatzaileentzako babesa<\/div><div class=\"Heziketaemantzipatzailea term-152\">Heziketa emantzipatzailea<\/div><div class=\"clearfix\"><\/div><\/div><div class=\"clearfix\"><\/div><\/span><h2 class='post-title entry-title '  itemprop=\"headline\" >\t<a href='https:\/\/www.herriarte.org\/repositoriweb\/pr_educativos\/idear-herramientas-de-apoyo-a-personas-perseguidas-por-defender-los-derechos-humanos-y-la-naturaleza\/' rel='bookmark' title='Permanent Link: &#8220;Germinando rebeld\u00edas&#8221; Idear herramientas de apoyo a personas perseguidas por defender los Derechos Humanos y la Naturaleza'>&#8220;Germinando rebeld\u00edas&#8221; Idear herramientas de apoyo a personas perseguidas por defender los Derechos Humanos y la Naturaleza\t\t\t<span class='post-format-icon minor-meta'><\/span>\t<\/a><\/h2><\/header><div class=\"entry-content\"  itemprop=\"text\" ><p>Se trata de un proyecto creativo, de construcci\u00f3n comunitaria de instrumentos colectivos para la defensa de personas perseguidas. Se desarrollar\u00e1 mediante\u2026<\/p>\n<div class=\"read-more-link\"><a href=\"https:\/\/www.herriarte.org\/repositoriweb\/pr_educativos\/idear-herramientas-de-apoyo-a-personas-perseguidas-por-defender-los-derechos-humanos-y-la-naturaleza\/\" class=\"more-link\">Jarraitu irakurtzen<span class=\"more-link-arrow\">  &rarr;<\/span><\/a><\/div>\n<\/div><footer class=\"entry-footer\"><\/footer><div class='post_delimiter'><\/div><\/div><div class='post_author_timeline'><\/div><\/article><article class='post-entry post-entry-type-standard post-entry-5826 post-loop-12 post-parity-even single-small post proyecto proyecto-educativo section_load_ajax proyecto-terminado  post-5826 pr_educativos type-pr_educativos status-publish hentry category-feminismoak category-gaiak category-proiektuak'  itemscope=\"itemscope\" itemtype=\"https:\/\/schema.org\/CreativeWork\" ><div class='blog-meta'><a href='https:\/\/www.herriarte.org\/repositoriweb\/pr_educativos\/ciudades-vivibles-y-acogedoras-para-todas-y-todos-desde-la-diversidad-que-las-habita\/' class='small-preview' title='Ciudades vivibles y acogedoras para todas y todos, desde la diversidad que las habita'><span class=\"iconfont\" aria-hidden='true' data-av_icon='\ue836' data-av_iconfont='entypo-fontello'><\/span><\/a><\/div><div class='entry-content-wrapper clearfix standard-content'><header class=\"entry-content-header\"><div class='estado'>Terminado<\/div><div class=\"temas\"><div class=\"Feminismoak term-153\">Feminismoak<\/div><div class=\"clearfix\"><\/div><\/div><div class=\"clearfix\"><\/div><\/span><h2 class='post-title entry-title '  itemprop=\"headline\" >\t<a href='https:\/\/www.herriarte.org\/repositoriweb\/pr_educativos\/ciudades-vivibles-y-acogedoras-para-todas-y-todos-desde-la-diversidad-que-las-habita\/' rel='bookmark' title='Permanent Link: Ciudades vivibles y acogedoras para todas y todos, desde la diversidad que las habita'>Ciudades vivibles y acogedoras para todas y todos, desde la diversidad que las habita\t\t\t<span class='post-format-icon minor-meta'><\/span>\t<\/a><\/h2><\/header><div class=\"entry-content\"  itemprop=\"text\" ><p>Este proyecto quiere ampliar el \u00e1rea de acci\u00f3n territorial m\u00e1s all\u00e1 de la ciudad de Barcelona, \u200b\u200babarcando zonas y localidades de Tarragona, Lleida\u2026<\/p>\n<div class=\"read-more-link\"><a href=\"https:\/\/www.herriarte.org\/repositoriweb\/pr_educativos\/ciudades-vivibles-y-acogedoras-para-todas-y-todos-desde-la-diversidad-que-las-habita\/\" class=\"more-link\">Jarraitu irakurtzen<span class=\"more-link-arrow\">  &rarr;<\/span><\/a><\/div>\n<\/div><footer class=\"entry-footer\"><\/footer><div class='post_delimiter'><\/div><\/div><div class='post_author_timeline'><\/div><\/article><article class='post-entry post-entry-type-standard post-entry-5806 post-loop-13 post-parity-odd single-small post proyecto proyecto-educativo section_load_ajax proyecto-terminado with-slider post-5806 pr_educativos type-pr_educativos status-publish has-post-thumbnail hentry category-feminismoak category-gaiak category-migrazioak-eta-aterpea category-proiektuak'  itemscope=\"itemscope\" itemtype=\"https:\/\/schema.org\/CreativeWork\" ><div class='blog-meta'><a href='https:\/\/www.herriarte.org\/repositoriweb\/pr_educativos\/las-que-ya-estan-aqui-las-refugiadas-invisibles\/' class='small-preview' title='Las que ya est\u00e1n aqu\u00ed: las refugiadas invisibles'><img loading=\"lazy\" decoding=\"async\" width=\"180\" height=\"180\" src=\"https:\/\/www.herriarte.org\/repositoriweb\/wp-content\/uploads\/2018\/08\/4.-Barcelona-Las-que-ya-180x180.jpg\" class=\"wp-image-9424 avia-img-lazy-loading-9424 attachment-square size-square wp-post-image\" alt=\"\" srcset=\"https:\/\/www.herriarte.org\/repositoriweb\/wp-content\/uploads\/2018\/08\/4.-Barcelona-Las-que-ya-180x180.jpg 180w, https:\/\/www.herriarte.org\/repositoriweb\/wp-content\/uploads\/2018\/08\/4.-Barcelona-Las-que-ya-80x80.jpg 80w, https:\/\/www.herriarte.org\/repositoriweb\/wp-content\/uploads\/2018\/08\/4.-Barcelona-Las-que-ya-36x36.jpg 36w, https:\/\/www.herriarte.org\/repositoriweb\/wp-content\/uploads\/2018\/08\/4.-Barcelona-Las-que-ya-120x120.jpg 120w, https:\/\/www.herriarte.org\/repositoriweb\/wp-content\/uploads\/2018\/08\/4.-Barcelona-Las-que-ya-450x450.jpg 450w, https:\/\/www.herriarte.org\/repositoriweb\/wp-content\/uploads\/2018\/08\/4.-Barcelona-Las-que-ya-300x300.jpg 300w\" sizes=\"auto, (max-width: 180px) 100vw, 180px\" \/><span class=\"iconfont\" aria-hidden='true' data-av_icon='\ue836' data-av_iconfont='entypo-fontello'><\/span><\/a><\/div><div class='entry-content-wrapper clearfix standard-content'><header class=\"entry-content-header\"><div class='estado'>Terminado<\/div><div class=\"temas\"><div class=\"Feminismoak term-153\">Feminismoak<\/div><div class=\"Migrazioaketaaterpea term-155\">Migrazioak eta aterpea<\/div><div class=\"clearfix\"><\/div><\/div><div class=\"clearfix\"><\/div><\/span><h2 class='post-title entry-title '  itemprop=\"headline\" >\t<a href='https:\/\/www.herriarte.org\/repositoriweb\/pr_educativos\/las-que-ya-estan-aqui-las-refugiadas-invisibles\/' rel='bookmark' title='Permanent Link: Las que ya est\u00e1n aqu\u00ed: las refugiadas invisibles'>Las que ya est\u00e1n aqu\u00ed: las refugiadas invisibles\t\t\t<span class='post-format-icon minor-meta'><\/span>\t<\/a><\/h2><\/header><div class=\"entry-content\"  itemprop=\"text\" ><p>Este proyecto, tiene como objetivo mejorar capacidades y herramientas de la sociedad civil organizada para incidir en el contexto pol\u00edtico y legal vulnerador\u2026<\/p>\n<div class=\"read-more-link\"><a href=\"https:\/\/www.herriarte.org\/repositoriweb\/pr_educativos\/las-que-ya-estan-aqui-las-refugiadas-invisibles\/\" class=\"more-link\">Jarraitu irakurtzen<span class=\"more-link-arrow\">  &rarr;<\/span><\/a><\/div>\n<\/div><footer class=\"entry-footer\"><\/footer><div class='post_delimiter'><\/div><\/div><div class='post_author_timeline'><\/div><\/article><article class='post-entry post-entry-type-standard post-entry-5816 post-loop-14 post-parity-even single-small post proyecto proyecto-educativo section_load_ajax proyecto-terminado with-slider post-5816 pr_educativos type-pr_educativos status-publish has-post-thumbnail hentry category-gaiak category-multinazionalak-eta-hitzarmenak'  itemscope=\"itemscope\" itemtype=\"https:\/\/schema.org\/CreativeWork\" ><div class='blog-meta'><a href='https:\/\/www.herriarte.org\/repositoriweb\/pr_educativos\/barcelona-a-la-alianza-europea-de-municipios-y-regiones-frente-los-tratados-de-libre-comercio-e-inversiones\/' class='small-preview' title='Barcelona a la Alianza Europea de Municipios y Regiones frente los Tratados de Libre Comercio e Inversiones'><img loading=\"lazy\" decoding=\"async\" width=\"180\" height=\"180\" src=\"https:\/\/www.herriarte.org\/repositoriweb\/wp-content\/uploads\/2018\/08\/3.-Barcelona-Barcelona-a-la-Alianza-Europea-de-1-180x180.jpg\" class=\"wp-image-9427 avia-img-lazy-loading-9427 attachment-square size-square wp-post-image\" alt=\"\" srcset=\"https:\/\/www.herriarte.org\/repositoriweb\/wp-content\/uploads\/2018\/08\/3.-Barcelona-Barcelona-a-la-Alianza-Europea-de-1-180x180.jpg 180w, https:\/\/www.herriarte.org\/repositoriweb\/wp-content\/uploads\/2018\/08\/3.-Barcelona-Barcelona-a-la-Alianza-Europea-de-1-80x80.jpg 80w, https:\/\/www.herriarte.org\/repositoriweb\/wp-content\/uploads\/2018\/08\/3.-Barcelona-Barcelona-a-la-Alianza-Europea-de-1-36x36.jpg 36w, https:\/\/www.herriarte.org\/repositoriweb\/wp-content\/uploads\/2018\/08\/3.-Barcelona-Barcelona-a-la-Alianza-Europea-de-1-120x120.jpg 120w, https:\/\/www.herriarte.org\/repositoriweb\/wp-content\/uploads\/2018\/08\/3.-Barcelona-Barcelona-a-la-Alianza-Europea-de-1-450x450.jpg 450w, https:\/\/www.herriarte.org\/repositoriweb\/wp-content\/uploads\/2018\/08\/3.-Barcelona-Barcelona-a-la-Alianza-Europea-de-1-300x300.jpg 300w\" sizes=\"auto, (max-width: 180px) 100vw, 180px\" \/><span class=\"iconfont\" aria-hidden='true' data-av_icon='\ue836' data-av_iconfont='entypo-fontello'><\/span><\/a><\/div><div class='entry-content-wrapper clearfix standard-content'><header class=\"entry-content-header\"><div class='estado'>Terminado<\/div><div class=\"temas\"><div class=\"Multinazionalaketahitzarmenak term-156\">Multinazionalak eta hitzarmenak<\/div><div class=\"clearfix\"><\/div><\/div><div class=\"clearfix\"><\/div><\/span><h2 class='post-title entry-title '  itemprop=\"headline\" >\t<a href='https:\/\/www.herriarte.org\/repositoriweb\/pr_educativos\/barcelona-a-la-alianza-europea-de-municipios-y-regiones-frente-los-tratados-de-libre-comercio-e-inversiones\/' rel='bookmark' title='Permanent Link: Barcelona a la Alianza Europea de Municipios y Regiones frente los Tratados de Libre Comercio e Inversiones'>Barcelona a la Alianza Europea de Municipios y Regiones frente los Tratados de Libre Comercio e Inversiones\t\t\t<span class='post-format-icon minor-meta'><\/span>\t<\/a><\/h2><\/header><div class=\"entry-content\"  itemprop=\"text\" ><p>El proyecto pretende promover desde la sociedad civil de Barcelona el liderazgo y el ejercicio de la responsabilidad global de la ciudad al movimiento\u2026<\/p>\n<div class=\"read-more-link\"><a href=\"https:\/\/www.herriarte.org\/repositoriweb\/pr_educativos\/barcelona-a-la-alianza-europea-de-municipios-y-regiones-frente-los-tratados-de-libre-comercio-e-inversiones\/\" class=\"more-link\">Jarraitu irakurtzen<span class=\"more-link-arrow\">  &rarr;<\/span><\/a><\/div>\n<\/div><footer class=\"entry-footer\"><\/footer><div class='post_delimiter'><\/div><\/div><div class='post_author_timeline'><\/div><\/article><article class='post-entry post-entry-type-standard post-entry-5783 post-loop-15 post-parity-odd single-small post proyecto proyecto-educativo section_load_ajax proyecto-terminado with-slider post-5783 pr_educativos type-pr_educativos status-publish has-post-thumbnail hentry category-dd-hh-defendatzaileentzako-babesa category-gaiak'  itemscope=\"itemscope\" itemtype=\"https:\/\/schema.org\/CreativeWork\" ><div class='blog-meta'><a href='https:\/\/www.herriarte.org\/repositoriweb\/pr_educativos\/defender-a-quienes-defienden-los-derechos-humanos\/' class='small-preview' title='Defender a quienes defienden los Derechos Humanos'><img loading=\"lazy\" decoding=\"async\" width=\"180\" height=\"180\" src=\"https:\/\/www.herriarte.org\/repositoriweb\/wp-content\/uploads\/2018\/07\/Defender-a-quienes-defenden-180x180.jpg\" class=\"wp-image-9418 avia-img-lazy-loading-9418 attachment-square size-square wp-post-image\" alt=\"\" srcset=\"https:\/\/www.herriarte.org\/repositoriweb\/wp-content\/uploads\/2018\/07\/Defender-a-quienes-defenden-180x180.jpg 180w, https:\/\/www.herriarte.org\/repositoriweb\/wp-content\/uploads\/2018\/07\/Defender-a-quienes-defenden-80x80.jpg 80w, https:\/\/www.herriarte.org\/repositoriweb\/wp-content\/uploads\/2018\/07\/Defender-a-quienes-defenden-36x36.jpg 36w, https:\/\/www.herriarte.org\/repositoriweb\/wp-content\/uploads\/2018\/07\/Defender-a-quienes-defenden-120x120.jpg 120w, https:\/\/www.herriarte.org\/repositoriweb\/wp-content\/uploads\/2018\/07\/Defender-a-quienes-defenden-450x450.jpg 450w, https:\/\/www.herriarte.org\/repositoriweb\/wp-content\/uploads\/2018\/07\/Defender-a-quienes-defenden-300x300.jpg 300w\" sizes=\"auto, (max-width: 180px) 100vw, 180px\" \/><span class=\"iconfont\" aria-hidden='true' data-av_icon='\ue836' data-av_iconfont='entypo-fontello'><\/span><\/a><\/div><div class='entry-content-wrapper clearfix standard-content'><header class=\"entry-content-header\"><div class='estado'>Terminado<\/div><div class=\"temas\"><div class=\"DDHHdefendatzaileentzakobabesa term-158\">DD.HH. defendatzaileentzako babesa<\/div><div class=\"clearfix\"><\/div><\/div><div class=\"clearfix\"><\/div><\/span><h2 class='post-title entry-title '  itemprop=\"headline\" >\t<a href='https:\/\/www.herriarte.org\/repositoriweb\/pr_educativos\/defender-a-quienes-defienden-los-derechos-humanos\/' rel='bookmark' title='Permanent Link: Defender a quienes defienden los Derechos Humanos'>Defender a quienes defienden los Derechos Humanos\t\t\t<span class='post-format-icon minor-meta'><\/span>\t<\/a><\/h2><\/header><div class=\"entry-content\"  itemprop=\"text\" ><p>Dar a conocer el papel protagonista de las mujeres en la defensa de los Derechos de la Naturaleza y los Derechos humanos, especialmente a la alimentaci\u00f3n\u2026<\/p>\n<div class=\"read-more-link\"><a href=\"https:\/\/www.herriarte.org\/repositoriweb\/pr_educativos\/defender-a-quienes-defienden-los-derechos-humanos\/\" class=\"more-link\">Jarraitu irakurtzen<span class=\"more-link-arrow\">  &rarr;<\/span><\/a><\/div>\n<\/div><footer class=\"entry-footer\"><\/footer><div class='post_delimiter'><\/div><\/div><div class='post_author_timeline'><\/div><\/article><article class='post-entry post-entry-type-standard post-entry-13396 post-loop-16 post-parity-even post-entry-last single-small post proyecto proyecto-educativo section_load_ajax proyecto-terminado with-slider post-13396 pr_educativos type-pr_educativos status-publish has-post-thumbnail hentry category-dd-hh-defendatzaileentzako-babesa category-feminismoak category-gaiak category-lurraldearen-defentsa category-proiektuak'  itemscope=\"itemscope\" itemtype=\"https:\/\/schema.org\/CreativeWork\" ><div class='blog-meta'><a href='https:\/\/www.herriarte.org\/repositoriweb\/pr_educativos\/pero-no-sabian-que-eramos-semillas-defender-a-quienes-defienden\/' class='small-preview' title='\u201c\u2026 pero no sab\u00edan que \u00e9ramos semillas\u201d Defender a quienes defienden'><img loading=\"lazy\" decoding=\"async\" width=\"180\" height=\"180\" src=\"https:\/\/www.herriarte.org\/repositoriweb\/wp-content\/uploads\/2018\/11\/Valladolid-cartel-semillas-2017-180x180.jpg\" class=\"wp-image-13392 avia-img-lazy-loading-13392 attachment-square size-square wp-post-image\" alt=\"\" srcset=\"https:\/\/www.herriarte.org\/repositoriweb\/wp-content\/uploads\/2018\/11\/Valladolid-cartel-semillas-2017-180x180.jpg 180w, https:\/\/www.herriarte.org\/repositoriweb\/wp-content\/uploads\/2018\/11\/Valladolid-cartel-semillas-2017-80x80.jpg 80w, https:\/\/www.herriarte.org\/repositoriweb\/wp-content\/uploads\/2018\/11\/Valladolid-cartel-semillas-2017-300x300.jpg 300w, https:\/\/www.herriarte.org\/repositoriweb\/wp-content\/uploads\/2018\/11\/Valladolid-cartel-semillas-2017-36x36.jpg 36w, https:\/\/www.herriarte.org\/repositoriweb\/wp-content\/uploads\/2018\/11\/Valladolid-cartel-semillas-2017-705x705.jpg 705w, https:\/\/www.herriarte.org\/repositoriweb\/wp-content\/uploads\/2018\/11\/Valladolid-cartel-semillas-2017-120x120.jpg 120w, https:\/\/www.herriarte.org\/repositoriweb\/wp-content\/uploads\/2018\/11\/Valladolid-cartel-semillas-2017-450x450.jpg 450w, https:\/\/www.herriarte.org\/repositoriweb\/wp-content\/uploads\/2018\/11\/Valladolid-cartel-semillas-2017.jpg 708w\" sizes=\"auto, (max-width: 180px) 100vw, 180px\" \/><span class=\"iconfont\" aria-hidden='true' data-av_icon='\ue836' data-av_iconfont='entypo-fontello'><\/span><\/a><\/div><div class='entry-content-wrapper clearfix standard-content'><header class=\"entry-content-header\"><div class='estado'>Terminado<\/div><div class=\"temas\"><div class=\"DDHHdefendatzaileentzakobabesa term-158\">DD.HH. defendatzaileentzako babesa<\/div><div class=\"Feminismoak term-153\">Feminismoak<\/div><div class=\"Lurraldearendefentsa term-149\">Lurraldearen defentsa<\/div><div class=\"clearfix\"><\/div><\/div><div class=\"clearfix\"><\/div><\/span><h2 class='post-title entry-title '  itemprop=\"headline\" >\t<a href='https:\/\/www.herriarte.org\/repositoriweb\/pr_educativos\/pero-no-sabian-que-eramos-semillas-defender-a-quienes-defienden\/' rel='bookmark' title='Permanent Link: \u201c\u2026 pero no sab\u00edan que \u00e9ramos semillas\u201d Defender a quienes defienden'>\u201c\u2026 pero no sab\u00edan que \u00e9ramos semillas\u201d Defender a quienes defienden\t\t\t<span class='post-format-icon minor-meta'><\/span>\t<\/a><\/h2><\/header><div class=\"entry-content\"  itemprop=\"text\" ><p>Proyecto que trata de conocer en profundidad y difundir la persecuci\u00f3n que est\u00e1n sufriendo las personas que luchan por \u00a0los Derechos Humanos, atendiendo\u2026<\/p>\n<div class=\"read-more-link\"><a href=\"https:\/\/www.herriarte.org\/repositoriweb\/pr_educativos\/pero-no-sabian-que-eramos-semillas-defender-a-quienes-defienden\/\" class=\"more-link\">Jarraitu irakurtzen<span class=\"more-link-arrow\">  &rarr;<\/span><\/a><\/div>\n<\/div><footer class=\"entry-footer\"><\/footer><div class='post_delimiter'><\/div><\/div><div class='post_author_timeline'><\/div><\/article><\/div><\/p><\/div>\n","protected":false},"excerpt":{"rendered":"","protected":false},"author":9,"featured_media":0,"parent":0,"menu_order":0,"comment_status":"closed","ping_status":"closed","template":"","meta":{"_acf_changed":false,"_price":"","_stock":"","_tribe_ticket_header":"","_tribe_default_ticket_provider":"","_tribe_ticket_capacity":"0","_ticket_start_date":"","_ticket_end_date":"","_tribe_ticket_show_description":"","_tribe_ticket_show_not_going":false,"_tribe_ticket_use_global_stock":"","_tribe_ticket_global_stock_level":"","_global_stock_mode":"","_global_stock_cap":"","_tribe_rsvp_for_event":"","_tribe_ticket_going_count":"","_tribe_ticket_not_going_count":"","_tribe_tickets_list":"[]","_tribe_ticket_has_attendee_info_fields":false,"footnotes":"","_tec_slr_enabled":"","_tec_slr_layout":""},"class_list":["post-6117","page","type-page","status-publish","hentry"],"acf":[],"yoast_head":"<!-- This site is optimized with the Yoast SEO plugin v25.0 - https:\/\/yoast.com\/wordpress\/plugins\/seo\/ -->\n<title>HEZKUNTZA EMANTZIPATZAILE PROIEKTUAK - Entrepueblos<\/title>\n<meta name=\"robots\" content=\"index, follow, max-snippet:-1, max-image-preview:large, max-video-preview:-1\" \/>\n<link rel=\"canonical\" href=\"https:\/\/www.herriarte.org\/repositoriweb\/hezkuntza-emantzipatzaile-proiektuak\/\" \/>\n<meta property=\"og:locale\" content=\"eu_ES\" \/>\n<meta property=\"og:type\" content=\"article\" \/>\n<meta property=\"og:title\" content=\"HEZKUNTZA EMANTZIPATZAILE PROIEKTUAK - Entrepueblos\" \/>\n<meta property=\"og:url\" content=\"https:\/\/www.herriarte.org\/repositoriweb\/hezkuntza-emantzipatzaile-proiektuak\/\" \/>\n<meta property=\"og:site_name\" content=\"Entrepueblos\" \/>\n<meta property=\"article:modified_time\" content=\"2018-08-16T16:51:08+00:00\" \/>\n<meta name=\"twitter:card\" content=\"summary_large_image\" \/>\n<meta name=\"twitter:label1\" content=\"Est. reading time\" \/>\n\t<meta name=\"twitter:data1\" content=\"4 minutes\" \/>\n<script type=\"application\/ld+json\" class=\"yoast-schema-graph\">{\"@context\":\"https:\/\/schema.org\",\"@graph\":[{\"@type\":\"WebPage\",\"@id\":\"https:\/\/www.herriarte.org\/repositoriweb\/hezkuntza-emantzipatzaile-proiektuak\/\",\"url\":\"https:\/\/www.herriarte.org\/repositoriweb\/hezkuntza-emantzipatzaile-proiektuak\/\",\"name\":\"HEZKUNTZA EMANTZIPATZAILE PROIEKTUAK - Entrepueblos\",\"isPartOf\":{\"@id\":\"https:\/\/www.entrepueblos.org\/repositoriweb\/#website\"},\"datePublished\":\"2018-05-08T16:24:56+00:00\",\"dateModified\":\"2018-08-16T16:51:08+00:00\",\"breadcrumb\":{\"@id\":\"https:\/\/www.herriarte.org\/repositoriweb\/hezkuntza-emantzipatzaile-proiektuak\/#breadcrumb\"},\"inLanguage\":\"eu-ES\",\"potentialAction\":[{\"@type\":\"ReadAction\",\"target\":[\"https:\/\/www.herriarte.org\/repositoriweb\/hezkuntza-emantzipatzaile-proiektuak\/\"]}]},{\"@type\":\"BreadcrumbList\",\"@id\":\"https:\/\/www.herriarte.org\/repositoriweb\/hezkuntza-emantzipatzaile-proiektuak\/#breadcrumb\",\"itemListElement\":[{\"@type\":\"ListItem\",\"position\":1,\"name\":\"Portada\",\"item\":\"https:\/\/www.herriarte.org\/repositoriweb\/\"},{\"@type\":\"ListItem\",\"position\":2,\"name\":\"HEZKUNTZA EMANTZIPATZAILE PROIEKTUAK\"}]},{\"@type\":\"WebSite\",\"@id\":\"https:\/\/www.entrepueblos.org\/repositoriweb\/#website\",\"url\":\"https:\/\/www.entrepueblos.org\/repositoriweb\/\",\"name\":\"Entrepueblos\",\"description\":\"Cooperaci\u00f3n pueblo a pueblo\",\"potentialAction\":[{\"@type\":\"SearchAction\",\"target\":{\"@type\":\"EntryPoint\",\"urlTemplate\":\"https:\/\/www.entrepueblos.org\/repositoriweb\/?s={search_term_string}\"},\"query-input\":{\"@type\":\"PropertyValueSpecification\",\"valueRequired\":true,\"valueName\":\"search_term_string\"}}],\"inLanguage\":\"eu-ES\"}]}<\/script>\n<!-- \/ Yoast SEO plugin. -->","yoast_head_json":{"title":"HEZKUNTZA EMANTZIPATZAILE PROIEKTUAK - Entrepueblos","robots":{"index":"index","follow":"follow","max-snippet":"max-snippet:-1","max-image-preview":"max-image-preview:large","max-video-preview":"max-video-preview:-1"},"canonical":"https:\/\/www.herriarte.org\/repositoriweb\/hezkuntza-emantzipatzaile-proiektuak\/","og_locale":"eu_ES","og_type":"article","og_title":"HEZKUNTZA EMANTZIPATZAILE PROIEKTUAK - Entrepueblos","og_url":"https:\/\/www.herriarte.org\/repositoriweb\/hezkuntza-emantzipatzaile-proiektuak\/","og_site_name":"Entrepueblos","article_modified_time":"2018-08-16T16:51:08+00:00","twitter_card":"summary_large_image","twitter_misc":{"Est. reading time":"4 minutes"},"schema":{"@context":"https:\/\/schema.org","@graph":[{"@type":"WebPage","@id":"https:\/\/www.herriarte.org\/repositoriweb\/hezkuntza-emantzipatzaile-proiektuak\/","url":"https:\/\/www.herriarte.org\/repositoriweb\/hezkuntza-emantzipatzaile-proiektuak\/","name":"HEZKUNTZA EMANTZIPATZAILE PROIEKTUAK - Entrepueblos","isPartOf":{"@id":"https:\/\/www.entrepueblos.org\/repositoriweb\/#website"},"datePublished":"2018-05-08T16:24:56+00:00","dateModified":"2018-08-16T16:51:08+00:00","breadcrumb":{"@id":"https:\/\/www.herriarte.org\/repositoriweb\/hezkuntza-emantzipatzaile-proiektuak\/#breadcrumb"},"inLanguage":"eu-ES","potentialAction":[{"@type":"ReadAction","target":["https:\/\/www.herriarte.org\/repositoriweb\/hezkuntza-emantzipatzaile-proiektuak\/"]}]},{"@type":"BreadcrumbList","@id":"https:\/\/www.herriarte.org\/repositoriweb\/hezkuntza-emantzipatzaile-proiektuak\/#breadcrumb","itemListElement":[{"@type":"ListItem","position":1,"name":"Portada","item":"https:\/\/www.herriarte.org\/repositoriweb\/"},{"@type":"ListItem","position":2,"name":"HEZKUNTZA EMANTZIPATZAILE PROIEKTUAK"}]},{"@type":"WebSite","@id":"https:\/\/www.entrepueblos.org\/repositoriweb\/#website","url":"https:\/\/www.entrepueblos.org\/repositoriweb\/","name":"Entrepueblos","description":"Cooperaci\u00f3n pueblo a pueblo","potentialAction":[{"@type":"SearchAction","target":{"@type":"EntryPoint","urlTemplate":"https:\/\/www.entrepueblos.org\/repositoriweb\/?s={search_term_string}"},"query-input":{"@type":"PropertyValueSpecification","valueRequired":true,"valueName":"search_term_string"}}],"inLanguage":"eu-ES"}]}},"ticketed":false,"_links":{"self":[{"href":"https:\/\/www.herriarte.org\/repositoriweb\/wp-json\/wp\/v2\/pages\/6117","targetHints":{"allow":["GET"]}}],"collection":[{"href":"https:\/\/www.herriarte.org\/repositoriweb\/wp-json\/wp\/v2\/pages"}],"about":[{"href":"https:\/\/www.herriarte.org\/repositoriweb\/wp-json\/wp\/v2\/types\/page"}],"author":[{"embeddable":true,"href":"https:\/\/www.herriarte.org\/repositoriweb\/wp-json\/wp\/v2\/users\/9"}],"replies":[{"embeddable":true,"href":"https:\/\/www.herriarte.org\/repositoriweb\/wp-json\/wp\/v2\/comments?post=6117"}],"version-history":[{"count":2,"href":"https:\/\/www.herriarte.org\/repositoriweb\/wp-json\/wp\/v2\/pages\/6117\/revisions"}],"predecessor-version":[{"id":7064,"href":"https:\/\/www.herriarte.org\/repositoriweb\/wp-json\/wp\/v2\/pages\/6117\/revisions\/7064"}],"wp:attachment":[{"href":"https:\/\/www.herriarte.org\/repositoriweb\/wp-json\/wp\/v2\/media?parent=6117"}],"curies":[{"name":"wp","href":"https:\/\/api.w.org\/{rel}","templated":true}]}}