{"id":6145,"date":"2018-04-04T10:40:00","date_gmt":"2018-04-04T10:40:00","guid":{"rendered":"https:\/\/entrepueblos.org\/organizaciones-territoriales\/"},"modified":"2024-11-12T14:58:04","modified_gmt":"2024-11-12T14:58:04","slug":"non-gaude","status":"publish","type":"page","link":"https:\/\/www.herriarte.org\/repositoriweb\/non-gaude\/","title":{"rendered":"NON GAUDE"},"content":{"rendered":"<div id='av_section_1'  class='avia-section main_color avia-section-default avia-no-border-styling  avia-full-stretch av-parallax-section av-section-color-overlay-active avia-bg-style-parallax  avia-builder-el-0  el_before_av_section  avia-builder-el-first  header-section  av-small-hide av-mini-hide av-minimum-height av-minimum-height-50  container_wrap sidebar_right' style=' '  data-section-bg-repeat='stretch' data-av_minimum_height_pc='50'><div class='av-parallax' data-avia-parallax-ratio='0.3' ><div class='av-parallax-inner main_color  avia-full-stretch' style = 'background-repeat: no-repeat; background-image: url(https:\/\/www.herriarte.org\/repositoriweb\/wp-content\/uploads\/2018\/05\/IMG_1085.jpg);background-attachment: scroll; background-position: center center; ' ><\/div><\/div><div class='av-section-color-overlay-wrap'><div class='av-section-color-overlay' style='opacity: 0.7; background-color: #3f3f3f; '><\/div><div class='container' ><main  role=\"main\" itemprop=\"mainContentOfPage\"  class='template-page content  av-content-small alpha units'><div class='post-entry post-entry-type-page post-entry-6145'><div class='entry-content-wrapper clearfix'>\n<div class=\"flex_column av_one_full  flex_column_div av-zero-column-padding first  avia-builder-el-1  avia-builder-el-no-sibling  title-ot \" style='border-radius:0px; '><section class=\"av_textblock_section \"  itemscope=\"itemscope\" itemtype=\"https:\/\/schema.org\/CreativeWork\" ><div class='avia_textblock ot-title av_inherit_color '  style='color:#ffffff; '  itemprop=\"text\" ><h2 style=\"text-align: center;\">La participaci\u00f3n de Entrepueblos se canaliza a trav\u00e9s de nuestras ORGANIZACIONES TERRITORIALES en sus actividades locales y asambleas peri\u00f3dicas.<\/h2>\n<\/div><\/section><\/div>\n\n<\/div><\/div><\/main><!-- close content main element --><\/div><\/div><\/div><div id='av_section_2'  class='avia-section main_color avia-section-default avia-no-border-styling  avia-full-stretch av-parallax-section av-section-color-overlay-active avia-bg-style-parallax  avia-builder-el-3  el_after_av_section  el_before_av_one_full  header-section-mobile  av-desktop-hide av-medium-hide av-minimum-height av-minimum-height-75  container_wrap sidebar_right' style=' '  data-section-bg-repeat='stretch' data-av_minimum_height_pc='75'><div class='av-parallax' data-avia-parallax-ratio='0.3' ><div class='av-parallax-inner main_color  avia-full-stretch' style = 'background-repeat: no-repeat; background-image: url(https:\/\/www.herriarte.org\/repositoriweb\/wp-content\/uploads\/2018\/05\/IMG_1085.jpg);background-attachment: scroll; background-position: center center; ' ><\/div><\/div><div class='av-section-color-overlay-wrap'><div class='av-section-color-overlay' style='opacity: 0.7; background-color: #3f3f3f; '><\/div><div class='container' ><div class='template-page content  av-content-small alpha units'><div class='post-entry post-entry-type-page post-entry-6145'><div class='entry-content-wrapper clearfix'>\n<div class=\"flex_column av_one_full  flex_column_div av-zero-column-padding first  avia-builder-el-4  avia-builder-el-no-sibling  title-ot-mobile \" style='border-radius:0px; '><section class=\"av_textblock_section \"  itemscope=\"itemscope\" itemtype=\"https:\/\/schema.org\/CreativeWork\" ><div class='avia_textblock text-title-mobile av_inherit_color '  style='color:#ffffff; '  itemprop=\"text\" ><h2 style=\"text-align: center;\">La participaci\u00f3n de Entrepueblos se canaliza a trav\u00e9s de nuestras ORGANIZACIONES TERRITORIALES<\/h2>\n<\/div><\/section><\/div>\n<\/div><\/div><\/div><!-- close content main div --><\/div><\/div><\/div><div id='after_section_2'  class='main_color av_default_container_wrap container_wrap sidebar_right' style=' '  ><div class='container' ><div class='template-page content  av-content-small alpha units'><div class='post-entry post-entry-type-page post-entry-6145'><div class='entry-content-wrapper clearfix'>\n<div class=\"flex_column av_one_full  flex_column_div av-zero-column-padding first  avia-builder-el-6  el_after_av_section  el_before_av_one_full  avia-builder-el-first  orgt-mapa \" style='border-radius:0px; '><section class=\"av_textblock_section \"  itemscope=\"itemscope\" itemtype=\"https:\/\/schema.org\/CreativeWork\" ><div class='avia_textblock ot-mapa '   itemprop=\"text\" ><div id=\"mapplic1\"><\/div>\n<\/div><\/section><\/div><div class=\"flex_column av_one_full  flex_column_div av-zero-column-padding first  avia-builder-el-8  el_after_av_one_full  avia-builder-el-last  ot-mobile-container column-top-margin\" style='margin-top:0px; margin-bottom:50px; border-radius:0px; '><div   class=\"togglecontainer    avia-builder-el-9  avia-builder-el-no-sibling  ot-mobile\" >\n<section class=\"av_toggle_section\"  itemscope=\"itemscope\" itemtype=\"https:\/\/schema.org\/CreativeWork\"  >    <div role=\"tablist\" class=\"single_toggle\" data-tags=\"{All} \"  >        <p data-fake-id=\"#toggle-id-1\" class=\"toggler \"  itemprop=\"headline\"    role=\"tab\" tabindex=\"0\" aria-controls=\"toggle-id-1\">ANDALUC\u00cdA<span class=\"toggle_icon\" >        <span class=\"vert_icon\"><\/span><span class=\"hor_icon\"><\/span><\/span><\/p>        <div id=\"toggle-id-1\" class=\"toggle_wrap \"   >            <div class=\"toggle_content invers-color \"  itemprop=\"text\"   ><p style=\"text-align: justify;\">Nos reunimos 1 vez al mes, y espor\u00e1dicamente cuando las circunstancias lo requieren, en diferentes espacios p\u00fablicos: centros c\u00edvicos y otros<\/p>\n<p style=\"text-align: justify;\">Estamos en contacto con Entrepueblos de Granada. Tem\u00e1ticas y plataformas con las que trabajamos: Feminismos, Caravana abriendo fronteras, Somos Migrantes, no al TTIP, No a la Guerra. Plataforma Andaluza Libre de Transg\u00e9nero.<\/p>\n<p><a href=\"https:\/\/www.facebook.com\/entrepueblos.sevilla\/\"><img loading=\"lazy\" decoding=\"async\" class=\"alignnone size-full wp-image-89\" src=\"https:\/\/entrepueblos.org\/wp-content\/uploads\/2018\/04\/facebook.png\" alt=\"\" width=\"25\" height=\"25\" \/><\/a>\u00a0<a href=\"mailto:ep.andalucia@entrepueblos.org\"><img loading=\"lazy\" decoding=\"async\" class=\"alignnone size-full wp-image-89\" src=\"https:\/\/entrepueblos.org\/wp-content\/uploads\/2018\/04\/mail.png\" alt=\"\" width=\"25\" height=\"25\" srcset=\"https:\/\/www.herriarte.org\/repositoriweb\/wp-content\/uploads\/2018\/04\/mail.png 80w, https:\/\/www.herriarte.org\/repositoriweb\/wp-content\/uploads\/2018\/04\/mail-36x36.png 36w\" sizes=\"auto, (max-width: 25px) 100vw, 25px\" \/><\/a><\/p>\n            <\/div>        <\/div>    <\/div><\/section>\n<section class=\"av_toggle_section\"  itemscope=\"itemscope\" itemtype=\"https:\/\/schema.org\/CreativeWork\"  >    <div role=\"tablist\" class=\"single_toggle\" data-tags=\"{All} \"  >        <p data-fake-id=\"#toggle-id-2\" class=\"toggler \"  itemprop=\"headline\"    role=\"tab\" tabindex=\"0\" aria-controls=\"toggle-id-2\">ASTURIAS<span class=\"toggle_icon\" >        <span class=\"vert_icon\"><\/span><span class=\"hor_icon\"><\/span><\/span><\/p>        <div id=\"toggle-id-2\" class=\"toggle_wrap \"   >            <div class=\"toggle_content invers-color \"  itemprop=\"text\"   ><p><a href=\"mailto:ep.asturies@entrepueblos.org\"><img loading=\"lazy\" decoding=\"async\" class=\"alignnone size-full wp-image-89\" src=\"https:\/\/entrepueblos.org\/wp-content\/uploads\/2018\/04\/mail.png\" alt=\"\" width=\"25\" height=\"25\" srcset=\"https:\/\/www.herriarte.org\/repositoriweb\/wp-content\/uploads\/2018\/04\/mail.png 80w, https:\/\/www.herriarte.org\/repositoriweb\/wp-content\/uploads\/2018\/04\/mail-36x36.png 36w\" sizes=\"auto, (max-width: 25px) 100vw, 25px\" \/><\/a><\/p>\n            <\/div>        <\/div>    <\/div><\/section>\n<section class=\"av_toggle_section\"  itemscope=\"itemscope\" itemtype=\"https:\/\/schema.org\/CreativeWork\"  >    <div role=\"tablist\" class=\"single_toggle\" data-tags=\"{All} \"  >        <p data-fake-id=\"#toggle-id-3\" class=\"toggler \"  itemprop=\"headline\"    role=\"tab\" tabindex=\"0\" aria-controls=\"toggle-id-3\">CASTILLA Y LE\u00d3N<span class=\"toggle_icon\" >        <span class=\"vert_icon\"><\/span><span class=\"hor_icon\"><\/span><\/span><\/p>        <div id=\"toggle-id-3\" class=\"toggle_wrap \"   >            <div class=\"toggle_content invers-color \"  itemprop=\"text\"   ><h4>Burgos<\/h4>\n<p style=\"text-align: justify;\">Entrepueblos Burgos nos reunimos cada quince d\u00edas, \u00faltimamente en la sede de Ecologistas en Acci\u00f3n. Nuestros ejes de trabajo prioritarios son: Soberan\u00edas, Justicias y Feminismos.<\/p>\n<p style=\"text-align: justify;\">Hemos llevado a cabo los dos \u00faltimos a\u00f1os proyectos de educaci\u00f3n emancipadora, sobre la defensa de quienes defienden los DDHH y bienes p\u00fablicos, realizando actividades en centros educativos y otros \u00e1mbitos en las que participan defensores\/as de D.D.H.H. de Am\u00e9rica latina y de aqu\u00ed.<\/p>\n<p style=\"text-align: justify;\">Tenemos una presencia muy activa en la Plataforma Burgos con las personas Refugiadas de la que formamos parte desde su creaci\u00f3n, colaborando en todas las campa\u00f1as que realiza.<\/p>\n<p style=\"text-align: justify;\">Trabajamos en red con la CONGD (UT de Burgos), la Red Alternativa de Grupos de Burgos.<\/p>\n<p><a href=\"mailto:entrepueblosburgos@gmail.com\"><img loading=\"lazy\" decoding=\"async\" class=\"alignnone size-full wp-image-89\" src=\"https:\/\/entrepueblos.org\/wp-content\/uploads\/2018\/04\/mail.png\" alt=\"\" width=\"25\" height=\"25\" srcset=\"https:\/\/www.herriarte.org\/repositoriweb\/wp-content\/uploads\/2018\/04\/mail.png 80w, https:\/\/www.herriarte.org\/repositoriweb\/wp-content\/uploads\/2018\/04\/mail-36x36.png 36w\" sizes=\"auto, (max-width: 25px) 100vw, 25px\" \/><\/a><\/p>\n<h4>Valladolid<\/h4>\n<p style=\"text-align: justify;\">Entrepueblos Valladolid nos reunimos todos los mi\u00e9rcoles a partir de las 19h en la plaza Ferroviarios, y nos coordinamos a trav\u00e9s del correo electr\u00f3nico y whatsapp para el trabajo diario.<\/p>\n<p style=\"text-align: justify;\">Nuestros ejes de trabajo prioritarios son: Feminismos, Soberan\u00edas y Justicias.<\/p>\n<p style=\"text-align: justify;\">Participamos en la Coordinadora de Mujeres de Valladolid, en la UT de Valladolid de la CONDCyL, en la Asociaci\u00f3n Fiare Castilla y Le\u00f3n, en el Grupo de Trabajo &#8220;Rural DEAR Agenda&#8221;, en la Plataforma No al TTIP, y coordinamos actividades con colectivos sociales y ecologistas de nuestro entorno.<\/p>\n<p><a href=\"https:\/\/entrepueblosvalladolid.wordpress.com\"><img loading=\"lazy\" decoding=\"async\" class=\"alignnone size-full wp-image-89\" src=\"https:\/\/entrepueblos.org\/wp-content\/uploads\/2018\/05\/wordpress.png\" alt=\"\" width=\"25\" height=\"25\" \/><\/a> <a href=\"https:\/\/twitter.com\/EntrepueblosV\"><img loading=\"lazy\" decoding=\"async\" class=\"alignnone size-full wp-image-91\" src=\"https:\/\/entrepueblos.org\/wp-content\/uploads\/2018\/04\/twitter.png\" alt=\"\" width=\"25\" height=\"25\" \/><\/a> <a href=\"https:\/\/www.facebook.com\/entrepueblosencastillayleon\"><img loading=\"lazy\" decoding=\"async\" class=\"alignnone size-full wp-image-89\" src=\"https:\/\/entrepueblos.org\/wp-content\/uploads\/2018\/04\/facebook.png\" alt=\"\" width=\"25\" height=\"25\" \/><\/a> <a href=\"mailto:ep.valladolid@entrepueblos.org\"><img loading=\"lazy\" decoding=\"async\" class=\"alignnone size-full wp-image-89\" src=\"https:\/\/entrepueblos.org\/wp-content\/uploads\/2018\/04\/mail.png\" alt=\"\" width=\"25\" height=\"25\" srcset=\"https:\/\/www.herriarte.org\/repositoriweb\/wp-content\/uploads\/2018\/04\/mail.png 80w, https:\/\/www.herriarte.org\/repositoriweb\/wp-content\/uploads\/2018\/04\/mail-36x36.png 36w\" sizes=\"auto, (max-width: 25px) 100vw, 25px\" \/><\/a><\/p>\n<h4>Zamora<\/h4>\n<p><a href=\"mailto:ep.zamora@entrepobles.org\"><img loading=\"lazy\" decoding=\"async\" class=\"alignnone size-full wp-image-89\" src=\"https:\/\/entrepueblos.org\/wp-content\/uploads\/2018\/04\/mail.png\" alt=\"\" width=\"25\" height=\"25\" srcset=\"https:\/\/www.herriarte.org\/repositoriweb\/wp-content\/uploads\/2018\/04\/mail.png 80w, https:\/\/www.herriarte.org\/repositoriweb\/wp-content\/uploads\/2018\/04\/mail-36x36.png 36w\" sizes=\"auto, (max-width: 25px) 100vw, 25px\" \/><\/a><\/p>\n            <\/div>        <\/div>    <\/div><\/section>\n<section class=\"av_toggle_section\"  itemscope=\"itemscope\" itemtype=\"https:\/\/schema.org\/CreativeWork\"  >    <div role=\"tablist\" class=\"single_toggle\" data-tags=\"{All} \"  >        <p data-fake-id=\"#toggle-id-4\" class=\"toggler \"  itemprop=\"headline\"    role=\"tab\" tabindex=\"0\" aria-controls=\"toggle-id-4\">CASTILLA LA MANCHA<span class=\"toggle_icon\" >        <span class=\"vert_icon\"><\/span><span class=\"hor_icon\"><\/span><\/span><\/p>        <div id=\"toggle-id-4\" class=\"toggle_wrap \"   >            <div class=\"toggle_content invers-color \"  itemprop=\"text\"   ><p><a href=\"mailto:ep.castillalamancha@entrepueblos.org\"><img loading=\"lazy\" decoding=\"async\" class=\"alignnone size-full wp-image-89\" src=\"https:\/\/entrepueblos.org\/wp-content\/uploads\/2018\/04\/mail.png\" alt=\"\" width=\"25\" height=\"25\" srcset=\"https:\/\/www.herriarte.org\/repositoriweb\/wp-content\/uploads\/2018\/04\/mail.png 80w, https:\/\/www.herriarte.org\/repositoriweb\/wp-content\/uploads\/2018\/04\/mail-36x36.png 36w\" sizes=\"auto, (max-width: 25px) 100vw, 25px\" \/><\/a><\/p>\n            <\/div>        <\/div>    <\/div><\/section>\n<section class=\"av_toggle_section\"  itemscope=\"itemscope\" itemtype=\"https:\/\/schema.org\/CreativeWork\"  >    <div role=\"tablist\" class=\"single_toggle\" data-tags=\"{All} \"  >        <p data-fake-id=\"#toggle-id-5\" class=\"toggler \"  itemprop=\"headline\"    role=\"tab\" tabindex=\"0\" aria-controls=\"toggle-id-5\">CATALUNYA<span class=\"toggle_icon\" >        <span class=\"vert_icon\"><\/span><span class=\"hor_icon\"><\/span><\/span><\/p>        <div id=\"toggle-id-5\" class=\"toggle_wrap \"   >            <div class=\"toggle_content invers-color \"  itemprop=\"text\"   ><h4>Barcelona<\/h4>\n<p style=\"text-align: justify;\">Entrepobles Barcelona Estem a diferents plataformes com Novembre Feminista, la Campanya pel dret a l\u2019Avortament, la campanya contra els Tractats de Comer\u00e7 i Inversi\u00f3, la Plataforma Berta Vive, la Plataforma de Solidaritat amb Guatemala, l\u2019Alian\u00e7a per la Sobirania Aliment\u00e0ria, Grup dEmpreses i DD.HH., Xarxa d\u2019Economia Social, etc. A la seu d\u00b4Entrepobles Av. Meridiana 30-32, entl. 2\u00ba B<\/p>\n<p><a href=\"mailto:penedes@entrepobles.org\"><img loading=\"lazy\" decoding=\"async\" class=\"alignnone size-full wp-image-89\" src=\"https:\/\/entrepueblos.org\/wp-content\/uploads\/2018\/04\/mail.png\" alt=\"\" width=\"25\" height=\"25\" srcset=\"https:\/\/www.herriarte.org\/repositoriweb\/wp-content\/uploads\/2018\/04\/mail.png 80w, https:\/\/www.herriarte.org\/repositoriweb\/wp-content\/uploads\/2018\/04\/mail-36x36.png 36w\" sizes=\"auto, (max-width: 25px) 100vw, 25px\" \/><\/a><\/p>\n<h4>Camp de Tarragona<\/h4>\n<p style=\"text-align: justify;\">Entrepobles Tarragona Fem una reuni\u00f3 setmanal, normalment els dijous, actualment a les 19&#8217;30, a la seu del sindicat d&#8217;ensenyament USTEC del carrer Sant Francesc n\u00ba 14, pis 2n 2a. Ens mantenim en contacte per correu electr\u00f2nic, tel\u00e8fon i WhatsApp. Els temes prioritaris en els que treballem s\u00f3n: feminisme, sobirania, just\u00edcia i formaci\u00f3. Participem a la coordinadora d&#8217;ONG, STOPMAREMORTUM, F\u00f2rum de Tarragona per la mem\u00f2ria hist\u00f2rica, consells municipals de cooperaci\u00f3 de Tarragona i Reus, campanyes no a l&#8217;TTIP.<\/p>\n<p><a href=\"https:\/\/www.facebook.com\/entrepoblestgn\/\"><img loading=\"lazy\" decoding=\"async\" class=\"alignnone size-full wp-image-89\" src=\"https:\/\/entrepueblos.org\/wp-content\/uploads\/2018\/04\/facebook.png\" alt=\"\" width=\"25\" height=\"25\" \/><\/a>\u00a0<a href=\"https:\/\/twitter.com\/EntrePobles_Tgn\"><img loading=\"lazy\" decoding=\"async\" class=\"alignnone size-full wp-image-91\" src=\"https:\/\/entrepueblos.org\/wp-content\/uploads\/2018\/04\/twitter.png\" alt=\"\" width=\"25\" height=\"25\" \/><\/a>\u00a0<a href=\"mailto:penedes@entrepobles.org\"><img loading=\"lazy\" decoding=\"async\" class=\"alignnone size-full wp-image-89\" src=\"https:\/\/entrepueblos.org\/wp-content\/uploads\/2018\/04\/mail.png\" alt=\"\" width=\"25\" height=\"25\" srcset=\"https:\/\/www.herriarte.org\/repositoriweb\/wp-content\/uploads\/2018\/04\/mail.png 80w, https:\/\/www.herriarte.org\/repositoriweb\/wp-content\/uploads\/2018\/04\/mail-36x36.png 36w\" sizes=\"auto, (max-width: 25px) 100vw, 25px\" \/><\/a><\/p>\n<h4>Pened\u00e8s<\/h4>\n<p style=\"text-align: left;\">Entrepobles Pened\u00e8s ens reunim cada primer dissabte de mes a l\u2019Escorxador de Vilafranca (centre d&#8217;entitats). Els nostres eixos de treball prioritaris s\u00f3n: Sobiranies i Just\u00edcies.<\/p>\n<p><a href=\"http:\/\/entrepoblespenedes.wordpress.com\"><img loading=\"lazy\" decoding=\"async\" class=\"alignnone size-full wp-image-89\" src=\"https:\/\/entrepueblos.org\/wp-content\/uploads\/2018\/05\/wordpress.png\" alt=\"\" width=\"25\" height=\"25\" \/><\/a>\u00a0<a href=\"mailto:penedes@entrepobles.org\"><img loading=\"lazy\" decoding=\"async\" class=\"alignnone size-full wp-image-89\" src=\"https:\/\/entrepueblos.org\/wp-content\/uploads\/2018\/04\/mail.png\" alt=\"\" width=\"25\" height=\"25\" srcset=\"https:\/\/www.herriarte.org\/repositoriweb\/wp-content\/uploads\/2018\/04\/mail.png 80w, https:\/\/www.herriarte.org\/repositoriweb\/wp-content\/uploads\/2018\/04\/mail-36x36.png 36w\" sizes=\"auto, (max-width: 25px) 100vw, 25px\" \/><\/a><\/p>\n<h4>Pallars<\/h4>\n<p><a href=\"mailto:msole110@xtec.cat\"><img loading=\"lazy\" decoding=\"async\" class=\"alignnone size-full wp-image-89\" src=\"https:\/\/entrepueblos.org\/wp-content\/uploads\/2018\/04\/mail.png\" alt=\"\" width=\"25\" height=\"25\" srcset=\"https:\/\/www.herriarte.org\/repositoriweb\/wp-content\/uploads\/2018\/04\/mail.png 80w, https:\/\/www.herriarte.org\/repositoriweb\/wp-content\/uploads\/2018\/04\/mail-36x36.png 36w\" sizes=\"auto, (max-width: 25px) 100vw, 25px\" \/><\/a><\/p>\n            <\/div>        <\/div>    <\/div><\/section>\n<section class=\"av_toggle_section\"  itemscope=\"itemscope\" itemtype=\"https:\/\/schema.org\/CreativeWork\"  >    <div role=\"tablist\" class=\"single_toggle\" data-tags=\"{All} \"  >        <p data-fake-id=\"#toggle-id-6\" class=\"toggler \"  itemprop=\"headline\"    role=\"tab\" tabindex=\"0\" aria-controls=\"toggle-id-6\">EUSKAL HERRIA<span class=\"toggle_icon\" >        <span class=\"vert_icon\"><\/span><span class=\"hor_icon\"><\/span><\/span><\/p>        <div id=\"toggle-id-6\" class=\"toggle_wrap \"   >            <div class=\"toggle_content invers-color \"  itemprop=\"text\"   ><p style=\"text-align: left;\">En Herriarte los temas prioritarios que trabajamos son Defensa del territorio, Justicias y derechos<br \/>\nParticipamos en la plataforma de apoyo refugio.<\/p>\n<p><a href=\"https:\/\/herriarte.wordpress.com\/\"><img loading=\"lazy\" decoding=\"async\" class=\"alignnone size-full wp-image-89\" src=\"https:\/\/entrepueblos.org\/wp-content\/uploads\/2018\/05\/wordpress.png\" alt=\"\" width=\"25\" height=\"25\" \/><\/a>\u00a0<a href=\"mailto:herriarte@gmail.com\"><img loading=\"lazy\" decoding=\"async\" class=\"alignnone size-full wp-image-89\" src=\"https:\/\/entrepueblos.org\/wp-content\/uploads\/2018\/04\/mail.png\" alt=\"\" width=\"25\" height=\"25\" srcset=\"https:\/\/www.herriarte.org\/repositoriweb\/wp-content\/uploads\/2018\/04\/mail.png 80w, https:\/\/www.herriarte.org\/repositoriweb\/wp-content\/uploads\/2018\/04\/mail-36x36.png 36w\" sizes=\"auto, (max-width: 25px) 100vw, 25px\" \/><\/a><\/p>\n            <\/div>        <\/div>    <\/div><\/section>\n<section class=\"av_toggle_section\"  itemscope=\"itemscope\" itemtype=\"https:\/\/schema.org\/CreativeWork\"  >    <div role=\"tablist\" class=\"single_toggle\" data-tags=\"{All} \"  >        <p data-fake-id=\"#toggle-id-7\" class=\"toggler \"  itemprop=\"headline\"    role=\"tab\" tabindex=\"0\" aria-controls=\"toggle-id-7\">ILLES BALEARS<span class=\"toggle_icon\" >        <span class=\"vert_icon\"><\/span><span class=\"hor_icon\"><\/span><\/span><\/p>        <div id=\"toggle-id-7\" class=\"toggle_wrap \"   >            <div class=\"toggle_content invers-color \"  itemprop=\"text\"   ><h4>Mallorca<\/h4>\n<p style=\"text-align: justify;\">Entrepobles Mallorca ens mantenim en contacte per mail o whatsapp per al treball diari i ens reunim quan \u00e9s necessari per tractar temes concrets compartint un dinar o sopar.<br \/>\nEls nostres eixos prioritaris s\u00f3n: Sobiranies, Defensa del territori i Just\u00edcies.<br \/>\nParticipem en l&#8217;Assemblea de Moviments Socials de Mallorca-FSMa, Plataforma contra els Tractats de Comer\u00e7 i Inversi\u00f3, Mercat Social de les Illes Balears, Coordinadora d&#8217;ONGD de les Illes Balears i en la Xarxa per la Sobirania Energ\u00e8tica de Mallorca.<br \/>\nTamb\u00e9 col\u2022laborem i donem suport a campanyes concretes per la defensa del territori i pels drets socials i humans del nostre entorn.<\/p>\n<p><a href=\"https:\/\/www.facebook.com\/EntrePobles-Mallorca-684751931634597\/\"><img loading=\"lazy\" decoding=\"async\" class=\"alignnone size-full wp-image-89\" src=\"https:\/\/entrepueblos.org\/wp-content\/uploads\/2018\/04\/facebook.png\" alt=\"\" width=\"25\" height=\"25\" \/><\/a>\u00a0<a href=\"mailto:mallorca@entrepobles.org\"><img loading=\"lazy\" decoding=\"async\" class=\"alignnone size-full wp-image-89\" src=\"https:\/\/entrepueblos.org\/wp-content\/uploads\/2018\/04\/mail.png\" alt=\"\" width=\"25\" height=\"25\" srcset=\"https:\/\/www.herriarte.org\/repositoriweb\/wp-content\/uploads\/2018\/04\/mail.png 80w, https:\/\/www.herriarte.org\/repositoriweb\/wp-content\/uploads\/2018\/04\/mail-36x36.png 36w\" sizes=\"auto, (max-width: 25px) 100vw, 25px\" \/><\/a><\/p>\n<h4>Menorca<\/h4>\n<p style=\"text-align: justify;\">Entrepobles Menorca Participem en el Fons Menorqu\u00ed de Solidaritat i Cooperaci\u00f3 i a No al TTIP Menorca.<\/p>\n<p><a href=\"mailto:info@entrepueblos.org\"><img loading=\"lazy\" decoding=\"async\" class=\"alignnone size-full wp-image-89\" src=\"https:\/\/entrepueblos.org\/wp-content\/uploads\/2018\/04\/mail.png\" alt=\"\" width=\"25\" height=\"25\" srcset=\"https:\/\/www.herriarte.org\/repositoriweb\/wp-content\/uploads\/2018\/04\/mail.png 80w, https:\/\/www.herriarte.org\/repositoriweb\/wp-content\/uploads\/2018\/04\/mail-36x36.png 36w\" sizes=\"auto, (max-width: 25px) 100vw, 25px\" \/><\/a><\/p>\n            <\/div>        <\/div>    <\/div><\/section>\n<section class=\"av_toggle_section\"  itemscope=\"itemscope\" itemtype=\"https:\/\/schema.org\/CreativeWork\"  >    <div role=\"tablist\" class=\"single_toggle\" data-tags=\"{All} \"  >        <p data-fake-id=\"#toggle-id-8\" class=\"toggler \"  itemprop=\"headline\"    role=\"tab\" tabindex=\"0\" aria-controls=\"toggle-id-8\">MADRID<span class=\"toggle_icon\" >        <span class=\"vert_icon\"><\/span><span class=\"hor_icon\"><\/span><\/span><\/p>        <div id=\"toggle-id-8\" class=\"toggle_wrap \"   >            <div class=\"toggle_content invers-color \"  itemprop=\"text\"   ><p style=\"text-align: justify;\">Entrepueblos Madrid nos reunimos una vez cada mes en la Oficina de Entrepueblos, Calle Diego de Le\u00f3n, 17, Centro de Participaci\u00f3n Ciudadana, San Sebasti\u00e1n de los Reyes, (Espacio proporcionado por el Ayuntamiento).<\/p>\n<p style=\"text-align: justify;\">Nos comunicamos a trav\u00e9s de correo electr\u00f3nico, tel\u00e9fono y whatsapp.<\/p>\n<p style=\"text-align: justify;\">Nuestros ejes de trabajo prioritarios son: Feminismos, violencias machistas, DDHH y soberan\u00edas.Participamos en la Red de Defensoras y Defensores de Derechos Humanos, Red Queremos Acoger Ya, Campa\u00f1a No al TTIP, Movimiento Feminista, Plataforma 7N contra las Violencias Machistas, Foro de Madrid contra la Violencia de G\u00e9nero, Consejo de Mujeres y Foro de DDHH del Ayuntamiento de Madrid, entre otros espacios de participaci\u00f3n ciudadana e incidencia pol\u00edtica, incluidos los de San Sebasti\u00e1n de los Reyes y Alcobendas.<\/p>\n<p><a href=\"https:\/\/www.facebook.com\/EntrepueblosMadrid\"><img loading=\"lazy\" decoding=\"async\" class=\"alignnone size-full wp-image-89\" src=\"https:\/\/entrepueblos.org\/wp-content\/uploads\/2018\/04\/facebook.png\" alt=\"\" width=\"25\" height=\"25\" \/><\/a>\u00a0<a href=\"mailto:ep.madrid@entrepobles.org\"><img loading=\"lazy\" decoding=\"async\" class=\"alignnone size-full wp-image-89\" src=\"https:\/\/entrepueblos.org\/wp-content\/uploads\/2018\/04\/mail.png\" alt=\"\" width=\"25\" height=\"25\" srcset=\"https:\/\/www.herriarte.org\/repositoriweb\/wp-content\/uploads\/2018\/04\/mail.png 80w, https:\/\/www.herriarte.org\/repositoriweb\/wp-content\/uploads\/2018\/04\/mail-36x36.png 36w\" sizes=\"auto, (max-width: 25px) 100vw, 25px\" \/><\/a><\/p>\n            <\/div>        <\/div>    <\/div><\/section>\n<section class=\"av_toggle_section\"  itemscope=\"itemscope\" itemtype=\"https:\/\/schema.org\/CreativeWork\"  >    <div role=\"tablist\" class=\"single_toggle\" data-tags=\"{All} \"  >        <p data-fake-id=\"#toggle-id-9\" class=\"toggler \"  itemprop=\"headline\"    role=\"tab\" tabindex=\"0\" aria-controls=\"toggle-id-9\">MURCIA<span class=\"toggle_icon\" >        <span class=\"vert_icon\"><\/span><span class=\"hor_icon\"><\/span><\/span><\/p>        <div id=\"toggle-id-9\" class=\"toggle_wrap \"   >            <div class=\"toggle_content invers-color \"  itemprop=\"text\"   ><p style=\"text-align: justify;\">La organizaci\u00f3n territorial de Murcia se re\u00fane con una periodicidad aproximadamente mensual, dependiendo de las actividades que se est\u00e9n organizando. Participan regularmente entre 6-7 personas activas en la OT, con cierta rotaci\u00f3n entre ellas. Hay coordinaci\u00f3n permanente a trav\u00e9s de correo electr\u00f3nico.<\/p>\n<p style=\"text-align: justify;\">EP-Murcia es miembro de la Coordinadora Regional de ONGD, con la que colaboramos en algunas actividades que se organizan conjuntamente (por ejemplo: apoyo a refugiados e inmigrantes), tambi\u00e9n participamos en la denuncia contra el CIE, en este caso con la plataforma \u201cConvivir Sin Racismo\u201d. EP-Murcia, a trav\u00e9s del COSAL (Comit\u00e9 de Solidaridad con Am\u00e9rica Latina), sigue participando en la Coordinadora de Solidaridad con Guatemala y en la Coordinadora de Solidaridad con Cuba. Participamos en la campa\u00f1a contra el TTIP.<\/p>\n<p><a href=\"mailto:info@entrepueblos.org\"><img loading=\"lazy\" decoding=\"async\" class=\"alignnone size-full wp-image-89\" src=\"https:\/\/entrepueblos.org\/wp-content\/uploads\/2018\/04\/mail.png\" alt=\"\" width=\"25\" height=\"25\" srcset=\"https:\/\/www.herriarte.org\/repositoriweb\/wp-content\/uploads\/2018\/04\/mail.png 80w, https:\/\/www.herriarte.org\/repositoriweb\/wp-content\/uploads\/2018\/04\/mail-36x36.png 36w\" sizes=\"auto, (max-width: 25px) 100vw, 25px\" \/><\/a><\/p>\n            <\/div>        <\/div>    <\/div><\/section>\n<section class=\"av_toggle_section\"  itemscope=\"itemscope\" itemtype=\"https:\/\/schema.org\/CreativeWork\"  >    <div role=\"tablist\" class=\"single_toggle\" data-tags=\"{All} \"  >        <p data-fake-id=\"#toggle-id-10\" class=\"toggler \"  itemprop=\"headline\"    role=\"tab\" tabindex=\"0\" aria-controls=\"toggle-id-10\">PA\u00cdS VALENCI\u00c0<span class=\"toggle_icon\" >        <span class=\"vert_icon\"><\/span><span class=\"hor_icon\"><\/span><\/span><\/p>        <div id=\"toggle-id-10\" class=\"toggle_wrap \"   >            <div class=\"toggle_content invers-color \"  itemprop=\"text\"   ><h4>Alacant<\/h4>\n<p style=\"text-align: justify;\">Entrepobles Alacant ens reunim quinzenal o mensualment, a Sant Vicent del Raspeig o Alacant, i ens coordinem a trav\u00e9s del correu electr\u00f2nic per al treball diari. Els nostres eixos de treball prioritaris s\u00f3n: Feminismes, Sobiranies i Just\u00edcies. Estem en diferents plataformes com: Plataforma contra la Pobresa, l&#8217;exclusi\u00f3 i la desigualtat social, la Plataforma contra el TTIP, i la Plataforma per la Sobirania Aliment\u00e0ria del PV.<\/p>\n<p><a href=\"https:\/\/www.facebook.com\/EntrepoblesPaisValencia\"><img loading=\"lazy\" decoding=\"async\" class=\"alignnone size-full wp-image-89\" src=\"https:\/\/entrepueblos.org\/wp-content\/uploads\/2018\/04\/facebook.png\" alt=\"\" width=\"25\" height=\"25\" \/><\/a>\u00a0<a href=\"mailto:alacant@entrepobles.org\"><img loading=\"lazy\" decoding=\"async\" class=\"alignnone size-full wp-image-89\" src=\"https:\/\/entrepueblos.org\/wp-content\/uploads\/2018\/04\/mail.png\" alt=\"\" width=\"25\" height=\"25\" srcset=\"https:\/\/www.herriarte.org\/repositoriweb\/wp-content\/uploads\/2018\/04\/mail.png 80w, https:\/\/www.herriarte.org\/repositoriweb\/wp-content\/uploads\/2018\/04\/mail-36x36.png 36w\" sizes=\"auto, (max-width: 25px) 100vw, 25px\" \/><\/a><\/p>\n<h4>Val\u00e8ncia<\/h4>\n<p style=\"text-align: justify;\">Entrepobles Val\u00e8ncia ens coordinem a trav\u00e9s del correu electr\u00f2nic i el wasap. Els nostres eixos de treball prioritaris s\u00f3n Just\u00edcies (Migraci\u00f3 i Mem\u00f2ria hist\u00f2rica), Sobiranies (Defensa del territori) i Feminismes. Participem en les seg\u00fcents plataformes: Campanya CIEs No Val\u00e8ncia, Coordinadora Valenciana d&#8217;ONGD, Federaci\u00f3 de Moviments de Renovaci\u00f3 Pedag\u00f2gica del Pa\u00eds Valenci\u00e0 -Escola d&#8217;Estiu, No al TTIP Val\u00e8ncia, Plataforma feminista 7N contra les viol\u00e8ncies masclistes, Val\u00e8ncia Laica.<\/p>\n<p><a href=\"https:\/\/www.facebook.com\/EntrepoblesPaisValencia\"><img loading=\"lazy\" decoding=\"async\" class=\"alignnone size-full wp-image-89\" src=\"https:\/\/entrepueblos.org\/wp-content\/uploads\/2018\/04\/facebook.png\" alt=\"\" width=\"25\" height=\"25\" \/><\/a>\u00a0<a href=\"mailto:paisvalencia@entrepobles.org\"><img loading=\"lazy\" decoding=\"async\" class=\"alignnone size-full wp-image-89\" src=\"https:\/\/entrepueblos.org\/wp-content\/uploads\/2018\/04\/mail.png\" alt=\"\" width=\"25\" height=\"25\" srcset=\"https:\/\/www.herriarte.org\/repositoriweb\/wp-content\/uploads\/2018\/04\/mail.png 80w, https:\/\/www.herriarte.org\/repositoriweb\/wp-content\/uploads\/2018\/04\/mail-36x36.png 36w\" sizes=\"auto, (max-width: 25px) 100vw, 25px\" \/><\/a><\/p>\n<h4>Elx<\/h4>\n<p style=\"text-align: justify;\">Entrepobles Elx \u00e9s un col\u00b7lectiu coordinat amb altres organitzacions afins, juntes treballem per a proposar projectes de cooperaci\u00f3 i mesures de desenvolupament, tant per a la nostra ciutat com en altres territoris. Estem coordinades mitjan\u00e7ant correu electr\u00f2nic, grups de Telegram i Whatsapp. Ens trobem en el local juntament amb la Cooperativa La Camperola, en c\/Lepanto 7, on arriben els nostres butlletins, revistes i tota la informaci\u00f3 relacionada amb: economia alternativa i solid\u00e0ria, feminismes, sobirania aliment\u00e0ria i solidaritat internacionalista.<\/p>\n<p>966 28 06 62 &#8211; 644 88 18 15<\/p>\n<p><a href=\"https:\/\/www.facebook.com\/EntrepoblesPaisValencia\" target=\"_blank\" rel=\"noopener noreferrer\"><img loading=\"lazy\" decoding=\"async\" class=\"alignnone size-full wp-image-89\" src=\"https:\/\/entrepueblos.org\/wp-content\/uploads\/2018\/04\/facebook.png\" alt=\"\" width=\"25\" height=\"25\" \/><\/a><\/p>\n            <\/div>        <\/div>    <\/div><\/section>\n<\/div><\/div><\/p>\n","protected":false},"excerpt":{"rendered":"","protected":false},"author":9,"featured_media":0,"parent":0,"menu_order":0,"comment_status":"closed","ping_status":"closed","template":"","meta":{"_acf_changed":false,"_price":"","_stock":"","_tribe_ticket_header":"","_tribe_default_ticket_provider":"","_tribe_ticket_capacity":"0","_ticket_start_date":"","_ticket_end_date":"","_tribe_ticket_show_description":"","_tribe_ticket_show_not_going":false,"_tribe_ticket_use_global_stock":"","_tribe_ticket_global_stock_level":"","_global_stock_mode":"","_global_stock_cap":"","_tribe_rsvp_for_event":"","_tribe_ticket_going_count":"","_tribe_ticket_not_going_count":"","_tribe_tickets_list":"[]","_tribe_ticket_has_attendee_info_fields":false,"footnotes":"","_tec_slr_enabled":"","_tec_slr_layout":""},"class_list":["post-6145","page","type-page","status-publish","hentry"],"acf":[],"yoast_head":"<!-- This site is optimized with the Yoast SEO plugin v25.0 - https:\/\/yoast.com\/wordpress\/plugins\/seo\/ -->\n<title>NON GAUDE - Entrepueblos<\/title>\n<meta name=\"robots\" content=\"index, follow, max-snippet:-1, max-image-preview:large, max-video-preview:-1\" \/>\n<link rel=\"canonical\" href=\"https:\/\/www.herriarte.org\/repositoriweb\/non-gaude\/\" \/>\n<meta property=\"og:locale\" content=\"eu_ES\" \/>\n<meta property=\"og:type\" content=\"article\" \/>\n<meta property=\"og:title\" content=\"NON GAUDE - Entrepueblos\" \/>\n<meta property=\"og:url\" content=\"https:\/\/www.herriarte.org\/repositoriweb\/non-gaude\/\" \/>\n<meta property=\"og:site_name\" content=\"Entrepueblos\" \/>\n<meta property=\"article:modified_time\" content=\"2024-11-12T14:58:04+00:00\" \/>\n<meta property=\"og:image\" content=\"https:\/\/entrepueblos.org\/wp-content\/uploads\/2018\/04\/facebook.png\" \/>\n<meta name=\"twitter:card\" content=\"summary_large_image\" \/>\n<meta name=\"twitter:label1\" content=\"Est. reading time\" \/>\n\t<meta name=\"twitter:data1\" content=\"10 minutes\" \/>\n<script type=\"application\/ld+json\" class=\"yoast-schema-graph\">{\"@context\":\"https:\/\/schema.org\",\"@graph\":[{\"@type\":\"WebPage\",\"@id\":\"https:\/\/www.herriarte.org\/repositoriweb\/non-gaude\/\",\"url\":\"https:\/\/www.herriarte.org\/repositoriweb\/non-gaude\/\",\"name\":\"NON GAUDE - Entrepueblos\",\"isPartOf\":{\"@id\":\"https:\/\/www.entrepueblos.org\/repositoriweb\/#website\"},\"primaryImageOfPage\":{\"@id\":\"https:\/\/www.herriarte.org\/repositoriweb\/non-gaude\/#primaryimage\"},\"image\":{\"@id\":\"https:\/\/www.herriarte.org\/repositoriweb\/non-gaude\/#primaryimage\"},\"thumbnailUrl\":\"https:\/\/entrepueblos.org\/wp-content\/uploads\/2018\/04\/facebook.png\",\"datePublished\":\"2018-04-04T10:40:00+00:00\",\"dateModified\":\"2024-11-12T14:58:04+00:00\",\"breadcrumb\":{\"@id\":\"https:\/\/www.herriarte.org\/repositoriweb\/non-gaude\/#breadcrumb\"},\"inLanguage\":\"eu-ES\",\"potentialAction\":[{\"@type\":\"ReadAction\",\"target\":[\"https:\/\/www.herriarte.org\/repositoriweb\/non-gaude\/\"]}]},{\"@type\":\"ImageObject\",\"inLanguage\":\"eu-ES\",\"@id\":\"https:\/\/www.herriarte.org\/repositoriweb\/non-gaude\/#primaryimage\",\"url\":\"https:\/\/entrepueblos.org\/wp-content\/uploads\/2018\/04\/facebook.png\",\"contentUrl\":\"https:\/\/entrepueblos.org\/wp-content\/uploads\/2018\/04\/facebook.png\"},{\"@type\":\"BreadcrumbList\",\"@id\":\"https:\/\/www.herriarte.org\/repositoriweb\/non-gaude\/#breadcrumb\",\"itemListElement\":[{\"@type\":\"ListItem\",\"position\":1,\"name\":\"Portada\",\"item\":\"https:\/\/www.herriarte.org\/repositoriweb\/\"},{\"@type\":\"ListItem\",\"position\":2,\"name\":\"NON GAUDE\"}]},{\"@type\":\"WebSite\",\"@id\":\"https:\/\/www.entrepueblos.org\/repositoriweb\/#website\",\"url\":\"https:\/\/www.entrepueblos.org\/repositoriweb\/\",\"name\":\"Entrepueblos\",\"description\":\"Cooperaci\u00f3n pueblo a pueblo\",\"potentialAction\":[{\"@type\":\"SearchAction\",\"target\":{\"@type\":\"EntryPoint\",\"urlTemplate\":\"https:\/\/www.entrepueblos.org\/repositoriweb\/?s={search_term_string}\"},\"query-input\":{\"@type\":\"PropertyValueSpecification\",\"valueRequired\":true,\"valueName\":\"search_term_string\"}}],\"inLanguage\":\"eu-ES\"}]}<\/script>\n<!-- \/ Yoast SEO plugin. -->","yoast_head_json":{"title":"NON GAUDE - Entrepueblos","robots":{"index":"index","follow":"follow","max-snippet":"max-snippet:-1","max-image-preview":"max-image-preview:large","max-video-preview":"max-video-preview:-1"},"canonical":"https:\/\/www.herriarte.org\/repositoriweb\/non-gaude\/","og_locale":"eu_ES","og_type":"article","og_title":"NON GAUDE - Entrepueblos","og_url":"https:\/\/www.herriarte.org\/repositoriweb\/non-gaude\/","og_site_name":"Entrepueblos","article_modified_time":"2024-11-12T14:58:04+00:00","og_image":[{"url":"https:\/\/entrepueblos.org\/wp-content\/uploads\/2018\/04\/facebook.png","type":"","width":"","height":""}],"twitter_card":"summary_large_image","twitter_misc":{"Est. reading time":"10 minutes"},"schema":{"@context":"https:\/\/schema.org","@graph":[{"@type":"WebPage","@id":"https:\/\/www.herriarte.org\/repositoriweb\/non-gaude\/","url":"https:\/\/www.herriarte.org\/repositoriweb\/non-gaude\/","name":"NON GAUDE - Entrepueblos","isPartOf":{"@id":"https:\/\/www.entrepueblos.org\/repositoriweb\/#website"},"primaryImageOfPage":{"@id":"https:\/\/www.herriarte.org\/repositoriweb\/non-gaude\/#primaryimage"},"image":{"@id":"https:\/\/www.herriarte.org\/repositoriweb\/non-gaude\/#primaryimage"},"thumbnailUrl":"https:\/\/entrepueblos.org\/wp-content\/uploads\/2018\/04\/facebook.png","datePublished":"2018-04-04T10:40:00+00:00","dateModified":"2024-11-12T14:58:04+00:00","breadcrumb":{"@id":"https:\/\/www.herriarte.org\/repositoriweb\/non-gaude\/#breadcrumb"},"inLanguage":"eu-ES","potentialAction":[{"@type":"ReadAction","target":["https:\/\/www.herriarte.org\/repositoriweb\/non-gaude\/"]}]},{"@type":"ImageObject","inLanguage":"eu-ES","@id":"https:\/\/www.herriarte.org\/repositoriweb\/non-gaude\/#primaryimage","url":"https:\/\/entrepueblos.org\/wp-content\/uploads\/2018\/04\/facebook.png","contentUrl":"https:\/\/entrepueblos.org\/wp-content\/uploads\/2018\/04\/facebook.png"},{"@type":"BreadcrumbList","@id":"https:\/\/www.herriarte.org\/repositoriweb\/non-gaude\/#breadcrumb","itemListElement":[{"@type":"ListItem","position":1,"name":"Portada","item":"https:\/\/www.herriarte.org\/repositoriweb\/"},{"@type":"ListItem","position":2,"name":"NON GAUDE"}]},{"@type":"WebSite","@id":"https:\/\/www.entrepueblos.org\/repositoriweb\/#website","url":"https:\/\/www.entrepueblos.org\/repositoriweb\/","name":"Entrepueblos","description":"Cooperaci\u00f3n pueblo a pueblo","potentialAction":[{"@type":"SearchAction","target":{"@type":"EntryPoint","urlTemplate":"https:\/\/www.entrepueblos.org\/repositoriweb\/?s={search_term_string}"},"query-input":{"@type":"PropertyValueSpecification","valueRequired":true,"valueName":"search_term_string"}}],"inLanguage":"eu-ES"}]}},"ticketed":false,"_links":{"self":[{"href":"https:\/\/www.herriarte.org\/repositoriweb\/wp-json\/wp\/v2\/pages\/6145","targetHints":{"allow":["GET"]}}],"collection":[{"href":"https:\/\/www.herriarte.org\/repositoriweb\/wp-json\/wp\/v2\/pages"}],"about":[{"href":"https:\/\/www.herriarte.org\/repositoriweb\/wp-json\/wp\/v2\/types\/page"}],"author":[{"embeddable":true,"href":"https:\/\/www.herriarte.org\/repositoriweb\/wp-json\/wp\/v2\/users\/9"}],"replies":[{"embeddable":true,"href":"https:\/\/www.herriarte.org\/repositoriweb\/wp-json\/wp\/v2\/comments?post=6145"}],"version-history":[{"count":10,"href":"https:\/\/www.herriarte.org\/repositoriweb\/wp-json\/wp\/v2\/pages\/6145\/revisions"}],"predecessor-version":[{"id":40629,"href":"https:\/\/www.herriarte.org\/repositoriweb\/wp-json\/wp\/v2\/pages\/6145\/revisions\/40629"}],"wp:attachment":[{"href":"https:\/\/www.herriarte.org\/repositoriweb\/wp-json\/wp\/v2\/media?parent=6145"}],"curies":[{"name":"wp","href":"https:\/\/api.w.org\/{rel}","templated":true}]}}